{"id":8630,"date":"2018-08-27T12:15:29","date_gmt":"2018-08-27T10:15:29","guid":{"rendered":"https:\/\/www.temporada-alta.com\/?post_type=tribe_events&#038;p=8630"},"modified":"2018-11-24T20:00:08","modified_gmt":"2018-11-24T19:00:08","slug":"genesis-6-6-7","status":"publish","type":"tribe_events","link":"https:\/\/temporada-alta.com\/es\/espectaculo\/genesis-6-6-7\/","title":{"rendered":"G\u00e9nesis 6, 6-7"},"content":{"rendered":"<div id=\"modal-ready\"><h2>La inclasificable Ang\u00e9lica Liddell vuelve al Festival con un montaje que mezcla el mito de Medea con el Antiguo Testamento<\/h2>\n<p>Ang\u00e9lica Liddell, la creadora m\u00e1s inclasificable de la escena actual, vuelve a Temporada Alta con un espect\u00e1culo que mezcla el mito de Medea con el Antiguo Testamento, la poes\u00eda con el teatro. La tercera parte de la <em>Trilog\u00eda del Infinito.<\/em><\/p>\n<\/div>","protected":false},"excerpt":{"rendered":"<p>La inclasificable Ang\u00e9lica Liddell vuelve al Festival con un montaje que mezcla el mito de Medea con el&#8230;<\/p>\n","protected":false},"author":36118,"featured_media":8695,"template":"","meta":{"_acf_changed":false,"_tribe_events_status":"","_tribe_events_status_reason":"","footnotes":""},"tags":[],"tribe_events_cat":[36],"class_list":["post-8630","tribe_events","type-tribe_events","status-publish","has-post-thumbnail","hentry","tribe_events_cat-36","cat_2018"],"acf":{"photo_gallery":{"gallery":[[{"id":8683,"title":"Genesis6,67_c_LucaDelPia (2)","caption":"","full_image_url":"https:\/\/temporada-alta.com\/wp-content\/uploads\/Genesis667_c_LucaDelPia-2.jpg","thumbnail_image_url":"https:\/\/temporada-alta.com\/wp-content\/uploads\/Genesis667_c_LucaDelPia-2-150x150.jpg","large_srcset":"https:\/\/temporada-alta.com\/wp-content\/uploads\/Genesis667_c_LucaDelPia-2.jpg 630w, https:\/\/temporada-alta.com\/wp-content\/uploads\/Genesis667_c_LucaDelPia-2-300x177.jpg 300w","medium_srcset":"https:\/\/temporada-alta.com\/wp-content\/uploads\/Genesis667_c_LucaDelPia-2-300x177.jpg 300w, https:\/\/temporada-alta.com\/wp-content\/uploads\/Genesis667_c_LucaDelPia-2.jpg 630w","media_details":{"width":630,"height":372,"sizes":{"thumbnail":{"file":"Genesis667_c_LucaDelPia-2-150x150.jpg","width":150,"height":150,"mime-type":"image\/jpeg","source_url":"https:\/\/temporada-alta.com\/wp-content\/uploads\/Genesis667_c_LucaDelPia-2-150x150.jpg"},"medium":{"file":"Genesis667_c_LucaDelPia-2-300x177.jpg","width":300,"height":177,"mime-type":"image\/jpeg","source_url":"https:\/\/temporada-alta.com\/wp-content\/uploads\/Genesis667_c_LucaDelPia-2-300x177.jpg"}}},"alt_text":"","url":"","target":""},{"id":8686,"title":"Genesis6,67_c_LucaDelPia (3)","caption":"","full_image_url":"https:\/\/temporada-alta.com\/wp-content\/uploads\/Genesis667_c_LucaDelPia-3.jpg","thumbnail_image_url":"https:\/\/temporada-alta.com\/wp-content\/uploads\/Genesis667_c_LucaDelPia-3-150x150.jpg","large_srcset":"https:\/\/temporada-alta.com\/wp-content\/uploads\/Genesis667_c_LucaDelPia-3.jpg 630w, https:\/\/temporada-alta.com\/wp-content\/uploads\/Genesis667_c_LucaDelPia-3-300x177.jpg 300w","medium_srcset":"https:\/\/temporada-alta.com\/wp-content\/uploads\/Genesis667_c_LucaDelPia-3-300x177.jpg 300w, https:\/\/temporada-alta.com\/wp-content\/uploads\/Genesis667_c_LucaDelPia-3.jpg 630w","media_details":{"width":630,"height":372,"sizes":{"thumbnail":{"file":"Genesis667_c_LucaDelPia-3-150x150.jpg","width":150,"height":150,"mime-type":"image\/jpeg","source_url":"https:\/\/temporada-alta.com\/wp-content\/uploads\/Genesis667_c_LucaDelPia-3-150x150.jpg"},"medium":{"file":"Genesis667_c_LucaDelPia-3-300x177.jpg","width":300,"height":177,"mime-type":"image\/jpeg","source_url":"https:\/\/temporada-alta.com\/wp-content\/uploads\/Genesis667_c_LucaDelPia-3-300x177.jpg"}}},"alt_text":"","url":"","target":""},{"id":8689,"title":"Genesis6,67_c_LucaDelPia (4)","caption":"","full_image_url":"https:\/\/temporada-alta.com\/wp-content\/uploads\/Genesis667_c_LucaDelPia-4.jpg","thumbnail_image_url":"https:\/\/temporada-alta.com\/wp-content\/uploads\/Genesis667_c_LucaDelPia-4-150x150.jpg","large_srcset":"https:\/\/temporada-alta.com\/wp-content\/uploads\/Genesis667_c_LucaDelPia-4.jpg 630w, https:\/\/temporada-alta.com\/wp-content\/uploads\/Genesis667_c_LucaDelPia-4-300x177.jpg 300w","medium_srcset":"https:\/\/temporada-alta.com\/wp-content\/uploads\/Genesis667_c_LucaDelPia-4-300x177.jpg 300w, https:\/\/temporada-alta.com\/wp-content\/uploads\/Genesis667_c_LucaDelPia-4.jpg 630w","media_details":{"width":630,"height":372,"sizes":{"thumbnail":{"file":"Genesis667_c_LucaDelPia-4-150x150.jpg","width":150,"height":150,"mime-type":"image\/jpeg","source_url":"https:\/\/temporada-alta.com\/wp-content\/uploads\/Genesis667_c_LucaDelPia-4-150x150.jpg"},"medium":{"file":"Genesis667_c_LucaDelPia-4-300x177.jpg","width":300,"height":177,"mime-type":"image\/jpeg","source_url":"https:\/\/temporada-alta.com\/wp-content\/uploads\/Genesis667_c_LucaDelPia-4-300x177.jpg"}}},"alt_text":"","url":"","target":""}]]}},"yoast_head":"<!-- This site is optimized with the Yoast SEO plugin v27.0 - https:\/\/yoast.com\/product\/yoast-seo-wordpress\/ -->\n<title>G\u00e9nesis 6, 6-7 - Temporada Alta<\/title>\n<meta name=\"robots\" content=\"index, follow, max-snippet:-1, max-image-preview:large, max-video-preview:-1\" \/>\n<link rel=\"canonical\" href=\"https:\/\/temporada-alta.com\/es\/espectaculo\/genesis-6-6-7\/\" \/>\n<meta property=\"og:locale\" content=\"es_ES\" \/>\n<meta property=\"og:type\" content=\"article\" \/>\n<meta property=\"og:title\" content=\"G\u00e9nesis 6, 6-7 - Temporada Alta\" \/>\n<meta property=\"og:description\" content=\"La inclasificable Ang\u00e9lica Liddell vuelve al Festival con un montaje que mezcla el mito de Medea con el...\" \/>\n<meta property=\"og:url\" content=\"https:\/\/temporada-alta.com\/es\/espectaculo\/genesis-6-6-7\/\" \/>\n<meta property=\"og:site_name\" content=\"Temporada Alta\" \/>\n<meta property=\"article:modified_time\" content=\"2018-11-24T19:00:08+00:00\" \/>\n<meta property=\"og:image\" content=\"https:\/\/temporada-alta.com\/wp-content\/uploads\/GENESIS_c_LUCA-DEL-PIA.jpg\" \/>\n\t<meta property=\"og:image:width\" content=\"1200\" \/>\n\t<meta property=\"og:image:height\" content=\"600\" \/>\n\t<meta property=\"og:image:type\" content=\"image\/jpeg\" \/>\n<meta name=\"twitter:card\" content=\"summary_large_image\" \/>\n<script type=\"application\/ld+json\" class=\"yoast-schema-graph\">{\"@context\":\"https:\/\/schema.org\",\"@graph\":[{\"@type\":\"WebPage\",\"@id\":\"https:\/\/temporada-alta.com\/es\/espectaculo\/genesis-6-6-7\/\",\"url\":\"https:\/\/temporada-alta.com\/es\/espectaculo\/genesis-6-6-7\/\",\"name\":\"G\u00e9nesis 6, 6-7 - Temporada Alta\",\"isPartOf\":{\"@id\":\"https:\/\/temporada-alta.com\/es\/#website\"},\"primaryImageOfPage\":{\"@id\":\"https:\/\/temporada-alta.com\/es\/espectaculo\/genesis-6-6-7\/#primaryimage\"},\"image\":{\"@id\":\"https:\/\/temporada-alta.com\/es\/espectaculo\/genesis-6-6-7\/#primaryimage\"},\"thumbnailUrl\":\"https:\/\/temporada-alta.com\/wp-content\/uploads\/GENESIS_c_LUCA-DEL-PIA.jpg\",\"datePublished\":\"2018-08-27T10:15:29+00:00\",\"dateModified\":\"2018-11-24T19:00:08+00:00\",\"breadcrumb\":{\"@id\":\"https:\/\/temporada-alta.com\/es\/espectaculo\/genesis-6-6-7\/#breadcrumb\"},\"inLanguage\":\"es\",\"potentialAction\":[{\"@type\":\"ReadAction\",\"target\":[\"https:\/\/temporada-alta.com\/es\/espectaculo\/genesis-6-6-7\/\"]}]},{\"@type\":\"ImageObject\",\"inLanguage\":\"es\",\"@id\":\"https:\/\/temporada-alta.com\/es\/espectaculo\/genesis-6-6-7\/#primaryimage\",\"url\":\"https:\/\/temporada-alta.com\/wp-content\/uploads\/GENESIS_c_LUCA-DEL-PIA.jpg\",\"contentUrl\":\"https:\/\/temporada-alta.com\/wp-content\/uploads\/GENESIS_c_LUCA-DEL-PIA.jpg\",\"width\":1200,\"height\":600,\"caption\":\"GENESIS 6, 6-7 di e con ANGELICA LIDDELL Compagnia Atra Bilis Teatro: Yury Ananiev, Juan Aparicio, Tania Arias Winogradow, Itziar Barriobero, Sarah Cabello Schoenmakers, Paola Cabello Schoenmakers, Lola Cord\u00f3n, Angelica Liddell, Sindo Puche, Aristides Rontini. Prodotto dalla Fondazione Campania dei Festival \u2013 Napoli Teatro Festival Italia, Iaquinandi SL in coproduzione con Teatros del Canal (Madrid), Humain trop humain \u2013 CDN Montpellier, con il sostegno di Comunidad de Madrid, produzione e il coordinamento in Italia Aldo Miguel Grompone\"},{\"@type\":\"BreadcrumbList\",\"@id\":\"https:\/\/temporada-alta.com\/es\/espectaculo\/genesis-6-6-7\/#breadcrumb\",\"itemListElement\":[{\"@type\":\"ListItem\",\"position\":1,\"name\":\"Inici\",\"item\":\"https:\/\/temporada-alta.com\/es\/\"},{\"@type\":\"ListItem\",\"position\":2,\"name\":\"Eventos\",\"item\":\"https:\/\/temporada-alta.com\/es\/events\/\"},{\"@type\":\"ListItem\",\"position\":3,\"name\":\"G\u00e9nesis 6, 6-7\"}]},{\"@type\":\"WebSite\",\"@id\":\"https:\/\/temporada-alta.com\/es\/#website\",\"url\":\"https:\/\/temporada-alta.com\/es\/\",\"name\":\"Temporada Alta\",\"description\":\"Festival d&#039;Arts Esc\u00e8niques\",\"publisher\":{\"@id\":\"https:\/\/temporada-alta.com\/es\/#organization\"},\"potentialAction\":[{\"@type\":\"SearchAction\",\"target\":{\"@type\":\"EntryPoint\",\"urlTemplate\":\"https:\/\/temporada-alta.com\/es\/?s={search_term_string}\"},\"query-input\":{\"@type\":\"PropertyValueSpecification\",\"valueRequired\":true,\"valueName\":\"search_term_string\"}}],\"inLanguage\":\"es\"},{\"@type\":\"Organization\",\"@id\":\"https:\/\/temporada-alta.com\/es\/#organization\",\"name\":\"Temporada Alta\",\"url\":\"https:\/\/temporada-alta.com\/es\/\",\"logo\":{\"@type\":\"ImageObject\",\"inLanguage\":\"es\",\"@id\":\"https:\/\/temporada-alta.com\/es\/#\/schema\/logo\/image\/\",\"url\":\"https:\/\/temporada-alta.com\/wp-content\/uploads\/TA21-Logotip-pos.png\",\"contentUrl\":\"https:\/\/temporada-alta.com\/wp-content\/uploads\/TA21-Logotip-pos.png\",\"width\":800,\"height\":267,\"caption\":\"Temporada Alta\"},\"image\":{\"@id\":\"https:\/\/temporada-alta.com\/es\/#\/schema\/logo\/image\/\"}}]}<\/script>\n<!-- \/ Yoast SEO plugin. -->","yoast_head_json":{"title":"G\u00e9nesis 6, 6-7 - Temporada Alta","robots":{"index":"index","follow":"follow","max-snippet":"max-snippet:-1","max-image-preview":"max-image-preview:large","max-video-preview":"max-video-preview:-1"},"canonical":"https:\/\/temporada-alta.com\/es\/espectaculo\/genesis-6-6-7\/","og_locale":"es_ES","og_type":"article","og_title":"G\u00e9nesis 6, 6-7 - Temporada Alta","og_description":"La inclasificable Ang\u00e9lica Liddell vuelve al Festival con un montaje que mezcla el mito de Medea con el...","og_url":"https:\/\/temporada-alta.com\/es\/espectaculo\/genesis-6-6-7\/","og_site_name":"Temporada Alta","article_modified_time":"2018-11-24T19:00:08+00:00","og_image":[{"width":1200,"height":600,"url":"https:\/\/temporada-alta.com\/wp-content\/uploads\/GENESIS_c_LUCA-DEL-PIA.jpg","type":"image\/jpeg"}],"twitter_card":"summary_large_image","schema":{"@context":"https:\/\/schema.org","@graph":[{"@type":"WebPage","@id":"https:\/\/temporada-alta.com\/es\/espectaculo\/genesis-6-6-7\/","url":"https:\/\/temporada-alta.com\/es\/espectaculo\/genesis-6-6-7\/","name":"G\u00e9nesis 6, 6-7 - Temporada Alta","isPartOf":{"@id":"https:\/\/temporada-alta.com\/es\/#website"},"primaryImageOfPage":{"@id":"https:\/\/temporada-alta.com\/es\/espectaculo\/genesis-6-6-7\/#primaryimage"},"image":{"@id":"https:\/\/temporada-alta.com\/es\/espectaculo\/genesis-6-6-7\/#primaryimage"},"thumbnailUrl":"https:\/\/temporada-alta.com\/wp-content\/uploads\/GENESIS_c_LUCA-DEL-PIA.jpg","datePublished":"2018-08-27T10:15:29+00:00","dateModified":"2018-11-24T19:00:08+00:00","breadcrumb":{"@id":"https:\/\/temporada-alta.com\/es\/espectaculo\/genesis-6-6-7\/#breadcrumb"},"inLanguage":"es","potentialAction":[{"@type":"ReadAction","target":["https:\/\/temporada-alta.com\/es\/espectaculo\/genesis-6-6-7\/"]}]},{"@type":"ImageObject","inLanguage":"es","@id":"https:\/\/temporada-alta.com\/es\/espectaculo\/genesis-6-6-7\/#primaryimage","url":"https:\/\/temporada-alta.com\/wp-content\/uploads\/GENESIS_c_LUCA-DEL-PIA.jpg","contentUrl":"https:\/\/temporada-alta.com\/wp-content\/uploads\/GENESIS_c_LUCA-DEL-PIA.jpg","width":1200,"height":600,"caption":"GENESIS 6, 6-7 di e con ANGELICA LIDDELL Compagnia Atra Bilis Teatro: Yury Ananiev, Juan Aparicio, Tania Arias Winogradow, Itziar Barriobero, Sarah Cabello Schoenmakers, Paola Cabello Schoenmakers, Lola Cord\u00f3n, Angelica Liddell, Sindo Puche, Aristides Rontini. Prodotto dalla Fondazione Campania dei Festival \u2013 Napoli Teatro Festival Italia, Iaquinandi SL in coproduzione con Teatros del Canal (Madrid), Humain trop humain \u2013 CDN Montpellier, con il sostegno di Comunidad de Madrid, produzione e il coordinamento in Italia Aldo Miguel Grompone"},{"@type":"BreadcrumbList","@id":"https:\/\/temporada-alta.com\/es\/espectaculo\/genesis-6-6-7\/#breadcrumb","itemListElement":[{"@type":"ListItem","position":1,"name":"Inici","item":"https:\/\/temporada-alta.com\/es\/"},{"@type":"ListItem","position":2,"name":"Eventos","item":"https:\/\/temporada-alta.com\/es\/events\/"},{"@type":"ListItem","position":3,"name":"G\u00e9nesis 6, 6-7"}]},{"@type":"WebSite","@id":"https:\/\/temporada-alta.com\/es\/#website","url":"https:\/\/temporada-alta.com\/es\/","name":"Temporada Alta","description":"Festival d&#039;Arts Esc\u00e8niques","publisher":{"@id":"https:\/\/temporada-alta.com\/es\/#organization"},"potentialAction":[{"@type":"SearchAction","target":{"@type":"EntryPoint","urlTemplate":"https:\/\/temporada-alta.com\/es\/?s={search_term_string}"},"query-input":{"@type":"PropertyValueSpecification","valueRequired":true,"valueName":"search_term_string"}}],"inLanguage":"es"},{"@type":"Organization","@id":"https:\/\/temporada-alta.com\/es\/#organization","name":"Temporada Alta","url":"https:\/\/temporada-alta.com\/es\/","logo":{"@type":"ImageObject","inLanguage":"es","@id":"https:\/\/temporada-alta.com\/es\/#\/schema\/logo\/image\/","url":"https:\/\/temporada-alta.com\/wp-content\/uploads\/TA21-Logotip-pos.png","contentUrl":"https:\/\/temporada-alta.com\/wp-content\/uploads\/TA21-Logotip-pos.png","width":800,"height":267,"caption":"Temporada Alta"},"image":{"@id":"https:\/\/temporada-alta.com\/es\/#\/schema\/logo\/image\/"}}]}},"_links":{"self":[{"href":"https:\/\/temporada-alta.com\/es\/wp-json\/wp\/v2\/tribe_events\/8630","targetHints":{"allow":["GET"]}}],"collection":[{"href":"https:\/\/temporada-alta.com\/es\/wp-json\/wp\/v2\/tribe_events"}],"about":[{"href":"https:\/\/temporada-alta.com\/es\/wp-json\/wp\/v2\/types\/tribe_events"}],"author":[{"embeddable":true,"href":"https:\/\/temporada-alta.com\/es\/wp-json\/wp\/v2\/users\/36118"}],"version-history":[{"count":0,"href":"https:\/\/temporada-alta.com\/es\/wp-json\/wp\/v2\/tribe_events\/8630\/revisions"}],"wp:featuredmedia":[{"embeddable":true,"href":"https:\/\/temporada-alta.com\/es\/wp-json\/wp\/v2\/media\/8695"}],"wp:attachment":[{"href":"https:\/\/temporada-alta.com\/es\/wp-json\/wp\/v2\/media?parent=8630"}],"wp:term":[{"taxonomy":"post_tag","embeddable":true,"href":"https:\/\/temporada-alta.com\/es\/wp-json\/wp\/v2\/tags?post=8630"},{"taxonomy":"tribe_events_cat","embeddable":true,"href":"https:\/\/temporada-alta.com\/es\/wp-json\/wp\/v2\/tribe_events_cat?post=8630"}],"curies":[{"name":"wp","href":"https:\/\/api.w.org\/{rel}","templated":true}]}}