{"id":40655,"date":"2019-08-02T11:45:58","date_gmt":"2019-08-02T09:45:58","guid":{"rendered":"https:\/\/temporada-alta.com\/?post_type=tribe_events&#038;p=40655"},"modified":"2019-12-03T20:35:04","modified_gmt":"2019-12-03T19:35:04","slug":"les-perseides","status":"publish","type":"tribe_events","link":"https:\/\/temporada-alta.com\/es\/espectaculo\/les-perseides\/","title":{"rendered":"Les Perseides"},"content":{"rendered":"<div id=\"modal-ready\"><h2>Memoria hist\u00f3rica e identidad en este largometraje estrenado en el BAFICI de Buenos Aires<\/h2>\n<p>La leyenda explica que un peque\u00f1o pueblo de Arag\u00f3n se construy\u00f3 en un terreno de batalla de la Guerra Civil espa\u00f1ola, sobre cuerpos de cad\u00e1veres sin desenterrar. Una adolescente llega a ese pueblo con su padre para pasar el verano m\u00e1s extra\u00f1o de su vida y, incapaz de distinguir la ficci\u00f3n de la realidad, ir\u00e1 descubriendo un lugar m\u00e1s fascinante de lo que parec\u00eda. Este pueblo har\u00e1 que se reconcilie con la familia y con la memoria hist\u00f3rica del pa\u00eds. Estrenada mundialmente en el Festival Internacional de Cine Independiente BAFICI de Buenos Aires.<\/p>\n<p>&nbsp;<\/p>\n<\/div>","protected":false},"excerpt":{"rendered":"<p>Memoria hist\u00f3rica e identidad en este largometraje estrenado en el BAFICI de Buenos Aires La leyenda explica que&#8230;<\/p>\n","protected":false},"author":36118,"featured_media":40696,"template":"","meta":{"_acf_changed":false,"_tribe_events_status":"","_tribe_events_status_reason":"","footnotes":""},"tags":[],"tribe_events_cat":[162,331,358,357,86,116],"class_list":["post-40655","tribe_events","type-tribe_events","status-publish","has-post-thumbnail","hentry","tribe_events_cat-162","tribe_events_cat-cine-es","tribe_events_cat-popular-es","tribe_events_cat-popularidad","tribe_events_cat-etiquetas-internas","tribe_events_cat-internacional","cat_2019","cat_cine-es","cat_popular-es","cat_popularidad","cat_etiquetas-internas","cat_internacional"],"acf":{"photo_gallery":{"gallery":[[{"id":40684,"title":"LesPerseides_1_c_Boogaloo Films","caption":"","full_image_url":"https:\/\/temporada-alta.com\/wp-content\/uploads\/LesPerseides_1.jpg","thumbnail_image_url":"https:\/\/temporada-alta.com\/wp-content\/uploads\/LesPerseides_1-150x150.jpg","large_srcset":"https:\/\/temporada-alta.com\/wp-content\/uploads\/LesPerseides_1.jpg 637w, https:\/\/temporada-alta.com\/wp-content\/uploads\/LesPerseides_1-300x175.jpg 300w","medium_srcset":"https:\/\/temporada-alta.com\/wp-content\/uploads\/LesPerseides_1-300x175.jpg 300w, https:\/\/temporada-alta.com\/wp-content\/uploads\/LesPerseides_1.jpg 637w","media_details":{"width":637,"height":372,"sizes":{"thumbnail":{"file":"LesPerseides_1-150x150.jpg","width":150,"height":150,"mime-type":"image\/jpeg","source_url":"https:\/\/temporada-alta.com\/wp-content\/uploads\/LesPerseides_1-150x150.jpg"},"medium":{"file":"LesPerseides_1-300x175.jpg","width":300,"height":175,"mime-type":"image\/jpeg","source_url":"https:\/\/temporada-alta.com\/wp-content\/uploads\/LesPerseides_1-300x175.jpg"},"img_home_slider":{"file":"LesPerseides_1-345x290.jpg","width":345,"height":290,"mime-type":"image\/jpeg","source_url":"https:\/\/temporada-alta.com\/wp-content\/uploads\/LesPerseides_1-345x290.jpg"}}},"alt_text":"","url":"","target":""},{"id":40687,"title":"LesPerseides_2_c_Boogaloo Films","caption":"","full_image_url":"https:\/\/temporada-alta.com\/wp-content\/uploads\/LesPerseides_2.jpg","thumbnail_image_url":"https:\/\/temporada-alta.com\/wp-content\/uploads\/LesPerseides_2-150x150.jpg","large_srcset":"https:\/\/temporada-alta.com\/wp-content\/uploads\/LesPerseides_2.jpg 637w, https:\/\/temporada-alta.com\/wp-content\/uploads\/LesPerseides_2-300x175.jpg 300w","medium_srcset":"https:\/\/temporada-alta.com\/wp-content\/uploads\/LesPerseides_2-300x175.jpg 300w, https:\/\/temporada-alta.com\/wp-content\/uploads\/LesPerseides_2.jpg 637w","media_details":{"width":637,"height":372,"sizes":{"thumbnail":{"file":"LesPerseides_2-150x150.jpg","width":150,"height":150,"mime-type":"image\/jpeg","source_url":"https:\/\/temporada-alta.com\/wp-content\/uploads\/LesPerseides_2-150x150.jpg"},"medium":{"file":"LesPerseides_2-300x175.jpg","width":300,"height":175,"mime-type":"image\/jpeg","source_url":"https:\/\/temporada-alta.com\/wp-content\/uploads\/LesPerseides_2-300x175.jpg"},"img_home_slider":{"file":"LesPerseides_2-345x290.jpg","width":345,"height":290,"mime-type":"image\/jpeg","source_url":"https:\/\/temporada-alta.com\/wp-content\/uploads\/LesPerseides_2-345x290.jpg"}}},"alt_text":"","url":"","target":""},{"id":40690,"title":"LesPerseides_3_c_Boogaloo Films","caption":"","full_image_url":"https:\/\/temporada-alta.com\/wp-content\/uploads\/LesPerseides_3.jpg","thumbnail_image_url":"https:\/\/temporada-alta.com\/wp-content\/uploads\/LesPerseides_3-150x150.jpg","large_srcset":"https:\/\/temporada-alta.com\/wp-content\/uploads\/LesPerseides_3.jpg 637w, https:\/\/temporada-alta.com\/wp-content\/uploads\/LesPerseides_3-300x175.jpg 300w","medium_srcset":"https:\/\/temporada-alta.com\/wp-content\/uploads\/LesPerseides_3-300x175.jpg 300w, https:\/\/temporada-alta.com\/wp-content\/uploads\/LesPerseides_3.jpg 637w","media_details":{"width":637,"height":372,"sizes":{"thumbnail":{"file":"LesPerseides_3-150x150.jpg","width":150,"height":150,"mime-type":"image\/jpeg","source_url":"https:\/\/temporada-alta.com\/wp-content\/uploads\/LesPerseides_3-150x150.jpg"},"medium":{"file":"LesPerseides_3-300x175.jpg","width":300,"height":175,"mime-type":"image\/jpeg","source_url":"https:\/\/temporada-alta.com\/wp-content\/uploads\/LesPerseides_3-300x175.jpg"},"img_home_slider":{"file":"LesPerseides_3-345x290.jpg","width":345,"height":290,"mime-type":"image\/jpeg","source_url":"https:\/\/temporada-alta.com\/wp-content\/uploads\/LesPerseides_3-345x290.jpg"}}},"alt_text":"","url":"","target":""}]]}},"yoast_head":"<!-- This site is optimized with the Yoast SEO plugin v27.0 - https:\/\/yoast.com\/product\/yoast-seo-wordpress\/ -->\n<title>Les Perseides - Temporada Alta<\/title>\n<meta name=\"robots\" content=\"index, follow, max-snippet:-1, max-image-preview:large, max-video-preview:-1\" \/>\n<link rel=\"canonical\" href=\"https:\/\/temporada-alta.com\/es\/espectaculo\/les-perseides\/\" \/>\n<meta property=\"og:locale\" content=\"es_ES\" \/>\n<meta property=\"og:type\" content=\"article\" \/>\n<meta property=\"og:title\" content=\"Les Perseides - Temporada Alta\" \/>\n<meta property=\"og:description\" content=\"Memoria hist\u00f3rica e identidad en este largometraje estrenado en el BAFICI de Buenos Aires La leyenda explica que...\" \/>\n<meta property=\"og:url\" content=\"https:\/\/temporada-alta.com\/es\/espectaculo\/les-perseides\/\" \/>\n<meta property=\"og:site_name\" content=\"Temporada Alta\" \/>\n<meta property=\"article:modified_time\" content=\"2019-12-03T19:35:04+00:00\" \/>\n<meta property=\"og:image\" content=\"https:\/\/temporada-alta.com\/wp-content\/uploads\/LesPerseides_destacada.jpg\" \/>\n\t<meta property=\"og:image:width\" content=\"1200\" \/>\n\t<meta property=\"og:image:height\" content=\"600\" \/>\n\t<meta property=\"og:image:type\" content=\"image\/jpeg\" \/>\n<meta name=\"twitter:card\" content=\"summary_large_image\" \/>\n<script type=\"application\/ld+json\" class=\"yoast-schema-graph\">{\"@context\":\"https:\/\/schema.org\",\"@graph\":[{\"@type\":\"WebPage\",\"@id\":\"https:\/\/temporada-alta.com\/es\/espectaculo\/les-perseides\/\",\"url\":\"https:\/\/temporada-alta.com\/es\/espectaculo\/les-perseides\/\",\"name\":\"Les Perseides - Temporada Alta\",\"isPartOf\":{\"@id\":\"https:\/\/temporada-alta.com\/es\/#website\"},\"primaryImageOfPage\":{\"@id\":\"https:\/\/temporada-alta.com\/es\/espectaculo\/les-perseides\/#primaryimage\"},\"image\":{\"@id\":\"https:\/\/temporada-alta.com\/es\/espectaculo\/les-perseides\/#primaryimage\"},\"thumbnailUrl\":\"https:\/\/temporada-alta.com\/wp-content\/uploads\/LesPerseides_destacada.jpg\",\"datePublished\":\"2019-08-02T09:45:58+00:00\",\"dateModified\":\"2019-12-03T19:35:04+00:00\",\"breadcrumb\":{\"@id\":\"https:\/\/temporada-alta.com\/es\/espectaculo\/les-perseides\/#breadcrumb\"},\"inLanguage\":\"es\",\"potentialAction\":[{\"@type\":\"ReadAction\",\"target\":[\"https:\/\/temporada-alta.com\/es\/espectaculo\/les-perseides\/\"]}]},{\"@type\":\"ImageObject\",\"inLanguage\":\"es\",\"@id\":\"https:\/\/temporada-alta.com\/es\/espectaculo\/les-perseides\/#primaryimage\",\"url\":\"https:\/\/temporada-alta.com\/wp-content\/uploads\/LesPerseides_destacada.jpg\",\"contentUrl\":\"https:\/\/temporada-alta.com\/wp-content\/uploads\/LesPerseides_destacada.jpg\",\"width\":1200,\"height\":600},{\"@type\":\"BreadcrumbList\",\"@id\":\"https:\/\/temporada-alta.com\/es\/espectaculo\/les-perseides\/#breadcrumb\",\"itemListElement\":[{\"@type\":\"ListItem\",\"position\":1,\"name\":\"Inici\",\"item\":\"https:\/\/temporada-alta.com\/es\/\"},{\"@type\":\"ListItem\",\"position\":2,\"name\":\"Eventos\",\"item\":\"https:\/\/temporada-alta.com\/es\/events\/\"},{\"@type\":\"ListItem\",\"position\":3,\"name\":\"Les Perseides\"}]},{\"@type\":\"WebSite\",\"@id\":\"https:\/\/temporada-alta.com\/es\/#website\",\"url\":\"https:\/\/temporada-alta.com\/es\/\",\"name\":\"Temporada Alta\",\"description\":\"Festival d&#039;Arts Esc\u00e8niques\",\"publisher\":{\"@id\":\"https:\/\/temporada-alta.com\/es\/#organization\"},\"potentialAction\":[{\"@type\":\"SearchAction\",\"target\":{\"@type\":\"EntryPoint\",\"urlTemplate\":\"https:\/\/temporada-alta.com\/es\/?s={search_term_string}\"},\"query-input\":{\"@type\":\"PropertyValueSpecification\",\"valueRequired\":true,\"valueName\":\"search_term_string\"}}],\"inLanguage\":\"es\"},{\"@type\":\"Organization\",\"@id\":\"https:\/\/temporada-alta.com\/es\/#organization\",\"name\":\"Temporada Alta\",\"url\":\"https:\/\/temporada-alta.com\/es\/\",\"logo\":{\"@type\":\"ImageObject\",\"inLanguage\":\"es\",\"@id\":\"https:\/\/temporada-alta.com\/es\/#\/schema\/logo\/image\/\",\"url\":\"https:\/\/temporada-alta.com\/wp-content\/uploads\/TA21-Logotip-pos.png\",\"contentUrl\":\"https:\/\/temporada-alta.com\/wp-content\/uploads\/TA21-Logotip-pos.png\",\"width\":800,\"height\":267,\"caption\":\"Temporada Alta\"},\"image\":{\"@id\":\"https:\/\/temporada-alta.com\/es\/#\/schema\/logo\/image\/\"}}]}<\/script>\n<!-- \/ Yoast SEO plugin. -->","yoast_head_json":{"title":"Les Perseides - Temporada Alta","robots":{"index":"index","follow":"follow","max-snippet":"max-snippet:-1","max-image-preview":"max-image-preview:large","max-video-preview":"max-video-preview:-1"},"canonical":"https:\/\/temporada-alta.com\/es\/espectaculo\/les-perseides\/","og_locale":"es_ES","og_type":"article","og_title":"Les Perseides - Temporada Alta","og_description":"Memoria hist\u00f3rica e identidad en este largometraje estrenado en el BAFICI de Buenos Aires La leyenda explica que...","og_url":"https:\/\/temporada-alta.com\/es\/espectaculo\/les-perseides\/","og_site_name":"Temporada Alta","article_modified_time":"2019-12-03T19:35:04+00:00","og_image":[{"width":1200,"height":600,"url":"https:\/\/temporada-alta.com\/wp-content\/uploads\/LesPerseides_destacada.jpg","type":"image\/jpeg"}],"twitter_card":"summary_large_image","schema":{"@context":"https:\/\/schema.org","@graph":[{"@type":"WebPage","@id":"https:\/\/temporada-alta.com\/es\/espectaculo\/les-perseides\/","url":"https:\/\/temporada-alta.com\/es\/espectaculo\/les-perseides\/","name":"Les Perseides - Temporada Alta","isPartOf":{"@id":"https:\/\/temporada-alta.com\/es\/#website"},"primaryImageOfPage":{"@id":"https:\/\/temporada-alta.com\/es\/espectaculo\/les-perseides\/#primaryimage"},"image":{"@id":"https:\/\/temporada-alta.com\/es\/espectaculo\/les-perseides\/#primaryimage"},"thumbnailUrl":"https:\/\/temporada-alta.com\/wp-content\/uploads\/LesPerseides_destacada.jpg","datePublished":"2019-08-02T09:45:58+00:00","dateModified":"2019-12-03T19:35:04+00:00","breadcrumb":{"@id":"https:\/\/temporada-alta.com\/es\/espectaculo\/les-perseides\/#breadcrumb"},"inLanguage":"es","potentialAction":[{"@type":"ReadAction","target":["https:\/\/temporada-alta.com\/es\/espectaculo\/les-perseides\/"]}]},{"@type":"ImageObject","inLanguage":"es","@id":"https:\/\/temporada-alta.com\/es\/espectaculo\/les-perseides\/#primaryimage","url":"https:\/\/temporada-alta.com\/wp-content\/uploads\/LesPerseides_destacada.jpg","contentUrl":"https:\/\/temporada-alta.com\/wp-content\/uploads\/LesPerseides_destacada.jpg","width":1200,"height":600},{"@type":"BreadcrumbList","@id":"https:\/\/temporada-alta.com\/es\/espectaculo\/les-perseides\/#breadcrumb","itemListElement":[{"@type":"ListItem","position":1,"name":"Inici","item":"https:\/\/temporada-alta.com\/es\/"},{"@type":"ListItem","position":2,"name":"Eventos","item":"https:\/\/temporada-alta.com\/es\/events\/"},{"@type":"ListItem","position":3,"name":"Les Perseides"}]},{"@type":"WebSite","@id":"https:\/\/temporada-alta.com\/es\/#website","url":"https:\/\/temporada-alta.com\/es\/","name":"Temporada Alta","description":"Festival d&#039;Arts Esc\u00e8niques","publisher":{"@id":"https:\/\/temporada-alta.com\/es\/#organization"},"potentialAction":[{"@type":"SearchAction","target":{"@type":"EntryPoint","urlTemplate":"https:\/\/temporada-alta.com\/es\/?s={search_term_string}"},"query-input":{"@type":"PropertyValueSpecification","valueRequired":true,"valueName":"search_term_string"}}],"inLanguage":"es"},{"@type":"Organization","@id":"https:\/\/temporada-alta.com\/es\/#organization","name":"Temporada Alta","url":"https:\/\/temporada-alta.com\/es\/","logo":{"@type":"ImageObject","inLanguage":"es","@id":"https:\/\/temporada-alta.com\/es\/#\/schema\/logo\/image\/","url":"https:\/\/temporada-alta.com\/wp-content\/uploads\/TA21-Logotip-pos.png","contentUrl":"https:\/\/temporada-alta.com\/wp-content\/uploads\/TA21-Logotip-pos.png","width":800,"height":267,"caption":"Temporada Alta"},"image":{"@id":"https:\/\/temporada-alta.com\/es\/#\/schema\/logo\/image\/"}}]}},"_links":{"self":[{"href":"https:\/\/temporada-alta.com\/es\/wp-json\/wp\/v2\/tribe_events\/40655","targetHints":{"allow":["GET"]}}],"collection":[{"href":"https:\/\/temporada-alta.com\/es\/wp-json\/wp\/v2\/tribe_events"}],"about":[{"href":"https:\/\/temporada-alta.com\/es\/wp-json\/wp\/v2\/types\/tribe_events"}],"author":[{"embeddable":true,"href":"https:\/\/temporada-alta.com\/es\/wp-json\/wp\/v2\/users\/36118"}],"version-history":[{"count":0,"href":"https:\/\/temporada-alta.com\/es\/wp-json\/wp\/v2\/tribe_events\/40655\/revisions"}],"wp:featuredmedia":[{"embeddable":true,"href":"https:\/\/temporada-alta.com\/es\/wp-json\/wp\/v2\/media\/40696"}],"wp:attachment":[{"href":"https:\/\/temporada-alta.com\/es\/wp-json\/wp\/v2\/media?parent=40655"}],"wp:term":[{"taxonomy":"post_tag","embeddable":true,"href":"https:\/\/temporada-alta.com\/es\/wp-json\/wp\/v2\/tags?post=40655"},{"taxonomy":"tribe_events_cat","embeddable":true,"href":"https:\/\/temporada-alta.com\/es\/wp-json\/wp\/v2\/tribe_events_cat?post=40655"}],"curies":[{"name":"wp","href":"https:\/\/api.w.org\/{rel}","templated":true}]}}