{"id":27090,"date":"2016-08-05T20:00:41","date_gmt":"2016-08-05T18:00:41","guid":{"rendered":"https:\/\/www.temporada-alta.com\/event\/un-obs-al-cor\/"},"modified":"2019-03-27T13:48:51","modified_gmt":"2019-03-27T12:48:51","slug":"un-obs-al-cor","status":"publish","type":"tribe_events","link":"https:\/\/temporada-alta.com\/es\/espectaculo\/un-obs-al-cor\/","title":{"rendered":"Un ob\u00fas al cor"},"content":{"rendered":"<div id=\"modal-ready\"><h2>Una puesta en escena con Ernest Villegas a partir del primer relato del L\u00edbano-canadiense Wajdi Mouawad<\/h2>\n<p>Intenso mon\u00f3logo a partir del primer relato del liban\u00e9scanadiense Wajdi Mouawad, uno de los dramaturgos m\u00e1s representados en el mundo. Viaje de un hijo al lecho de muerte de su madre con todos los rasgos de los h\u00e9roes del autor.<\/p>\n<\/div>","protected":false},"excerpt":{"rendered":"<p>Una puesta en escena con Ernest Villegas a partir del primer relato del L\u00edbano-canadiense Wajdi Mouawad Intenso mon\u00f3logo&#8230;<\/p>\n","protected":false},"author":4,"featured_media":27044,"template":"","meta":{"_acf_changed":false,"_tribe_events_status":"","_tribe_events_status_reason":"","footnotes":""},"tags":[],"tribe_events_cat":[153],"class_list":["post-27090","tribe_events","type-tribe_events","status-publish","has-post-thumbnail","hentry","tribe_events_cat-153","cat_2016"],"acf":{"photo_gallery":{"gallery":[[]]}},"yoast_head":"<!-- This site is optimized with the Yoast SEO plugin v27.0 - https:\/\/yoast.com\/product\/yoast-seo-wordpress\/ -->\n<title>Un ob\u00fas al cor - Temporada Alta<\/title>\n<meta name=\"robots\" content=\"index, follow, max-snippet:-1, max-image-preview:large, max-video-preview:-1\" \/>\n<link rel=\"canonical\" href=\"https:\/\/temporada-alta.com\/es\/espectaculo\/un-obs-al-cor\/\" \/>\n<meta property=\"og:locale\" content=\"es_ES\" \/>\n<meta property=\"og:type\" content=\"article\" \/>\n<meta property=\"og:title\" content=\"Un ob\u00fas al cor - Temporada Alta\" \/>\n<meta property=\"og:description\" content=\"Una puesta en escena con Ernest Villegas a partir del primer relato del L\u00edbano-canadiense Wajdi Mouawad Intenso mon\u00f3logo...\" \/>\n<meta property=\"og:url\" content=\"https:\/\/temporada-alta.com\/es\/espectaculo\/un-obs-al-cor\/\" \/>\n<meta property=\"og:site_name\" content=\"Temporada Alta\" \/>\n<meta property=\"article:modified_time\" content=\"2019-03-27T12:48:51+00:00\" \/>\n<meta property=\"og:image\" content=\"https:\/\/temporada-alta.com\/wp-content\/uploads\/unobusalcor_bn.jpg\" \/>\n\t<meta property=\"og:image:width\" content=\"2048\" \/>\n\t<meta property=\"og:image:height\" content=\"1138\" \/>\n\t<meta property=\"og:image:type\" content=\"image\/jpeg\" \/>\n<meta name=\"twitter:card\" content=\"summary_large_image\" \/>\n<script type=\"application\/ld+json\" class=\"yoast-schema-graph\">{\"@context\":\"https:\/\/schema.org\",\"@graph\":[{\"@type\":\"WebPage\",\"@id\":\"https:\/\/temporada-alta.com\/es\/espectaculo\/un-obs-al-cor\/\",\"url\":\"https:\/\/temporada-alta.com\/es\/espectaculo\/un-obs-al-cor\/\",\"name\":\"Un ob\u00fas al cor - Temporada Alta\",\"isPartOf\":{\"@id\":\"https:\/\/temporada-alta.com\/es\/#website\"},\"primaryImageOfPage\":{\"@id\":\"https:\/\/temporada-alta.com\/es\/espectaculo\/un-obs-al-cor\/#primaryimage\"},\"image\":{\"@id\":\"https:\/\/temporada-alta.com\/es\/espectaculo\/un-obs-al-cor\/#primaryimage\"},\"thumbnailUrl\":\"https:\/\/temporada-alta.com\/wp-content\/uploads\/unobusalcor_bn.jpg\",\"datePublished\":\"2016-08-05T18:00:41+00:00\",\"dateModified\":\"2019-03-27T12:48:51+00:00\",\"breadcrumb\":{\"@id\":\"https:\/\/temporada-alta.com\/es\/espectaculo\/un-obs-al-cor\/#breadcrumb\"},\"inLanguage\":\"es\",\"potentialAction\":[{\"@type\":\"ReadAction\",\"target\":[\"https:\/\/temporada-alta.com\/es\/espectaculo\/un-obs-al-cor\/\"]}]},{\"@type\":\"ImageObject\",\"inLanguage\":\"es\",\"@id\":\"https:\/\/temporada-alta.com\/es\/espectaculo\/un-obs-al-cor\/#primaryimage\",\"url\":\"https:\/\/temporada-alta.com\/wp-content\/uploads\/unobusalcor_bn.jpg\",\"contentUrl\":\"https:\/\/temporada-alta.com\/wp-content\/uploads\/unobusalcor_bn.jpg\",\"width\":2048,\"height\":1138},{\"@type\":\"BreadcrumbList\",\"@id\":\"https:\/\/temporada-alta.com\/es\/espectaculo\/un-obs-al-cor\/#breadcrumb\",\"itemListElement\":[{\"@type\":\"ListItem\",\"position\":1,\"name\":\"Inici\",\"item\":\"https:\/\/temporada-alta.com\/es\/\"},{\"@type\":\"ListItem\",\"position\":2,\"name\":\"Eventos\",\"item\":\"https:\/\/temporada-alta.com\/es\/events\/\"},{\"@type\":\"ListItem\",\"position\":3,\"name\":\"Un ob\u00fas al cor\"}]},{\"@type\":\"WebSite\",\"@id\":\"https:\/\/temporada-alta.com\/es\/#website\",\"url\":\"https:\/\/temporada-alta.com\/es\/\",\"name\":\"Temporada Alta\",\"description\":\"Festival d&#039;Arts Esc\u00e8niques\",\"publisher\":{\"@id\":\"https:\/\/temporada-alta.com\/es\/#organization\"},\"potentialAction\":[{\"@type\":\"SearchAction\",\"target\":{\"@type\":\"EntryPoint\",\"urlTemplate\":\"https:\/\/temporada-alta.com\/es\/?s={search_term_string}\"},\"query-input\":{\"@type\":\"PropertyValueSpecification\",\"valueRequired\":true,\"valueName\":\"search_term_string\"}}],\"inLanguage\":\"es\"},{\"@type\":\"Organization\",\"@id\":\"https:\/\/temporada-alta.com\/es\/#organization\",\"name\":\"Temporada Alta\",\"url\":\"https:\/\/temporada-alta.com\/es\/\",\"logo\":{\"@type\":\"ImageObject\",\"inLanguage\":\"es\",\"@id\":\"https:\/\/temporada-alta.com\/es\/#\/schema\/logo\/image\/\",\"url\":\"https:\/\/temporada-alta.com\/wp-content\/uploads\/TA21-Logotip-pos.png\",\"contentUrl\":\"https:\/\/temporada-alta.com\/wp-content\/uploads\/TA21-Logotip-pos.png\",\"width\":800,\"height\":267,\"caption\":\"Temporada Alta\"},\"image\":{\"@id\":\"https:\/\/temporada-alta.com\/es\/#\/schema\/logo\/image\/\"}}]}<\/script>\n<!-- \/ Yoast SEO plugin. -->","yoast_head_json":{"title":"Un ob\u00fas al cor - Temporada Alta","robots":{"index":"index","follow":"follow","max-snippet":"max-snippet:-1","max-image-preview":"max-image-preview:large","max-video-preview":"max-video-preview:-1"},"canonical":"https:\/\/temporada-alta.com\/es\/espectaculo\/un-obs-al-cor\/","og_locale":"es_ES","og_type":"article","og_title":"Un ob\u00fas al cor - Temporada Alta","og_description":"Una puesta en escena con Ernest Villegas a partir del primer relato del L\u00edbano-canadiense Wajdi Mouawad Intenso mon\u00f3logo...","og_url":"https:\/\/temporada-alta.com\/es\/espectaculo\/un-obs-al-cor\/","og_site_name":"Temporada Alta","article_modified_time":"2019-03-27T12:48:51+00:00","og_image":[{"width":2048,"height":1138,"url":"https:\/\/temporada-alta.com\/wp-content\/uploads\/unobusalcor_bn.jpg","type":"image\/jpeg"}],"twitter_card":"summary_large_image","schema":{"@context":"https:\/\/schema.org","@graph":[{"@type":"WebPage","@id":"https:\/\/temporada-alta.com\/es\/espectaculo\/un-obs-al-cor\/","url":"https:\/\/temporada-alta.com\/es\/espectaculo\/un-obs-al-cor\/","name":"Un ob\u00fas al cor - Temporada Alta","isPartOf":{"@id":"https:\/\/temporada-alta.com\/es\/#website"},"primaryImageOfPage":{"@id":"https:\/\/temporada-alta.com\/es\/espectaculo\/un-obs-al-cor\/#primaryimage"},"image":{"@id":"https:\/\/temporada-alta.com\/es\/espectaculo\/un-obs-al-cor\/#primaryimage"},"thumbnailUrl":"https:\/\/temporada-alta.com\/wp-content\/uploads\/unobusalcor_bn.jpg","datePublished":"2016-08-05T18:00:41+00:00","dateModified":"2019-03-27T12:48:51+00:00","breadcrumb":{"@id":"https:\/\/temporada-alta.com\/es\/espectaculo\/un-obs-al-cor\/#breadcrumb"},"inLanguage":"es","potentialAction":[{"@type":"ReadAction","target":["https:\/\/temporada-alta.com\/es\/espectaculo\/un-obs-al-cor\/"]}]},{"@type":"ImageObject","inLanguage":"es","@id":"https:\/\/temporada-alta.com\/es\/espectaculo\/un-obs-al-cor\/#primaryimage","url":"https:\/\/temporada-alta.com\/wp-content\/uploads\/unobusalcor_bn.jpg","contentUrl":"https:\/\/temporada-alta.com\/wp-content\/uploads\/unobusalcor_bn.jpg","width":2048,"height":1138},{"@type":"BreadcrumbList","@id":"https:\/\/temporada-alta.com\/es\/espectaculo\/un-obs-al-cor\/#breadcrumb","itemListElement":[{"@type":"ListItem","position":1,"name":"Inici","item":"https:\/\/temporada-alta.com\/es\/"},{"@type":"ListItem","position":2,"name":"Eventos","item":"https:\/\/temporada-alta.com\/es\/events\/"},{"@type":"ListItem","position":3,"name":"Un ob\u00fas al cor"}]},{"@type":"WebSite","@id":"https:\/\/temporada-alta.com\/es\/#website","url":"https:\/\/temporada-alta.com\/es\/","name":"Temporada Alta","description":"Festival d&#039;Arts Esc\u00e8niques","publisher":{"@id":"https:\/\/temporada-alta.com\/es\/#organization"},"potentialAction":[{"@type":"SearchAction","target":{"@type":"EntryPoint","urlTemplate":"https:\/\/temporada-alta.com\/es\/?s={search_term_string}"},"query-input":{"@type":"PropertyValueSpecification","valueRequired":true,"valueName":"search_term_string"}}],"inLanguage":"es"},{"@type":"Organization","@id":"https:\/\/temporada-alta.com\/es\/#organization","name":"Temporada Alta","url":"https:\/\/temporada-alta.com\/es\/","logo":{"@type":"ImageObject","inLanguage":"es","@id":"https:\/\/temporada-alta.com\/es\/#\/schema\/logo\/image\/","url":"https:\/\/temporada-alta.com\/wp-content\/uploads\/TA21-Logotip-pos.png","contentUrl":"https:\/\/temporada-alta.com\/wp-content\/uploads\/TA21-Logotip-pos.png","width":800,"height":267,"caption":"Temporada Alta"},"image":{"@id":"https:\/\/temporada-alta.com\/es\/#\/schema\/logo\/image\/"}}]}},"_links":{"self":[{"href":"https:\/\/temporada-alta.com\/es\/wp-json\/wp\/v2\/tribe_events\/27090","targetHints":{"allow":["GET"]}}],"collection":[{"href":"https:\/\/temporada-alta.com\/es\/wp-json\/wp\/v2\/tribe_events"}],"about":[{"href":"https:\/\/temporada-alta.com\/es\/wp-json\/wp\/v2\/types\/tribe_events"}],"author":[{"embeddable":true,"href":"https:\/\/temporada-alta.com\/es\/wp-json\/wp\/v2\/users\/4"}],"version-history":[{"count":0,"href":"https:\/\/temporada-alta.com\/es\/wp-json\/wp\/v2\/tribe_events\/27090\/revisions"}],"wp:featuredmedia":[{"embeddable":true,"href":"https:\/\/temporada-alta.com\/es\/wp-json\/wp\/v2\/media\/27044"}],"wp:attachment":[{"href":"https:\/\/temporada-alta.com\/es\/wp-json\/wp\/v2\/media?parent=27090"}],"wp:term":[{"taxonomy":"post_tag","embeddable":true,"href":"https:\/\/temporada-alta.com\/es\/wp-json\/wp\/v2\/tags?post=27090"},{"taxonomy":"tribe_events_cat","embeddable":true,"href":"https:\/\/temporada-alta.com\/es\/wp-json\/wp\/v2\/tribe_events_cat?post=27090"}],"curies":[{"name":"wp","href":"https:\/\/api.w.org\/{rel}","templated":true}]}}