{"id":26022,"date":"2014-11-03T17:00:18","date_gmt":"2014-11-03T16:00:18","guid":{"rendered":"https:\/\/www.temporada-alta.com\/event\/autores-leen-autores\/"},"modified":"2019-03-29T11:20:15","modified_gmt":"2019-03-29T10:20:15","slug":"autores-leen-autores","status":"publish","type":"tribe_events","link":"https:\/\/temporada-alta.com\/es\/espectaculo\/autores-leen-autores\/","title":{"rendered":"Autores leen Autores"},"content":{"rendered":"<div id=\"modal-ready\"><h2>Lectures p\u00fablicas y gratis en el marco de la Semana de la Dramat\u00fargia<\/h2>\n<p style=\"font-family: 'Helvetica Neue', Helvetica, Helvetica, Arial, sans-serif; font-size: 12px;\">\nA los atardeceres de la <a href=\"http:\/\/www.temporada-alta.net\/es\/programacion\/304-setmana-de-la-dramaturgia.html\">Semana de la Dramaturgia<\/a> habr\u00e1 actividades abiertas al p\u00fablico general con la puesta en escena de algunas de las adaptaciones trabajadas a lo largo de toda la jornada. Fragmentos de las adaptaciones le\u00eddas por los compa\u00f1eros.<\/p>\n<p>&nbsp;<\/p>\n<div>\n<span style=\"color: #b22222;\"><strong>Viernes, 7 de noviembre de 18:30 h a 20 h &#8211;\u00a0<\/strong><\/span><a href=\"http:\/\/www.temporada-alta.net\/ca\/espais\/52-sala-la-planeta.html\"><strong>Sala La Planeta<\/strong><\/a><\/div>\n<p>&nbsp;<\/p>\n<div>\nLos textos que ya est\u00e9n bastante avanzados, se pondr\u00e1n a prueba con una lectura abierta al p\u00fablico. Todos los autores leer\u00e1n fragmentos de los textos pero no sus propios. A la primera jornada, el turno ser\u00e1 de:<\/div>\n<p>&nbsp;<\/p>\n<div>\n<\/div>\n<p>&nbsp;<\/p>\n<ul style=\"font-size: 12px; font-family: 'Helvetica Neue', Helvetica, Helvetica, Arial, sans-serif;\">\n<li style=\"list-style-type: none\">\n<ul style=\"font-size: 12px; font-family: 'Helvetica Neue', Helvetica, Helvetica, Arial, sans-serif;\">\n<li>\nCristina Clemente<\/li>\n<\/ul>\n<\/li>\n<\/ul>\n<p>&nbsp;<\/p>\n<ul style=\"font-size: 12px; font-family: 'Helvetica Neue', Helvetica, Helvetica, Arial, sans-serif;\">\n<li style=\"list-style-type: none\">\n<ul style=\"font-size: 12px; font-family: 'Helvetica Neue', Helvetica, Helvetica, Arial, sans-serif;\">\n<li>\nLl\u00e0tzer Garcia<\/li>\n<\/ul>\n<\/li>\n<\/ul>\n<p>&nbsp;<\/p>\n<ul style=\"font-size: 12px; font-family: 'Helvetica Neue', Helvetica, Helvetica, Arial, sans-serif;\">\n<li style=\"list-style-type: none\">\n<ul style=\"font-size: 12px; font-family: 'Helvetica Neue', Helvetica, Helvetica, Arial, sans-serif;\">\n<li>\nDavid Plana<\/li>\n<\/ul>\n<\/li>\n<\/ul>\n<p>&nbsp;<\/p>\n<ul style=\"font-size: 12px; font-family: 'Helvetica Neue', Helvetica, Helvetica, Arial, sans-serif;\">\n<li style=\"list-style-type: none\">\n<ul style=\"font-size: 12px; font-family: 'Helvetica Neue', Helvetica, Helvetica, Arial, sans-serif;\">\n<li>\nMarc Rosich<\/li>\n<\/ul>\n<\/li>\n<\/ul>\n<p>&nbsp;<\/p>\n<ul style=\"font-size: 12px; font-family: 'Helvetica Neue', Helvetica, Helvetica, Arial, sans-serif;\">\n<li style=\"list-style-type: none\">\n<ul style=\"font-size: 12px; font-family: 'Helvetica Neue', Helvetica, Helvetica, Arial, sans-serif;\">\n<li>\nMarilia Samper<\/li>\n<\/ul>\n<\/li>\n<\/ul>\n<p>&nbsp;<\/p>\n<p>&nbsp;<\/p>\n<div>\n<span style=\"color: #b22222;\"><strong>S\u00e1bado, 8 de noviembre de 18:30 h a 20 h &#8211;\u00a0<\/strong><\/span><a href=\"http:\/\/www.temporada-alta.net\/ca\/espais\/52-sala-la-planeta.html\"><strong>Sala La Planeta<\/strong><\/a><\/div>\n<p>&nbsp;<\/p>\n<div>\n<p>&nbsp;<\/p>\n<div>\nLos textos que ya est\u00e9n bastante avanzados, se pondr\u00e1n a prueba con una lectura abierta al p\u00fablico. Todos los autores leer\u00e1n fragmentos de textos pero no sus propios. A la segunda jornada, el turno ser\u00e1 por:<\/p>\n<\/div>\n<p>&nbsp;<\/p>\n<ul>\n<li style=\"list-style-type: none\">\n<ul>\n<li>\nMarc Angelet<\/li>\n<\/ul>\n<\/li>\n<\/ul>\n<p>&nbsp;<\/p>\n<ul>\n<li style=\"list-style-type: none\">\n<ul>\n<li>\nMarta Buchaca<\/li>\n<\/ul>\n<\/li>\n<\/ul>\n<p>&nbsp;<\/p>\n<ul>\n<li style=\"list-style-type: none\">\n<ul>\n<li>\nJordi Casanovas<\/li>\n<\/ul>\n<\/li>\n<\/ul>\n<p>&nbsp;<\/p>\n<ul>\n<li style=\"list-style-type: none\">\n<ul>\n<li>\nGuillem Clua<\/li>\n<\/ul>\n<\/li>\n<\/ul>\n<p>&nbsp;<\/p>\n<ul>\n<li style=\"list-style-type: none\">\n<ul>\n<li>\nPau Mir\u00f3<\/li>\n<\/ul>\n<\/li>\n<\/ul>\n<p>&nbsp;<\/p>\n<p>&nbsp;<\/p>\n<\/div>\n<p>&nbsp;<\/p>\n<p><span style=\"line-height: 19.2000007629395px;\">Todas las lecturas seran gratis y p\u00fablicas (aforo limitado)<\/span><\/p>\n<\/div>","protected":false},"excerpt":{"rendered":"<p>Lectures p\u00fablicas y gratis en el marco de la Semana de la Dramat\u00fargia A los atardeceres de la&#8230;<\/p>\n","protected":false},"author":4,"featured_media":25991,"template":"","meta":{"_acf_changed":false,"_tribe_events_status":"","_tribe_events_status_reason":"","footnotes":""},"tags":[],"tribe_events_cat":[150],"class_list":["post-26022","tribe_events","type-tribe_events","status-publish","has-post-thumbnail","hentry","tribe_events_cat-150","cat_2014"],"acf":{"photo_gallery":{"gallery":[[]]}},"yoast_head":"<!-- This site is optimized with the Yoast SEO plugin v27.0 - https:\/\/yoast.com\/product\/yoast-seo-wordpress\/ -->\n<title>Autores leen Autores - Temporada Alta<\/title>\n<meta name=\"robots\" content=\"index, follow, max-snippet:-1, max-image-preview:large, max-video-preview:-1\" \/>\n<link rel=\"canonical\" href=\"https:\/\/temporada-alta.com\/es\/espectaculo\/autores-leen-autores\/\" \/>\n<meta property=\"og:locale\" content=\"es_ES\" \/>\n<meta property=\"og:type\" content=\"article\" \/>\n<meta property=\"og:title\" content=\"Autores leen Autores - Temporada Alta\" \/>\n<meta property=\"og:description\" content=\"Lectures p\u00fablicas y gratis en el marco de la Semana de la Dramat\u00fargia A los atardeceres de la...\" \/>\n<meta property=\"og:url\" content=\"https:\/\/temporada-alta.com\/es\/espectaculo\/autores-leen-autores\/\" \/>\n<meta property=\"og:site_name\" content=\"Temporada Alta\" \/>\n<meta property=\"article:modified_time\" content=\"2019-03-29T10:20:15+00:00\" \/>\n<meta property=\"og:image\" content=\"https:\/\/temporada-alta.com\/wp-content\/uploads\/lectures_jordicasanovas1.jpg\" \/>\n\t<meta property=\"og:image:width\" content=\"538\" \/>\n\t<meta property=\"og:image:height\" content=\"358\" \/>\n\t<meta property=\"og:image:type\" content=\"image\/jpeg\" \/>\n<meta name=\"twitter:card\" content=\"summary_large_image\" \/>\n<script type=\"application\/ld+json\" class=\"yoast-schema-graph\">{\"@context\":\"https:\/\/schema.org\",\"@graph\":[{\"@type\":\"WebPage\",\"@id\":\"https:\/\/temporada-alta.com\/es\/espectaculo\/autores-leen-autores\/\",\"url\":\"https:\/\/temporada-alta.com\/es\/espectaculo\/autores-leen-autores\/\",\"name\":\"Autores leen Autores - Temporada Alta\",\"isPartOf\":{\"@id\":\"https:\/\/temporada-alta.com\/es\/#website\"},\"primaryImageOfPage\":{\"@id\":\"https:\/\/temporada-alta.com\/es\/espectaculo\/autores-leen-autores\/#primaryimage\"},\"image\":{\"@id\":\"https:\/\/temporada-alta.com\/es\/espectaculo\/autores-leen-autores\/#primaryimage\"},\"thumbnailUrl\":\"https:\/\/temporada-alta.com\/wp-content\/uploads\/lectures_jordicasanovas1.jpg\",\"datePublished\":\"2014-11-03T16:00:18+00:00\",\"dateModified\":\"2019-03-29T10:20:15+00:00\",\"breadcrumb\":{\"@id\":\"https:\/\/temporada-alta.com\/es\/espectaculo\/autores-leen-autores\/#breadcrumb\"},\"inLanguage\":\"es\",\"potentialAction\":[{\"@type\":\"ReadAction\",\"target\":[\"https:\/\/temporada-alta.com\/es\/espectaculo\/autores-leen-autores\/\"]}]},{\"@type\":\"ImageObject\",\"inLanguage\":\"es\",\"@id\":\"https:\/\/temporada-alta.com\/es\/espectaculo\/autores-leen-autores\/#primaryimage\",\"url\":\"https:\/\/temporada-alta.com\/wp-content\/uploads\/lectures_jordicasanovas1.jpg\",\"contentUrl\":\"https:\/\/temporada-alta.com\/wp-content\/uploads\/lectures_jordicasanovas1.jpg\",\"width\":538,\"height\":358},{\"@type\":\"BreadcrumbList\",\"@id\":\"https:\/\/temporada-alta.com\/es\/espectaculo\/autores-leen-autores\/#breadcrumb\",\"itemListElement\":[{\"@type\":\"ListItem\",\"position\":1,\"name\":\"Inici\",\"item\":\"https:\/\/temporada-alta.com\/es\/\"},{\"@type\":\"ListItem\",\"position\":2,\"name\":\"Eventos\",\"item\":\"https:\/\/temporada-alta.com\/es\/events\/\"},{\"@type\":\"ListItem\",\"position\":3,\"name\":\"Autores leen Autores\"}]},{\"@type\":\"WebSite\",\"@id\":\"https:\/\/temporada-alta.com\/es\/#website\",\"url\":\"https:\/\/temporada-alta.com\/es\/\",\"name\":\"Temporada Alta\",\"description\":\"Festival d&#039;Arts Esc\u00e8niques\",\"publisher\":{\"@id\":\"https:\/\/temporada-alta.com\/es\/#organization\"},\"potentialAction\":[{\"@type\":\"SearchAction\",\"target\":{\"@type\":\"EntryPoint\",\"urlTemplate\":\"https:\/\/temporada-alta.com\/es\/?s={search_term_string}\"},\"query-input\":{\"@type\":\"PropertyValueSpecification\",\"valueRequired\":true,\"valueName\":\"search_term_string\"}}],\"inLanguage\":\"es\"},{\"@type\":\"Organization\",\"@id\":\"https:\/\/temporada-alta.com\/es\/#organization\",\"name\":\"Temporada Alta\",\"url\":\"https:\/\/temporada-alta.com\/es\/\",\"logo\":{\"@type\":\"ImageObject\",\"inLanguage\":\"es\",\"@id\":\"https:\/\/temporada-alta.com\/es\/#\/schema\/logo\/image\/\",\"url\":\"https:\/\/temporada-alta.com\/wp-content\/uploads\/TA21-Logotip-pos.png\",\"contentUrl\":\"https:\/\/temporada-alta.com\/wp-content\/uploads\/TA21-Logotip-pos.png\",\"width\":800,\"height\":267,\"caption\":\"Temporada Alta\"},\"image\":{\"@id\":\"https:\/\/temporada-alta.com\/es\/#\/schema\/logo\/image\/\"}}]}<\/script>\n<!-- \/ Yoast SEO plugin. -->","yoast_head_json":{"title":"Autores leen Autores - Temporada Alta","robots":{"index":"index","follow":"follow","max-snippet":"max-snippet:-1","max-image-preview":"max-image-preview:large","max-video-preview":"max-video-preview:-1"},"canonical":"https:\/\/temporada-alta.com\/es\/espectaculo\/autores-leen-autores\/","og_locale":"es_ES","og_type":"article","og_title":"Autores leen Autores - Temporada Alta","og_description":"Lectures p\u00fablicas y gratis en el marco de la Semana de la Dramat\u00fargia A los atardeceres de la...","og_url":"https:\/\/temporada-alta.com\/es\/espectaculo\/autores-leen-autores\/","og_site_name":"Temporada Alta","article_modified_time":"2019-03-29T10:20:15+00:00","og_image":[{"width":538,"height":358,"url":"https:\/\/temporada-alta.com\/wp-content\/uploads\/lectures_jordicasanovas1.jpg","type":"image\/jpeg"}],"twitter_card":"summary_large_image","schema":{"@context":"https:\/\/schema.org","@graph":[{"@type":"WebPage","@id":"https:\/\/temporada-alta.com\/es\/espectaculo\/autores-leen-autores\/","url":"https:\/\/temporada-alta.com\/es\/espectaculo\/autores-leen-autores\/","name":"Autores leen Autores - Temporada Alta","isPartOf":{"@id":"https:\/\/temporada-alta.com\/es\/#website"},"primaryImageOfPage":{"@id":"https:\/\/temporada-alta.com\/es\/espectaculo\/autores-leen-autores\/#primaryimage"},"image":{"@id":"https:\/\/temporada-alta.com\/es\/espectaculo\/autores-leen-autores\/#primaryimage"},"thumbnailUrl":"https:\/\/temporada-alta.com\/wp-content\/uploads\/lectures_jordicasanovas1.jpg","datePublished":"2014-11-03T16:00:18+00:00","dateModified":"2019-03-29T10:20:15+00:00","breadcrumb":{"@id":"https:\/\/temporada-alta.com\/es\/espectaculo\/autores-leen-autores\/#breadcrumb"},"inLanguage":"es","potentialAction":[{"@type":"ReadAction","target":["https:\/\/temporada-alta.com\/es\/espectaculo\/autores-leen-autores\/"]}]},{"@type":"ImageObject","inLanguage":"es","@id":"https:\/\/temporada-alta.com\/es\/espectaculo\/autores-leen-autores\/#primaryimage","url":"https:\/\/temporada-alta.com\/wp-content\/uploads\/lectures_jordicasanovas1.jpg","contentUrl":"https:\/\/temporada-alta.com\/wp-content\/uploads\/lectures_jordicasanovas1.jpg","width":538,"height":358},{"@type":"BreadcrumbList","@id":"https:\/\/temporada-alta.com\/es\/espectaculo\/autores-leen-autores\/#breadcrumb","itemListElement":[{"@type":"ListItem","position":1,"name":"Inici","item":"https:\/\/temporada-alta.com\/es\/"},{"@type":"ListItem","position":2,"name":"Eventos","item":"https:\/\/temporada-alta.com\/es\/events\/"},{"@type":"ListItem","position":3,"name":"Autores leen Autores"}]},{"@type":"WebSite","@id":"https:\/\/temporada-alta.com\/es\/#website","url":"https:\/\/temporada-alta.com\/es\/","name":"Temporada Alta","description":"Festival d&#039;Arts Esc\u00e8niques","publisher":{"@id":"https:\/\/temporada-alta.com\/es\/#organization"},"potentialAction":[{"@type":"SearchAction","target":{"@type":"EntryPoint","urlTemplate":"https:\/\/temporada-alta.com\/es\/?s={search_term_string}"},"query-input":{"@type":"PropertyValueSpecification","valueRequired":true,"valueName":"search_term_string"}}],"inLanguage":"es"},{"@type":"Organization","@id":"https:\/\/temporada-alta.com\/es\/#organization","name":"Temporada Alta","url":"https:\/\/temporada-alta.com\/es\/","logo":{"@type":"ImageObject","inLanguage":"es","@id":"https:\/\/temporada-alta.com\/es\/#\/schema\/logo\/image\/","url":"https:\/\/temporada-alta.com\/wp-content\/uploads\/TA21-Logotip-pos.png","contentUrl":"https:\/\/temporada-alta.com\/wp-content\/uploads\/TA21-Logotip-pos.png","width":800,"height":267,"caption":"Temporada Alta"},"image":{"@id":"https:\/\/temporada-alta.com\/es\/#\/schema\/logo\/image\/"}}]}},"_links":{"self":[{"href":"https:\/\/temporada-alta.com\/es\/wp-json\/wp\/v2\/tribe_events\/26022","targetHints":{"allow":["GET"]}}],"collection":[{"href":"https:\/\/temporada-alta.com\/es\/wp-json\/wp\/v2\/tribe_events"}],"about":[{"href":"https:\/\/temporada-alta.com\/es\/wp-json\/wp\/v2\/types\/tribe_events"}],"author":[{"embeddable":true,"href":"https:\/\/temporada-alta.com\/es\/wp-json\/wp\/v2\/users\/4"}],"version-history":[{"count":0,"href":"https:\/\/temporada-alta.com\/es\/wp-json\/wp\/v2\/tribe_events\/26022\/revisions"}],"wp:featuredmedia":[{"embeddable":true,"href":"https:\/\/temporada-alta.com\/es\/wp-json\/wp\/v2\/media\/25991"}],"wp:attachment":[{"href":"https:\/\/temporada-alta.com\/es\/wp-json\/wp\/v2\/media?parent=26022"}],"wp:term":[{"taxonomy":"post_tag","embeddable":true,"href":"https:\/\/temporada-alta.com\/es\/wp-json\/wp\/v2\/tags?post=26022"},{"taxonomy":"tribe_events_cat","embeddable":true,"href":"https:\/\/temporada-alta.com\/es\/wp-json\/wp\/v2\/tribe_events_cat?post=26022"}],"curies":[{"name":"wp","href":"https:\/\/api.w.org\/{rel}","templated":true}]}}