{"id":98438,"date":"2024-11-18T09:28:11","date_gmt":"2024-11-18T08:28:11","guid":{"rendered":"https:\/\/temporada-alta.com\/?page_id=98438"},"modified":"2025-02-24T15:29:01","modified_gmt":"2025-02-24T14:29:01","slug":"edicion-2007","status":"publish","type":"page","link":"https:\/\/temporada-alta.com\/es\/edicion-2007\/","title":{"rendered":"Edici\u00f3n 2007"},"content":{"rendered":"<div id=\"modal-ready\">\n<h3 class=\"wp-block-heading\"><strong>El Canal estrena sus primeros espect\u00e1culos<\/strong><\/h3>\n\n\n\n<p>El Canal, Centro de Artes Esc\u00e9nicas de Salt \/ Girona estrena sus primeros espect\u00e1culos. A partir de ese momento, El Canal y Temporada Alta trabajaremos intensamente en dos l\u00edneas: la producci\u00f3n de espect\u00e1culos de autor\u00eda catalana y las coproducciones internacionales. Martin Wuttke, Sergi Belbel, Dario Fo, Peter Brook, Claudio Tolcachir, Daniel Veronese, Paolo Conte, Benjam\u00edn Biolay, J\u00e9r\u00f4me Deschamps y Macha son algunos de los nombres propios de esta edici\u00f3n.<br><\/p>\n\n\n\n<p>Espectaculos:<strong>&nbsp;69<\/strong>&nbsp;(+ cinema)<br>Coproducciones: <strong>26<\/strong><br>Estrenos:<strong>&nbsp;47<\/strong><br>Espectadores: <strong>33.590&nbsp;<\/strong>(total) \/ <strong>91,83%<\/strong>&nbsp;(ocupaci\u00f3n)<br>Sales: <strong>11<\/strong>&nbsp;(+ cinema + Pla\u00e7a del Vi)<br>Presupuesto: <strong>1.730.308,77<\/strong>&nbsp;\u20ac<\/p>\n\n\n\n<div class=\"wp-block-columns are-vertically-aligned-center has-white-color has-black-background-color has-text-color has-background has-link-color wp-elements-3aeab2886b0aa46f13d326a1650b52b6 is-layout-flex wp-container-core-columns-is-layout-28f84493 wp-block-columns-is-layout-flex\">\n<div class=\"wp-block-column is-vertically-aligned-center is-layout-flow wp-block-column-is-layout-flow\">\n<figure class=\"wp-block-image size-full\"><img loading=\"lazy\" decoding=\"async\" width=\"600\" height=\"354\" src=\"https:\/\/temporada-alta.com\/wp-content\/uploads\/068-copia-1.jpg\" alt=\"\" class=\"wp-image-31523\" srcset=\"https:\/\/temporada-alta.com\/wp-content\/uploads\/068-copia-1.jpg 600w, https:\/\/temporada-alta.com\/wp-content\/uploads\/068-copia-1-300x177.jpg 300w\" sizes=\"auto, (max-width: 600px) 100vw, 600px\" \/><\/figure>\n<\/div>\n\n\n\n<div class=\"wp-block-column is-vertically-aligned-center is-layout-flow wp-block-column-is-layout-flow\">\n<h2 class=\"wp-block-heading has-text-align-center has-white-color has-text-color has-link-color wp-elements-07bf85a7f7d3b5bec9039621d8ff103f\"><strong>Documentos<\/strong><\/h2>\n\n\n\n<div class=\"wp-block-buttons is-vertical is-content-justification-center is-layout-flex wp-container-core-buttons-is-layout-0a0d504e wp-block-buttons-is-layout-flex\" style=\"margin-top:0;margin-bottom:0\">\n<div class=\"wp-block-button\"><a class=\"wp-block-button__link wp-element-button\" href=\"https:\/\/drive.google.com\/file\/d\/1jP54Gx5goTHL16NUuK21xuNpPC-NX2h1\/view?usp=sharing\" style=\"border-width:1px\">balance de cierre<\/a><\/div>\n<\/div>\n<\/div>\n<\/div>\n\n\n\n<div class=\"wp-block-columns are-vertically-aligned-center is-layout-flex wp-container-core-columns-is-layout-28f84493 wp-block-columns-is-layout-flex\">\n<div class=\"wp-block-column is-vertically-aligned-center is-layout-flow wp-block-column-is-layout-flow\">\n<figure class=\"wp-block-image size-full is-resized\"><img loading=\"lazy\" decoding=\"async\" width=\"600\" height=\"354\" src=\"https:\/\/temporada-alta.com\/wp-content\/uploads\/TA2007.jpg\" alt=\"\" class=\"wp-image-31526\" style=\"width:423px;height:auto\" srcset=\"https:\/\/temporada-alta.com\/wp-content\/uploads\/TA2007.jpg 600w, https:\/\/temporada-alta.com\/wp-content\/uploads\/TA2007-300x177.jpg 300w\" sizes=\"auto, (max-width: 600px) 100vw, 600px\" \/><\/figure>\n<\/div>\n\n\n\n<div class=\"wp-block-column is-vertically-aligned-center is-layout-flow wp-block-column-is-layout-flow\">\n<h2 class=\"wp-block-heading\" style=\"margin-top:0;margin-bottom:0;padding-top:0;padding-bottom:0\"><span style=\"font-size: 2.14286rem; text-transform: inherit;\"><strong>Cartel\u00a02007, Jaume Plensa<\/strong><\/span><\/h2>\n\n\n\n<p style=\"margin-top:0;margin-bottom:0;padding-top:0;padding-bottom:0\">Una mancha ovalada, dos ojos y una boca. No hace falta m\u00e1s, as\u00ed trabajan los poetas. Un poco de piel para sentir el dentro y el fuera, unos ojos emocionados y unos labios abiertos, el escenario natural de las palabras, el \u00abmaravilloso espacio oscuro y fascinante\u00bb, como dijo el propio artista. En conjunto, un rostro vivo que, al mismo tiempo, es m\u00e1scara. El retrato de cualquiera de nosotros, porque incluso la palabra que utilizamos para describirnos, \u201cpersona\u201d, procede de la expresi\u00f3n latina \u201cm\u00e1scara de actor\u201d. As\u00ed nos interpela desde el cartel para Temporada Alta de este a\u00f1o Jaume Plensa (Barcelona, 1955), escultor y artista gr\u00e1fico formado en Barcelona -en la Llotja y en la Escuela Superior de Bellas Artes de San Jordi\u2013 y distinguido, entre otros m\u00e9ritos, con el nombramiento como Chevalier des Arts et des Lettres por el Ministerio de Cultura franc\u00e9s (1993), el Premio Nacional de Artes Pl\u00e1sticas de la Generalitat de Catalunya (1997) y el t\u00edtulo de Doctor Honoris Causa por el School of the Art Institute of Chicago (2005).<\/p>\n\n\n\n<p style=\"margin-top:0;margin-bottom:0;padding-top:0;padding-bottom:0\"><\/p>\n<\/div>\n<\/div>\n\n\n\n<p>Dos de los ejes fundamentales en la obra de Plensa, presentes en sus numerosas exposiciones de todo el mundo \u2013en el Reina Sof\u00eda, de Madrid (2000), o en The Arts Club Center, de Chicago (2004), por citar un par \u2013, en la escultura p\u00fablica \u2013repartida por Europa, Am\u00e9rica y Asia\u2013 y en sus colaboraciones interdisciplinarias para montajes oper\u00edsticos y teatrales, son el cuerpo y el texto, compartidos por el alma de Temporada Alta: el teatro. Y es que el arte contempor\u00e1neo, como suced\u00eda durante el Barroco, es un enamorado de los escenarios y de todo aquello que requiere del tiempo para suceder. Por eso, su cartel est\u00e1 lleno de palabras. Textos y mensajes aparecen a menudo en la obra de Plensa, ya que son inseparables del tiempo, constructor de la memoria y guardi\u00e1n del yo. A este artista le interesa aquello que deja poso \u2013un l\u00edquido misterioso, por ejemplo, en el interior de recipientes de cristal en <em>Glass Heads <\/em>(2003)\u2013 o que queda inscrito sobre la piel \u2013las poes\u00edas que cubren la escultura sedente <em>Tattoo<\/em> (2003)\u2013, como la palabra \u201cteatro\u201d bajo la piel transparente del rostro-m\u00e1scara, donde las vivencias llegan para quedarse, y tambi\u00e9n encima, tatuada en contacto con el mundo. Plensa percibe el tiempo como un \u00absedimentador de experiencias\u00bb, como el fen\u00f3meno demi\u00fargico que fija vivencias tan intensas como las que tienen lugar en el teatro, con los actores, con la palabra \u2013que tambi\u00e9n incluye, por medio de la ausencia, la vibraci\u00f3n del silencio-, y que desvelan la conciencia de ser personas, de ser rostro y m\u00e1scara, original y representaci\u00f3n.<\/p>\n\n\n\n<p><strong>Pere Parramon<\/strong><\/p>\n\n\n\n<p><a href=\"https:\/\/drive.google.com\/file\/d\/1gQuQBKm0YLjmyJXjY9i99yWzUSGFC4da\/view?usp=sharing\">Descarga el cartel<\/a><\/p>\n<\/div>","protected":false},"excerpt":{"rendered":"<p>El Canal estrena sus primeros espect\u00e1culos El Canal, Centro de Artes Esc\u00e9nicas de Salt \/ Girona estrena sus&#8230;<\/p>\n","protected":false},"author":35132,"featured_media":0,"parent":0,"menu_order":0,"comment_status":"closed","ping_status":"closed","template":"","meta":{"_acf_changed":false,"footnotes":""},"class_list":["post-98438","page","type-page","status-publish","hentry"],"acf":[],"yoast_head":"<!-- This site is optimized with the Yoast SEO plugin v27.0 - https:\/\/yoast.com\/product\/yoast-seo-wordpress\/ -->\n<title>Edici\u00f3n 2007 - Temporada Alta<\/title>\n<meta name=\"robots\" content=\"index, follow, max-snippet:-1, max-image-preview:large, max-video-preview:-1\" \/>\n<link rel=\"canonical\" href=\"https:\/\/temporada-alta.com\/es\/edicion-2007\/\" \/>\n<meta property=\"og:locale\" content=\"es_ES\" \/>\n<meta property=\"og:type\" content=\"article\" \/>\n<meta property=\"og:title\" content=\"Edici\u00f3n 2007 - Temporada Alta\" \/>\n<meta property=\"og:description\" content=\"El Canal estrena sus primeros espect\u00e1culos El Canal, Centro de Artes Esc\u00e9nicas de Salt \/ Girona estrena sus...\" \/>\n<meta property=\"og:url\" content=\"https:\/\/temporada-alta.com\/es\/edicion-2007\/\" \/>\n<meta property=\"og:site_name\" content=\"Temporada Alta\" \/>\n<meta property=\"article:modified_time\" content=\"2025-02-24T14:29:01+00:00\" \/>\n<meta property=\"og:image\" content=\"https:\/\/temporada-alta.com\/wp-content\/uploads\/068-copia-1.jpg\" \/>\n\t<meta property=\"og:image:width\" content=\"600\" \/>\n\t<meta property=\"og:image:height\" content=\"354\" \/>\n\t<meta property=\"og:image:type\" content=\"image\/jpeg\" \/>\n<meta name=\"twitter:card\" content=\"summary_large_image\" \/>\n<script type=\"application\/ld+json\" class=\"yoast-schema-graph\">{\"@context\":\"https:\/\/schema.org\",\"@graph\":[{\"@type\":\"WebPage\",\"@id\":\"https:\/\/temporada-alta.com\/es\/edicion-2007\/\",\"url\":\"https:\/\/temporada-alta.com\/es\/edicion-2007\/\",\"name\":\"Edici\u00f3n 2007 - Temporada Alta\",\"isPartOf\":{\"@id\":\"https:\/\/temporada-alta.com\/es\/#website\"},\"primaryImageOfPage\":{\"@id\":\"https:\/\/temporada-alta.com\/es\/edicion-2007\/#primaryimage\"},\"image\":{\"@id\":\"https:\/\/temporada-alta.com\/es\/edicion-2007\/#primaryimage\"},\"thumbnailUrl\":\"https:\/\/temporada-alta.com\/wp-content\/uploads\/068-copia-1.jpg\",\"datePublished\":\"2024-11-18T08:28:11+00:00\",\"dateModified\":\"2025-02-24T14:29:01+00:00\",\"breadcrumb\":{\"@id\":\"https:\/\/temporada-alta.com\/es\/edicion-2007\/#breadcrumb\"},\"inLanguage\":\"es\",\"potentialAction\":[{\"@type\":\"ReadAction\",\"target\":[\"https:\/\/temporada-alta.com\/es\/edicion-2007\/\"]}]},{\"@type\":\"ImageObject\",\"inLanguage\":\"es\",\"@id\":\"https:\/\/temporada-alta.com\/es\/edicion-2007\/#primaryimage\",\"url\":\"https:\/\/temporada-alta.com\/wp-content\/uploads\/068-copia-1.jpg\",\"contentUrl\":\"https:\/\/temporada-alta.com\/wp-content\/uploads\/068-copia-1.jpg\"},{\"@type\":\"BreadcrumbList\",\"@id\":\"https:\/\/temporada-alta.com\/es\/edicion-2007\/#breadcrumb\",\"itemListElement\":[{\"@type\":\"ListItem\",\"position\":1,\"name\":\"Inici\",\"item\":\"https:\/\/temporada-alta.com\/es\/\"},{\"@type\":\"ListItem\",\"position\":2,\"name\":\"Edici\u00f3n 2007\"}]},{\"@type\":\"WebSite\",\"@id\":\"https:\/\/temporada-alta.com\/es\/#website\",\"url\":\"https:\/\/temporada-alta.com\/es\/\",\"name\":\"Temporada Alta\",\"description\":\"Festival d&#039;Arts Esc\u00e8niques\",\"publisher\":{\"@id\":\"https:\/\/temporada-alta.com\/es\/#organization\"},\"potentialAction\":[{\"@type\":\"SearchAction\",\"target\":{\"@type\":\"EntryPoint\",\"urlTemplate\":\"https:\/\/temporada-alta.com\/es\/?s={search_term_string}\"},\"query-input\":{\"@type\":\"PropertyValueSpecification\",\"valueRequired\":true,\"valueName\":\"search_term_string\"}}],\"inLanguage\":\"es\"},{\"@type\":\"Organization\",\"@id\":\"https:\/\/temporada-alta.com\/es\/#organization\",\"name\":\"Temporada Alta\",\"url\":\"https:\/\/temporada-alta.com\/es\/\",\"logo\":{\"@type\":\"ImageObject\",\"inLanguage\":\"es\",\"@id\":\"https:\/\/temporada-alta.com\/es\/#\/schema\/logo\/image\/\",\"url\":\"https:\/\/temporada-alta.com\/wp-content\/uploads\/TA21-Logotip-pos.png\",\"contentUrl\":\"https:\/\/temporada-alta.com\/wp-content\/uploads\/TA21-Logotip-pos.png\",\"width\":800,\"height\":267,\"caption\":\"Temporada Alta\"},\"image\":{\"@id\":\"https:\/\/temporada-alta.com\/es\/#\/schema\/logo\/image\/\"}}]}<\/script>\n<!-- \/ Yoast SEO plugin. -->","yoast_head_json":{"title":"Edici\u00f3n 2007 - Temporada Alta","robots":{"index":"index","follow":"follow","max-snippet":"max-snippet:-1","max-image-preview":"max-image-preview:large","max-video-preview":"max-video-preview:-1"},"canonical":"https:\/\/temporada-alta.com\/es\/edicion-2007\/","og_locale":"es_ES","og_type":"article","og_title":"Edici\u00f3n 2007 - Temporada Alta","og_description":"El Canal estrena sus primeros espect\u00e1culos El Canal, Centro de Artes Esc\u00e9nicas de Salt \/ Girona estrena sus...","og_url":"https:\/\/temporada-alta.com\/es\/edicion-2007\/","og_site_name":"Temporada Alta","article_modified_time":"2025-02-24T14:29:01+00:00","og_image":[{"width":600,"height":354,"url":"https:\/\/temporada-alta.com\/wp-content\/uploads\/068-copia-1.jpg","type":"image\/jpeg"}],"twitter_card":"summary_large_image","schema":{"@context":"https:\/\/schema.org","@graph":[{"@type":"WebPage","@id":"https:\/\/temporada-alta.com\/es\/edicion-2007\/","url":"https:\/\/temporada-alta.com\/es\/edicion-2007\/","name":"Edici\u00f3n 2007 - Temporada Alta","isPartOf":{"@id":"https:\/\/temporada-alta.com\/es\/#website"},"primaryImageOfPage":{"@id":"https:\/\/temporada-alta.com\/es\/edicion-2007\/#primaryimage"},"image":{"@id":"https:\/\/temporada-alta.com\/es\/edicion-2007\/#primaryimage"},"thumbnailUrl":"https:\/\/temporada-alta.com\/wp-content\/uploads\/068-copia-1.jpg","datePublished":"2024-11-18T08:28:11+00:00","dateModified":"2025-02-24T14:29:01+00:00","breadcrumb":{"@id":"https:\/\/temporada-alta.com\/es\/edicion-2007\/#breadcrumb"},"inLanguage":"es","potentialAction":[{"@type":"ReadAction","target":["https:\/\/temporada-alta.com\/es\/edicion-2007\/"]}]},{"@type":"ImageObject","inLanguage":"es","@id":"https:\/\/temporada-alta.com\/es\/edicion-2007\/#primaryimage","url":"https:\/\/temporada-alta.com\/wp-content\/uploads\/068-copia-1.jpg","contentUrl":"https:\/\/temporada-alta.com\/wp-content\/uploads\/068-copia-1.jpg"},{"@type":"BreadcrumbList","@id":"https:\/\/temporada-alta.com\/es\/edicion-2007\/#breadcrumb","itemListElement":[{"@type":"ListItem","position":1,"name":"Inici","item":"https:\/\/temporada-alta.com\/es\/"},{"@type":"ListItem","position":2,"name":"Edici\u00f3n 2007"}]},{"@type":"WebSite","@id":"https:\/\/temporada-alta.com\/es\/#website","url":"https:\/\/temporada-alta.com\/es\/","name":"Temporada Alta","description":"Festival d&#039;Arts Esc\u00e8niques","publisher":{"@id":"https:\/\/temporada-alta.com\/es\/#organization"},"potentialAction":[{"@type":"SearchAction","target":{"@type":"EntryPoint","urlTemplate":"https:\/\/temporada-alta.com\/es\/?s={search_term_string}"},"query-input":{"@type":"PropertyValueSpecification","valueRequired":true,"valueName":"search_term_string"}}],"inLanguage":"es"},{"@type":"Organization","@id":"https:\/\/temporada-alta.com\/es\/#organization","name":"Temporada Alta","url":"https:\/\/temporada-alta.com\/es\/","logo":{"@type":"ImageObject","inLanguage":"es","@id":"https:\/\/temporada-alta.com\/es\/#\/schema\/logo\/image\/","url":"https:\/\/temporada-alta.com\/wp-content\/uploads\/TA21-Logotip-pos.png","contentUrl":"https:\/\/temporada-alta.com\/wp-content\/uploads\/TA21-Logotip-pos.png","width":800,"height":267,"caption":"Temporada Alta"},"image":{"@id":"https:\/\/temporada-alta.com\/es\/#\/schema\/logo\/image\/"}}]}},"_links":{"self":[{"href":"https:\/\/temporada-alta.com\/es\/wp-json\/wp\/v2\/pages\/98438","targetHints":{"allow":["GET"]}}],"collection":[{"href":"https:\/\/temporada-alta.com\/es\/wp-json\/wp\/v2\/pages"}],"about":[{"href":"https:\/\/temporada-alta.com\/es\/wp-json\/wp\/v2\/types\/page"}],"author":[{"embeddable":true,"href":"https:\/\/temporada-alta.com\/es\/wp-json\/wp\/v2\/users\/35132"}],"replies":[{"embeddable":true,"href":"https:\/\/temporada-alta.com\/es\/wp-json\/wp\/v2\/comments?post=98438"}],"version-history":[{"count":2,"href":"https:\/\/temporada-alta.com\/es\/wp-json\/wp\/v2\/pages\/98438\/revisions"}],"predecessor-version":[{"id":99612,"href":"https:\/\/temporada-alta.com\/es\/wp-json\/wp\/v2\/pages\/98438\/revisions\/99612"}],"wp:attachment":[{"href":"https:\/\/temporada-alta.com\/es\/wp-json\/wp\/v2\/media?parent=98438"}],"curies":[{"name":"wp","href":"https:\/\/api.w.org\/{rel}","templated":true}]}}