{"id":98431,"date":"2024-11-18T09:16:54","date_gmt":"2024-11-18T08:16:54","guid":{"rendered":"https:\/\/temporada-alta.com\/?page_id=98431"},"modified":"2025-02-24T15:24:20","modified_gmt":"2025-02-24T14:24:20","slug":"edicion-2008","status":"publish","type":"page","link":"https:\/\/temporada-alta.com\/es\/edicion-2008\/","title":{"rendered":"Edici\u00f3n 2008"},"content":{"rendered":"<div id=\"modal-ready\">\n<h3 class=\"wp-block-heading\"><strong>Un gran \u00e9xito de p\u00fablico<\/strong><\/h3>\n\n\n\n<p>Conseguimos la cifra m\u00e1s elevada de p\u00fablico y de ocupaci\u00f3n hasta el momento. T\u00edmidamente empezamos a coproducir espect\u00e1culos con festivales y teatros de fuera del pa\u00eds. <em>La marea<\/em> de Claudio Tolcahir y <em>La Pesca<\/em> de Ricardo Bart\u00eds son algunas de estas coproducciones. En cuanto al teatro hecho en casa, programamos y producimos artistas como Pau Mir\u00f3, Jordi Prat i Coll, Rosa Maria Sard\u00e0 o \u00c0lex Rigola.<\/p>\n\n\n\n<p>Espectaculos:<strong>&nbsp;67<\/strong> (+ cinema)<br>Coproducciones: <strong>18<\/strong><br>Estrenos:<strong>&nbsp;44<\/strong><br>Espectadores: <strong>44.035&nbsp;<\/strong>(total) \/ <strong>91,99%<\/strong>&nbsp;(ocupaci\u00f3n)<br>Sales:&nbsp;<strong>12<\/strong>&nbsp;(+ cinema)<br>Presupuesto: <strong>2.255.902,56<\/strong>&nbsp;\u20ac<\/p>\n\n\n\n<div class=\"wp-block-columns are-vertically-aligned-center has-white-color has-black-background-color has-text-color has-background has-link-color wp-elements-5e26cdc5e794130f482a03d8666a233f is-layout-flex wp-container-core-columns-is-layout-28f84493 wp-block-columns-is-layout-flex\">\n<div class=\"wp-block-column is-vertically-aligned-center is-layout-flow wp-block-column-is-layout-flow\">\n<figure class=\"wp-block-image size-full\"><img loading=\"lazy\" decoding=\"async\" width=\"600\" height=\"354\" src=\"https:\/\/temporada-alta.com\/wp-content\/uploads\/068-copia.jpg\" alt=\"\" class=\"wp-image-29388\" srcset=\"https:\/\/temporada-alta.com\/wp-content\/uploads\/068-copia.jpg 600w, https:\/\/temporada-alta.com\/wp-content\/uploads\/068-copia-300x177.jpg 300w\" sizes=\"auto, (max-width: 600px) 100vw, 600px\" \/><\/figure>\n<\/div>\n\n\n\n<div class=\"wp-block-column is-vertically-aligned-center is-layout-flow wp-block-column-is-layout-flow\">\n<h2 class=\"wp-block-heading has-text-align-center has-white-color has-text-color has-link-color wp-elements-07bf85a7f7d3b5bec9039621d8ff103f\"><strong>Documentos<\/strong><\/h2>\n\n\n\n<div class=\"wp-block-buttons is-vertical is-content-justification-center is-layout-flex wp-container-core-buttons-is-layout-0a0d504e wp-block-buttons-is-layout-flex\" style=\"margin-top:0;margin-bottom:0\">\n<div class=\"wp-block-button\"><a class=\"wp-block-button__link wp-element-button\" href=\"https:\/\/drive.google.com\/file\/d\/1rYZa8veCvmZR1hmUTMj9Wlas9vpTwMgE\/view?usp=sharing\" style=\"border-width:1px\">dosier presentaci\u00f3n<\/a><\/div>\n\n\n\n<div class=\"wp-block-button\"><a class=\"wp-block-button__link wp-element-button\" href=\"https:\/\/drive.google.com\/file\/d\/1i7qShxUv7uA85IJKgIT1JOUPoVEB81Gq\/view?usp=sharing\" style=\"border-width:1px\">balan\u00e7 de tancament<\/a><\/div>\n<\/div>\n<\/div>\n<\/div>\n\n\n\n<div class=\"wp-block-columns are-vertically-aligned-center is-layout-flex wp-container-core-columns-is-layout-28f84493 wp-block-columns-is-layout-flex\">\n<div class=\"wp-block-column is-vertically-aligned-center is-layout-flow wp-block-column-is-layout-flow\">\n<figure class=\"wp-block-image size-full is-resized\"><img loading=\"lazy\" decoding=\"async\" width=\"640\" height=\"892\" src=\"https:\/\/temporada-alta.com\/wp-content\/uploads\/CartellTA08.jpg\" alt=\"\" class=\"wp-image-34481\" style=\"width:423px;height:auto\" srcset=\"https:\/\/temporada-alta.com\/wp-content\/uploads\/CartellTA08.jpg 640w, https:\/\/temporada-alta.com\/wp-content\/uploads\/CartellTA08-215x300.jpg 215w\" sizes=\"auto, (max-width: 640px) 100vw, 640px\" \/><\/figure>\n<\/div>\n\n\n\n<div class=\"wp-block-column is-vertically-aligned-center is-layout-flow wp-block-column-is-layout-flow\">\n<h2 class=\"wp-block-heading\" style=\"margin-top:0;margin-bottom:0;padding-top:0;padding-bottom:0\"><span style=\"font-size: 2.14286rem; text-transform: inherit;\"><strong>Cartel\u00a02008, Antoni T\u00e0pies<\/strong><\/span><\/h2>\n\n\n\n<p style=\"margin-top:0;margin-bottom:0;padding-top:0;padding-bottom:0\">Antoni T\u00e0pies nace en Barcelona en 1923, en el sino de una familia burguesa, culta y catalanista, inmersa desde mediados de siglo XIX en una tradici\u00f3n editorial y cercana al mundo del libro que pronto despierta en el artista un amor por la lectura y por los libros.<br>Esta predisposici\u00f3n se ve acentuada en la larga convalecencia de una enfermedad pulmonar, durante la cual inicia sus tanteos art\u00edsticos. Progresivamente, se dedica con mayor intensidad al dibujo y a la pintura y, para poder dedicarse plenamente a ellos, acaba dejando los estudios de Derecho. En la d\u00e9cada de los a\u00f1os cuarenta, expone ya sus obras, que destacan en la panor\u00e1mica art\u00edstica del momento.<br>Part\u00edcipe de una sensibilidad generalizada que afecta a los artistas de ambos lados del Atl\u00e1ntico en relaci\u00f3n con la \u00e9poca de la Segunda Guerra Mundial y el lanzamiento de la bomba at\u00f3mica, Antoni T\u00e0pies expresa desde bien pronto un inter\u00e9s por la materia, la tierra, el polvo, los \u00e1tomos y las part\u00edculas, que se plasma formalmente en el uso de materiales ajenos a la expresi\u00f3n pl\u00e1stica academicista y en la experimentaci\u00f3n de nuevas t\u00e9cnicas. Las pinturas mat\u00e9ricas forman parte substancial de la obra de T\u00e0pies y constituyen un proyecto que sigue desarroll\u00e1ndose hoy en d\u00eda. T\u00e0pies cree que la noci\u00f3n de materia debe entenderse tambi\u00e9n desde la perspectiva del misticismo medieval como magia, m\u00edmesis y alquimia. Es en este sentido como debemos entender el deseo del artista que sus obras tengan el poder de transformar nuestro interior.<\/p>\n\n\n\n<p style=\"margin-top:0;margin-bottom:0;padding-top:0;padding-bottom:0\"><\/p>\n\n\n\n<p style=\"margin-top:0;margin-bottom:0;padding-top:0;padding-bottom:0\"><\/p>\n<\/div>\n<\/div>\n\n\n\n<p>Durante los a\u00f1os cincuenta y sesenta, Antoni T\u00e0pies ir\u00e1 elaborando una serie de im\u00e1genes extra\u00eddas de su entorno inmediato, que aparecer\u00e1n en las diferentes etapas de su evoluci\u00f3n.<br>A menudo, una misma imagen, adem\u00e1s de ser representada de diversas maneras, tendr\u00e1 una serie de significaciones diferenciadas que se ir\u00e1n superponiendo. Su mensaje se centra en la revaloraci\u00f3n de lo que se considera bajo, repulsivo, material (no es en vano que T\u00e0pies escoge a menudo temas tradicionalmente considerados desagradables y fetichistas, como pueden ser anos defecando, un zapato abandonado, un sobaco, un pie y otros).<br>As\u00ed mismo, la obra de Antoni T\u00e0pies ha sido siempre permeable a los acontecimientos pol\u00edticos y sociales del momento. A finales de los a\u00f1os sesenta y principios de los setenta, su compromiso pol\u00edtico contra la dictadura se intensifica y las obras de este per\u00edodo tienen un marcado car\u00e1cter de denuncia y de protesta. Coincidiendo con la eclosi\u00f3n del arte povera en Europa y el post-minimalismo en los EUA, T\u00e0pies acent\u00faa su trabajo con objetos, no mostr\u00e1ndolos tal como son, sino imprimi\u00e9ndoles su sello e incorpor\u00e1ndolos a su lenguaje. A principios de los a\u00f1os ochenta, una vez restaurado el Estado de Derecho en Espa\u00f1a, el inter\u00e9s de T\u00e0pies por la tela como soporte adquiere una fuerza renovada. Durante estos a\u00f1os, realiza obras con gomaespuma o con la t\u00e9cnica del espray, utiliza barnices y crea objetos y esculturas de tierra o de bronce, al mismo tiempo que se mantiene muy activo en el campo de la obra gr\u00e1fica. Por otro lado, a finales de los a\u00f1os ochenta, parece reforzarse el inter\u00e9s de T\u00e0pies por la cultura oriental, una preocupaci\u00f3n que ya se hab\u00eda estado gestando desde los a\u00f1os de la postguerra y que se convierte, cada vez m\u00e1s, en una influencia filos\u00f3fica fundamental en su obra por su \u00e9nfasis en lo que es material, por la identidad entre el hombre y la naturaleza y por la negaci\u00f3n del dualismo de nuestra sociedad. Igualmente, T\u00e0pies se siente atra\u00eddo por una nueva generaci\u00f3n de cient\u00edficos que contribuyen a dar una visi\u00f3n del universo que entiende la materia como un todo en cambio y formaci\u00f3n constantes.<br>Las obras de los \u00faltimos a\u00f1os constituyen, sobre todo, una reflexi\u00f3n sobre el dolor \u2013 tanto f\u00edsico como espiritual \u2013 entendido como parte integrante de la vida. Influido por el pensamiento budista, T\u00e0pies considera que un mayor conocimiento del dolor permite hacer m\u00e1s dulces sus efectos, y, por lo tanto, mejorar la calidad de vida. El paso del tiempo, que siempre ha sido una constante en la obra de T\u00e0pies, adquiere ahora nuevos matices al vivirse como una experiencia personal que implica un mejor autoconocimiento y una comprensi\u00f3n m\u00e1s clara del mundo que le rodea. Durante estos \u00faltimos a\u00f1os, Antoni T\u00e0pies ha consolidado un lenguaje art\u00edstico que traduce pl\u00e1sticamente, por un lado, su concepci\u00f3n del arte y, por otra, unas preocupaciones filos\u00f3ficas renovadas con el paso del tiempo. Su pr\u00e1ctica art\u00edstica continua permeable a la brutalidad del presente, y al mismo tiempo, ofrece una forma que, a pesar de su ductilidad, permanece fiel a sus or\u00edgenes. En este sentido, las obras de los \u00faltimos a\u00f1os no s\u00f3lo se inscriben en la contemporaneidad, sino que tambi\u00e9n son un registro del propio pasado del artista.<br>Paralelamente a la producci\u00f3n pict\u00f3rica y objetual, T\u00e0pies ha ido desarrollando, desde 1947, una actividad intensa en el campo de la obra gr\u00e1fica. En este sentido, conviene destacar que el artista ha realizado un gran n\u00famero de libros de bibli\u00f3filo y carpetas, en estrecha colaboraci\u00f3n con poetas y escritores como Alberti, Bonnefoy, Du Bouchet, Brodsky, Brossa, Daive, Dupin, Foix, Fr\u00e9mon, Gimferrer, Guill\u00e9n, Jab\u00e8s, Mestres Quadreny, Mitscherlich, Paz, Saramago, Takiguchi, Ull\u00e1n, Valente y Zambrano, entre otros.<br>As\u00ed mismo, Antoni T\u00e0pies ha desarrollado una tarea de ensayista que ha dado lugar a una serie de publicaciones, algunas de ellas, traducidas a diversos idiomas: <em>La pr\u00e1ctica del arte<\/em> (1970), <em>El arte contra la est\u00e9tica<\/em>, (1974), <em>Memoria personal<\/em> (1978), <em>La realidad como arte<\/em> (1982), <em>Por un arte moderno y progresista<\/em> (1985), <em>Valor del arte<\/em> (1993) y <em>El arte y sus lugares<\/em> (1999).<\/p>\n\n\n\n<p><strong>Biograf\u00eda facilitada por la Fundaci\u00f3n Antoni T\u00e0pies<\/strong><\/p>\n\n\n\n<p><a href=\"https:\/\/drive.google.com\/file\/d\/1MaBxAxToPpICUDyfGZYDeSHgsAfFj_Dt\/view?usp=sharing\">Descarga el cartel<\/a><\/p>\n<\/div>","protected":false},"excerpt":{"rendered":"<p>Un gran \u00e9xito de p\u00fablico Conseguimos la cifra m\u00e1s elevada de p\u00fablico y de ocupaci\u00f3n hasta el momento&#8230;.<\/p>\n","protected":false},"author":35132,"featured_media":0,"parent":0,"menu_order":0,"comment_status":"closed","ping_status":"closed","template":"","meta":{"_acf_changed":false,"footnotes":""},"class_list":["post-98431","page","type-page","status-publish","hentry"],"acf":[],"yoast_head":"<!-- This site is optimized with the Yoast SEO plugin v27.0 - https:\/\/yoast.com\/product\/yoast-seo-wordpress\/ -->\n<title>Edici\u00f3n 2008 - Temporada Alta<\/title>\n<meta name=\"robots\" content=\"index, follow, max-snippet:-1, max-image-preview:large, max-video-preview:-1\" \/>\n<link rel=\"canonical\" href=\"https:\/\/temporada-alta.com\/es\/edicion-2008\/\" \/>\n<meta property=\"og:locale\" content=\"es_ES\" \/>\n<meta property=\"og:type\" content=\"article\" \/>\n<meta property=\"og:title\" content=\"Edici\u00f3n 2008 - Temporada Alta\" \/>\n<meta property=\"og:description\" content=\"Un gran \u00e9xito de p\u00fablico Conseguimos la cifra m\u00e1s elevada de p\u00fablico y de ocupaci\u00f3n hasta el momento....\" \/>\n<meta property=\"og:url\" content=\"https:\/\/temporada-alta.com\/es\/edicion-2008\/\" \/>\n<meta property=\"og:site_name\" content=\"Temporada Alta\" \/>\n<meta property=\"article:modified_time\" content=\"2025-02-24T14:24:20+00:00\" \/>\n<meta property=\"og:image\" content=\"https:\/\/temporada-alta.com\/wp-content\/uploads\/068-copia.jpg\" \/>\n\t<meta property=\"og:image:width\" content=\"600\" \/>\n\t<meta property=\"og:image:height\" content=\"354\" \/>\n\t<meta property=\"og:image:type\" content=\"image\/jpeg\" \/>\n<meta name=\"twitter:card\" content=\"summary_large_image\" \/>\n<script type=\"application\/ld+json\" class=\"yoast-schema-graph\">{\"@context\":\"https:\/\/schema.org\",\"@graph\":[{\"@type\":\"WebPage\",\"@id\":\"https:\/\/temporada-alta.com\/es\/edicion-2008\/\",\"url\":\"https:\/\/temporada-alta.com\/es\/edicion-2008\/\",\"name\":\"Edici\u00f3n 2008 - Temporada Alta\",\"isPartOf\":{\"@id\":\"https:\/\/temporada-alta.com\/es\/#website\"},\"primaryImageOfPage\":{\"@id\":\"https:\/\/temporada-alta.com\/es\/edicion-2008\/#primaryimage\"},\"image\":{\"@id\":\"https:\/\/temporada-alta.com\/es\/edicion-2008\/#primaryimage\"},\"thumbnailUrl\":\"https:\/\/temporada-alta.com\/wp-content\/uploads\/068-copia.jpg\",\"datePublished\":\"2024-11-18T08:16:54+00:00\",\"dateModified\":\"2025-02-24T14:24:20+00:00\",\"breadcrumb\":{\"@id\":\"https:\/\/temporada-alta.com\/es\/edicion-2008\/#breadcrumb\"},\"inLanguage\":\"es\",\"potentialAction\":[{\"@type\":\"ReadAction\",\"target\":[\"https:\/\/temporada-alta.com\/es\/edicion-2008\/\"]}]},{\"@type\":\"ImageObject\",\"inLanguage\":\"es\",\"@id\":\"https:\/\/temporada-alta.com\/es\/edicion-2008\/#primaryimage\",\"url\":\"https:\/\/temporada-alta.com\/wp-content\/uploads\/068-copia.jpg\",\"contentUrl\":\"https:\/\/temporada-alta.com\/wp-content\/uploads\/068-copia.jpg\"},{\"@type\":\"BreadcrumbList\",\"@id\":\"https:\/\/temporada-alta.com\/es\/edicion-2008\/#breadcrumb\",\"itemListElement\":[{\"@type\":\"ListItem\",\"position\":1,\"name\":\"Inici\",\"item\":\"https:\/\/temporada-alta.com\/es\/\"},{\"@type\":\"ListItem\",\"position\":2,\"name\":\"Edici\u00f3n 2008\"}]},{\"@type\":\"WebSite\",\"@id\":\"https:\/\/temporada-alta.com\/es\/#website\",\"url\":\"https:\/\/temporada-alta.com\/es\/\",\"name\":\"Temporada Alta\",\"description\":\"Festival d&#039;Arts Esc\u00e8niques\",\"publisher\":{\"@id\":\"https:\/\/temporada-alta.com\/es\/#organization\"},\"potentialAction\":[{\"@type\":\"SearchAction\",\"target\":{\"@type\":\"EntryPoint\",\"urlTemplate\":\"https:\/\/temporada-alta.com\/es\/?s={search_term_string}\"},\"query-input\":{\"@type\":\"PropertyValueSpecification\",\"valueRequired\":true,\"valueName\":\"search_term_string\"}}],\"inLanguage\":\"es\"},{\"@type\":\"Organization\",\"@id\":\"https:\/\/temporada-alta.com\/es\/#organization\",\"name\":\"Temporada Alta\",\"url\":\"https:\/\/temporada-alta.com\/es\/\",\"logo\":{\"@type\":\"ImageObject\",\"inLanguage\":\"es\",\"@id\":\"https:\/\/temporada-alta.com\/es\/#\/schema\/logo\/image\/\",\"url\":\"https:\/\/temporada-alta.com\/wp-content\/uploads\/TA21-Logotip-pos.png\",\"contentUrl\":\"https:\/\/temporada-alta.com\/wp-content\/uploads\/TA21-Logotip-pos.png\",\"width\":800,\"height\":267,\"caption\":\"Temporada Alta\"},\"image\":{\"@id\":\"https:\/\/temporada-alta.com\/es\/#\/schema\/logo\/image\/\"}}]}<\/script>\n<!-- \/ Yoast SEO plugin. -->","yoast_head_json":{"title":"Edici\u00f3n 2008 - Temporada Alta","robots":{"index":"index","follow":"follow","max-snippet":"max-snippet:-1","max-image-preview":"max-image-preview:large","max-video-preview":"max-video-preview:-1"},"canonical":"https:\/\/temporada-alta.com\/es\/edicion-2008\/","og_locale":"es_ES","og_type":"article","og_title":"Edici\u00f3n 2008 - Temporada Alta","og_description":"Un gran \u00e9xito de p\u00fablico Conseguimos la cifra m\u00e1s elevada de p\u00fablico y de ocupaci\u00f3n hasta el momento....","og_url":"https:\/\/temporada-alta.com\/es\/edicion-2008\/","og_site_name":"Temporada Alta","article_modified_time":"2025-02-24T14:24:20+00:00","og_image":[{"width":600,"height":354,"url":"https:\/\/temporada-alta.com\/wp-content\/uploads\/068-copia.jpg","type":"image\/jpeg"}],"twitter_card":"summary_large_image","schema":{"@context":"https:\/\/schema.org","@graph":[{"@type":"WebPage","@id":"https:\/\/temporada-alta.com\/es\/edicion-2008\/","url":"https:\/\/temporada-alta.com\/es\/edicion-2008\/","name":"Edici\u00f3n 2008 - Temporada Alta","isPartOf":{"@id":"https:\/\/temporada-alta.com\/es\/#website"},"primaryImageOfPage":{"@id":"https:\/\/temporada-alta.com\/es\/edicion-2008\/#primaryimage"},"image":{"@id":"https:\/\/temporada-alta.com\/es\/edicion-2008\/#primaryimage"},"thumbnailUrl":"https:\/\/temporada-alta.com\/wp-content\/uploads\/068-copia.jpg","datePublished":"2024-11-18T08:16:54+00:00","dateModified":"2025-02-24T14:24:20+00:00","breadcrumb":{"@id":"https:\/\/temporada-alta.com\/es\/edicion-2008\/#breadcrumb"},"inLanguage":"es","potentialAction":[{"@type":"ReadAction","target":["https:\/\/temporada-alta.com\/es\/edicion-2008\/"]}]},{"@type":"ImageObject","inLanguage":"es","@id":"https:\/\/temporada-alta.com\/es\/edicion-2008\/#primaryimage","url":"https:\/\/temporada-alta.com\/wp-content\/uploads\/068-copia.jpg","contentUrl":"https:\/\/temporada-alta.com\/wp-content\/uploads\/068-copia.jpg"},{"@type":"BreadcrumbList","@id":"https:\/\/temporada-alta.com\/es\/edicion-2008\/#breadcrumb","itemListElement":[{"@type":"ListItem","position":1,"name":"Inici","item":"https:\/\/temporada-alta.com\/es\/"},{"@type":"ListItem","position":2,"name":"Edici\u00f3n 2008"}]},{"@type":"WebSite","@id":"https:\/\/temporada-alta.com\/es\/#website","url":"https:\/\/temporada-alta.com\/es\/","name":"Temporada Alta","description":"Festival d&#039;Arts Esc\u00e8niques","publisher":{"@id":"https:\/\/temporada-alta.com\/es\/#organization"},"potentialAction":[{"@type":"SearchAction","target":{"@type":"EntryPoint","urlTemplate":"https:\/\/temporada-alta.com\/es\/?s={search_term_string}"},"query-input":{"@type":"PropertyValueSpecification","valueRequired":true,"valueName":"search_term_string"}}],"inLanguage":"es"},{"@type":"Organization","@id":"https:\/\/temporada-alta.com\/es\/#organization","name":"Temporada Alta","url":"https:\/\/temporada-alta.com\/es\/","logo":{"@type":"ImageObject","inLanguage":"es","@id":"https:\/\/temporada-alta.com\/es\/#\/schema\/logo\/image\/","url":"https:\/\/temporada-alta.com\/wp-content\/uploads\/TA21-Logotip-pos.png","contentUrl":"https:\/\/temporada-alta.com\/wp-content\/uploads\/TA21-Logotip-pos.png","width":800,"height":267,"caption":"Temporada Alta"},"image":{"@id":"https:\/\/temporada-alta.com\/es\/#\/schema\/logo\/image\/"}}]}},"_links":{"self":[{"href":"https:\/\/temporada-alta.com\/es\/wp-json\/wp\/v2\/pages\/98431","targetHints":{"allow":["GET"]}}],"collection":[{"href":"https:\/\/temporada-alta.com\/es\/wp-json\/wp\/v2\/pages"}],"about":[{"href":"https:\/\/temporada-alta.com\/es\/wp-json\/wp\/v2\/types\/page"}],"author":[{"embeddable":true,"href":"https:\/\/temporada-alta.com\/es\/wp-json\/wp\/v2\/users\/35132"}],"replies":[{"embeddable":true,"href":"https:\/\/temporada-alta.com\/es\/wp-json\/wp\/v2\/comments?post=98431"}],"version-history":[{"count":2,"href":"https:\/\/temporada-alta.com\/es\/wp-json\/wp\/v2\/pages\/98431\/revisions"}],"predecessor-version":[{"id":99607,"href":"https:\/\/temporada-alta.com\/es\/wp-json\/wp\/v2\/pages\/98431\/revisions\/99607"}],"wp:attachment":[{"href":"https:\/\/temporada-alta.com\/es\/wp-json\/wp\/v2\/media?parent=98431"}],"curies":[{"name":"wp","href":"https:\/\/api.w.org\/{rel}","templated":true}]}}