{"id":98333,"date":"2024-11-15T11:25:32","date_gmt":"2024-11-15T10:25:32","guid":{"rendered":"https:\/\/temporada-alta.com\/?page_id=98333"},"modified":"2025-02-24T14:45:08","modified_gmt":"2025-02-24T13:45:08","slug":"edicion-2014","status":"publish","type":"page","link":"https:\/\/temporada-alta.com\/es\/edicion-2014\/","title":{"rendered":"Edici\u00f3n 2014"},"content":{"rendered":"<div id=\"modal-ready\">\n<h3 class=\"wp-block-heading\"><strong>Una de las ediciones m\u00e1s potentes y equilibrada<\/strong><\/h3>\n\n\n\n<p>Vig\u00e9sima tercera edici\u00f3n de Temporada Alta, una de las m\u00e1s potentes y equilibradas, con la presencia de grandes nombres internacionales (Brett Bailey, Peter Brook, Alain Platel \u2026) y una fuerte apuesta por la creaci\u00f3n nacional. A pesar de seguir sumidos en una situaci\u00f3n econ\u00f3mica complicada, trabajamos para la internacionalizaci\u00f3n. Tejemos cada vez m\u00e1s estructuras de relaci\u00f3n con la escena internacional para ayudar a las nuevas generaciones de creadores catalanes a relacionarse con otros pa\u00edses y presentar sus creaciones fuera de Catalunya.<\/p>\n\n\n\n<p>Espect\u00e1culos:&nbsp;<strong>89<\/strong>&nbsp;(+ cinema)<br>Coproducciones: <strong>28<\/strong><br>Estrenos:<strong>&nbsp;44&nbsp;<\/strong>(+ 3 cinema)<br>Espectadores: <strong>53.961&nbsp;<\/strong>(total) \/ <strong>94,12%<\/strong>&nbsp;(ocupaci\u00f3n)<br>Sales: 20(+ cinema)<br>Presupuesto: <strong>2.817.136,03<\/strong>&nbsp;\u20ac<\/p>\n\n\n\n<div class=\"wp-block-buttons is-content-justification-center is-layout-flex wp-container-core-buttons-is-layout-a89b3969 wp-block-buttons-is-layout-flex\">\n<div class=\"wp-block-button\"><a class=\"wp-block-button__link has-black-color has-white-background-color has-text-color has-background has-link-color wp-element-button\" href=\"https:\/\/temporada-alta.com\/events\/category\/2014\/\" style=\"border-width:1px\" rel=\" nofollow\">PROGRAMACI\u00d3n 2014<\/a><\/div>\n<\/div>\n\n\n\n<div class=\"wp-block-columns are-vertically-aligned-center has-white-color has-black-background-color has-text-color has-background has-link-color wp-elements-c2bec2ddca1be98248d1bb8cf1239ec5 is-layout-flex wp-container-core-columns-is-layout-28f84493 wp-block-columns-is-layout-flex\">\n<div class=\"wp-block-column is-vertically-aligned-center is-layout-flow wp-block-column-is-layout-flow\">\n<figure class=\"wp-block-image size-full\"><img loading=\"lazy\" decoding=\"async\" width=\"1796\" height=\"1060\" src=\"https:\/\/temporada-alta.com\/wp-content\/uploads\/terra_baixa_cartell_v01..jpg\" alt=\"\" class=\"wp-image-24133\" srcset=\"https:\/\/temporada-alta.com\/wp-content\/uploads\/terra_baixa_cartell_v01..jpg 1796w, https:\/\/temporada-alta.com\/wp-content\/uploads\/terra_baixa_cartell_v01.-300x177.jpg 300w, https:\/\/temporada-alta.com\/wp-content\/uploads\/terra_baixa_cartell_v01.-768x453.jpg 768w, https:\/\/temporada-alta.com\/wp-content\/uploads\/terra_baixa_cartell_v01.-1024x604.jpg 1024w\" sizes=\"auto, (max-width: 1796px) 100vw, 1796px\" \/><\/figure>\n<\/div>\n\n\n\n<div class=\"wp-block-column is-vertically-aligned-center is-layout-flow wp-block-column-is-layout-flow\">\n<h2 class=\"wp-block-heading has-text-align-center has-white-color has-text-color has-link-color wp-elements-07bf85a7f7d3b5bec9039621d8ff103f\"><strong>Documentos<\/strong><\/h2>\n\n\n\n<div class=\"wp-block-buttons is-vertical is-content-justification-center is-layout-flex wp-container-core-buttons-is-layout-0a0d504e wp-block-buttons-is-layout-flex\" style=\"margin-top:0;margin-bottom:0\">\n<div class=\"wp-block-button\"><a class=\"wp-block-button__link wp-element-button\" href=\"https:\/\/drive.google.com\/file\/d\/1qYnB5NHJ4bZBTGTtIjeEk7HO2Vs08vJm\/view\" style=\"border-width:1px\">dosier presentaci\u00f3n<\/a><\/div>\n\n\n\n<div class=\"wp-block-button\"><a class=\"wp-block-button__link wp-element-button\" href=\"https:\/\/drive.google.com\/file\/d\/1dNpBmj0CiqffZWPe1DRPVNEB3rpxNIW6\/view\" style=\"border-width:1px\">balance de cierre<\/a><\/div>\n<\/div>\n<\/div>\n<\/div>\n\n\n\n<div class=\"wp-block-columns are-vertically-aligned-center is-layout-flex wp-container-core-columns-is-layout-28f84493 wp-block-columns-is-layout-flex\">\n<div class=\"wp-block-column is-vertically-aligned-center is-layout-flow wp-block-column-is-layout-flow\">\n<figure class=\"wp-block-image size-full is-resized\"><img loading=\"lazy\" decoding=\"async\" width=\"2480\" height=\"3508\" src=\"https:\/\/temporada-alta.com\/wp-content\/uploads\/cartell_2014.jpg\" alt=\"\" class=\"wp-image-22161\" style=\"width:423px;height:auto\" srcset=\"https:\/\/temporada-alta.com\/wp-content\/uploads\/cartell_2014.jpg 2480w, https:\/\/temporada-alta.com\/wp-content\/uploads\/cartell_2014-212x300.jpg 212w, https:\/\/temporada-alta.com\/wp-content\/uploads\/cartell_2014-768x1086.jpg 768w, https:\/\/temporada-alta.com\/wp-content\/uploads\/cartell_2014-724x1024.jpg 724w\" sizes=\"auto, (max-width: 2480px) 100vw, 2480px\" \/><\/figure>\n<\/div>\n\n\n\n<div class=\"wp-block-column is-vertically-aligned-center is-layout-flow wp-block-column-is-layout-flow\">\n<h2 class=\"wp-block-heading\" style=\"margin-top:0;margin-bottom:0;padding-top:0;padding-bottom:0\"><span style=\"font-size: 2.14286rem; text-transform: inherit;\"><strong>Cartel&nbsp;2014, Eul\u00e0lia Valldosera<\/strong><\/span><\/h2>\n\n\n\n<p style=\"margin-top:0;margin-bottom:0;padding-top:0;padding-bottom:0\">\u201cEs una imagen que forma parte de un trabajo m\u00e1s amplio\u201d, explica Eul\u00e0lia Valldosera sobre la botella que protagoniza el cartel de la pr\u00f3xima edici\u00f3n del festival Temporada Alta. \u201cLlevo muchos a\u00f1os trabajando con recipientes de jab\u00f3n \u2013a\u00f1ade la artista- porque son objetos muy impersonales, porque no se puede hacer de ellos un fetiche. No les damos valor, pero el origen ancestral de los contenedores ha fundamentado la comunidad por la capacidad que tienen de almacenar\u201d. A partir de esta botella de pl\u00e1stico se pueden plantear diversas cuestiones: \u00bfforma parte del atrezzo de un espect\u00e1culo y, por lo tanto es un reflejo del actor que la ha usado? \u00bfEl hecho que el envase pueda pertenecer a un detergente, puede ser una met\u00e1fora de la catarsis que se produce a trav\u00e9s del arte? Pero se produce un hecho que llama la atenci\u00f3n y que provoca que la lectura de la pieza no sea tan inmediata: la botella est\u00e1 llena. \u201cHay una lectura de fondo de que estamos delante de un objeto que est\u00e1 da\u00f1ado, un objeto de desperdicio \u2013comenta la artista-. De alguna manera habla de la relaci\u00f3n entre el continente y el contenido, de la relaci\u00f3n entre el aspecto f\u00edsico y el aspecto an\u00edmico\u201d.<\/p>\n<\/div>\n<\/div>\n\n\n\n<p>Al final, la imagen del cartel, este personaje que no pierde la dignidad a pesar de los golpes que ha recibido, representa una \u201cmet\u00e1fora del artista, del actor, del creador, en la medida que es un contenedor que canaliza la inspiraci\u00f3n. A trav\u00e9s del artista fluye la inspiraci\u00f3n, venga de donde venga\u201d. La inspiraci\u00f3n, concluye la artista, puede provenir del imaginario colectivo, y la boca de la botella hace referencia a los gestos y a los interrogantes que formula y tambi\u00e9n a la comunicaci\u00f3n con la comunidad. Otra idea que planea sobre la obra es la del reciclaje. \u201cMe niego a producir artificialmente objetos, me niego a entender mi trabajo como una productora, como una f\u00e1brica capitalista, de un objeto detr\u00e1s del otro, que lleva una marca propia, un logo, una firma y que, por lo tanto, tiene un valor\u201d, insiste la artista.<br>Eul\u00e0lia Valldosera empez\u00f3 a trabajar con envases de pl\u00e1stico a principios de los a\u00f1os 2000. A menudo los ha situado en instalaciones hechas con elementos fr\u00e1giles \u2013un foco, un proyector de diapositivas- que recuerdan una obra de teatro montada con poco dinero, porque lo m\u00e1s importante es que el texto llegue al p\u00fablico sin tropiezos y despegue.&nbsp;\u201cLa puesta en escena del arte contempor\u00e1neo tiene una serie de convencionalismos\u201d, dice la artista. \u201cEl museo debe tener las paredes blancas, hay un marco, y con mis trabajos cuestiono este marco, la frontera entre lo que es arte y lo que es vida \u2013a\u00f1ade-. Utilizo las paredes blancas como un contenedor, como un recept\u00e1culo, como una pantalla donde proyecto luces y sombras, im\u00e1genes en movimiento\u2026 Esta asepsia de los museos, yo la comparo con los hospitales\u201d.<\/p>\n\n\n\n<p>Antoni Ribas<\/p>\n\n\n\n<h2 class=\"wp-block-heading\"><strong>Eul\u00e0lia Valldosera<\/strong><\/h2>\n\n\n\n<p>(Vilafranca del Pened\u00e8s, 1963) est\u00e1 considerada como una de las artistas m\u00e1s relevantes de su generaci\u00f3n. En 2002 fue galardonada con el Premi Nacional d\u2019Arts Pl\u00e0stiques a ra\u00edz de la exposici\u00f3n retrospectiva que present\u00f3 en la Fundaci\u00f3 Antoni T\u00e0pies \u2013<em>Eul\u00e0lia Valldosera. Obres 1990-2000<\/em>\u2013 y est\u00e1 representada en museos como El Museo Reina Sof\u00eda, el MACBA y la colecci\u00f3n de arte contempor\u00e1neo de la Fundaci\u00f3 La Caixa. En 2009 el Museo Reina Sof\u00eda le dedic\u00f3 otra retrospectiva, titulada <em>Depend\u00e8ncies<\/em>. En este sentido, Valldosera ha participado en eventos art\u00edsticos internacionales como la Bienal de Venecia, la Bienal de Sao Paulo, la Bienal de Istanbul y el Skulptur Projekte de Munster.<br>Formada en la Escola de Belles Arts de Barcelona y en la Gerrit Rietveld Academie de \u00c1msterdam, donde comenz\u00f3 su carrera a principios de los 90, Eul\u00e0lia Valldosera abandon\u00f3 la pintura para empezar a explorar temas como la identidad de la mujer y el cuerpo a trav\u00e9s de la fotograf\u00eda, las proyecciones y el v\u00eddeo. Sus instalaciones cuestionan, adem\u00e1s, el car\u00e1cter objetual y mercantil de las obras de arte.<\/p>\n\n\n\n<p><a href=\"https:\/\/drive.google.com\/file\/d\/1UG3LSSrySYITkAorV5dMVlATNhTVZ2oZ\/view?usp=sharing\">Descarga el cartel<\/a><\/p>\n\n\n\n<div class=\"wp-block-columns are-vertically-aligned-center is-layout-flex wp-container-core-columns-is-layout-28f84493 wp-block-columns-is-layout-flex\">\n<div class=\"wp-block-column is-vertically-aligned-center is-layout-flow wp-block-column-is-layout-flow\">\n<figure class=\"wp-block-image size-full\"><img loading=\"lazy\" decoding=\"async\" width=\"600\" height=\"354\" src=\"https:\/\/temporada-alta.com\/wp-content\/uploads\/2-36.jpg\" alt=\"\" class=\"wp-image-98322\"\/><\/figure>\n<\/div>\n\n\n\n<div class=\"wp-block-column is-vertically-aligned-center is-layout-flow wp-block-column-is-layout-flow\">\n<h2 class=\"wp-block-heading\"><strong>Corto 2014, A<em>&nbsp;spanish odyssey<\/em><\/strong><\/h2>\n\n\n\n<p>El origen de la idea del v\u00eddeo promocional de Temporada Alta de este a\u00f1o es el famoso plano en el que un hueso tirado por un hom\u00ednido va volando por los aires hasta convertirse en una nave espacial. La elipsis m\u00e1s larga de la historia del cine.<br>El origen y la meta. Esta es la pregunta: \u00bfhacia d\u00f3nde estamos yendo? La idea es que siempre hay que ir a mejor, progresar. Sin embargo, parece que ya hace tiempo que no estamos siendo muy fieles a esta idea.<\/p>\n<\/div>\n<\/div>\n\n\n\n<p><strong>El progreso y las especies:<\/strong><br>El progreso es lo que ha hecho que despu\u00e9s de unos cuantos miles de a\u00f1os seamos tan diferentes y hayamos transformado tanto el mundo. Otras especies, en cambio, son pr\u00e1cticamente igual ahora que hace miles de a\u00f1os. Un ejemplo de ello es el escorpi\u00f3n, que adem\u00e1s es de los pocos animales capaz de matarse a s\u00ed mismo (o eso dicen).<br>Otro animal que lo puede hacer es, sin duda, el hombre.<br>Ya que el tema de fondo de la pieza es la situaci\u00f3n que vive el mundo de la cultura en Espa\u00f1a, la presencia de un escorpi\u00f3n pase\u00e1ndose tranquilamente por encima de una calavera adquiere sentido.<br>Pues bien, una vez ya hemos visto que se trata de un homenaje-parodia a la pel\u00edcula en cuesti\u00f3n y hemos explicado todo esto del progreso, vemos que el hueso no se convierte en una s\u00faper nave espacial del futuro como en la pel\u00edcula de Stanley Kubrick, sino que simplemente se pierde en la inmensidad. Lo que deb\u00eda ser la elipsis temporal m\u00e1s larga de la historia, finalmente se ha convertido en una elipsis bien corta. Lo primero que vemos es el actor. El actor que hab\u00eda interpretado el papel del hom\u00ednido y que ahora ya hace horas o d\u00edas que anda perdido, medio muerto de sed y de hambre.<br>El actor, pues, se quita la m\u00e1scara y nos ense\u00f1a la cara. Vemos que es Jordi Vilches, el m\u00e1s grande actor de Salt. Est\u00e1 desmejorado y abatido, la traves\u00eda de este desierto lo ha dejado muy \u201ctocado\u201d y s\u00f3lo sobrevivir\u00e1 si el destino le hace un regalo. Esta intervenci\u00f3n divina llega en forma de botella de agua ca\u00edda del cielo.<br>Loco de esperanza, se lanza con todas sus fuerzas porque unas pocas gotitas de agua le salvar\u00edan la vida.<br>Desgraciadamente, sin embargo, no hay agua en la botella. No hay milagro. La suerte, el destino o una divinidad no lo salvar\u00e1n. Grita de desesperaci\u00f3n. Aquella tierra inh\u00f3spita lo ha matado. Es el final. O puede que no. De hecho no. Porque en cualquier desierto siempre se puede encontrar un oasis.<\/p>\n\n\n\n<p><strong>Salvador Sunyer y Vidal<\/strong><\/p>\n\n\n\n<p><strong>El escritor Josep Maria Fonalleras ha dicho:<\/strong><\/p>\n\n\n\n<p><em>En el spot promocional de Temporada Alta hay un desierto. En el desierto, \u00bfel mono se vuelve humano porque puede calmar la sed con la gota salv\u00edfica que a\u00fan contiene la botella o es justamente porque ya empieza a serlo (humano) que se dirige a la botella, sabedor de que no contiene s\u00f3lo el l\u00edquido que lo calmar\u00e1 sino la esencia de lo que ser\u00e1 permanencia y reflexi\u00f3n, es decir dolor?<\/em><\/p>\n\n\n\n<figure class=\"wp-block-embed is-type-video is-provider-youtube wp-block-embed-youtube wp-embed-aspect-16-9 wp-has-aspect-ratio\"><div class=\"wp-block-embed__wrapper\">\n<iframe loading=\"lazy\" title=\"Spanish Odyssey - Espot de Temporada Alta 2014\" width=\"500\" height=\"281\" src=\"https:\/\/www.youtube.com\/embed\/ZcMobrvNjQM?feature=oembed&#038;enablejsapi=1&#038;origin=https:\/\/temporada-alta.com\" frameborder=\"0\" allow=\"accelerometer; autoplay; clipboard-write; encrypted-media; gyroscope; picture-in-picture; web-share\" referrerpolicy=\"strict-origin-when-cross-origin\" allowfullscreen><\/iframe>\n<\/div><\/figure>\n<\/div>","protected":false},"excerpt":{"rendered":"<p>Una de las ediciones m\u00e1s potentes y equilibrada Vig\u00e9sima tercera edici\u00f3n de Temporada Alta, una de las m\u00e1s&#8230;<\/p>\n","protected":false},"author":35132,"featured_media":0,"parent":0,"menu_order":0,"comment_status":"closed","ping_status":"closed","template":"","meta":{"_acf_changed":false,"footnotes":""},"class_list":["post-98333","page","type-page","status-publish","hentry"],"acf":[],"yoast_head":"<!-- This site is optimized with the Yoast SEO plugin v27.0 - https:\/\/yoast.com\/product\/yoast-seo-wordpress\/ -->\n<title>Edici\u00f3n 2014 - Temporada Alta<\/title>\n<meta name=\"robots\" content=\"index, follow, max-snippet:-1, max-image-preview:large, max-video-preview:-1\" \/>\n<link rel=\"canonical\" href=\"https:\/\/temporada-alta.com\/es\/edicion-2014\/\" \/>\n<meta property=\"og:locale\" content=\"es_ES\" \/>\n<meta property=\"og:type\" content=\"article\" \/>\n<meta property=\"og:title\" content=\"Edici\u00f3n 2014 - Temporada Alta\" \/>\n<meta property=\"og:description\" content=\"Una de las ediciones m\u00e1s potentes y equilibrada Vig\u00e9sima tercera edici\u00f3n de Temporada Alta, una de las m\u00e1s...\" \/>\n<meta property=\"og:url\" content=\"https:\/\/temporada-alta.com\/es\/edicion-2014\/\" \/>\n<meta property=\"og:site_name\" content=\"Temporada Alta\" \/>\n<meta property=\"article:modified_time\" content=\"2025-02-24T13:45:08+00:00\" \/>\n<meta property=\"og:image\" content=\"https:\/\/temporada-alta.com\/wp-content\/uploads\/terra_baixa_cartell_v01..jpg\" \/>\n\t<meta property=\"og:image:width\" content=\"1796\" \/>\n\t<meta property=\"og:image:height\" content=\"1060\" \/>\n\t<meta property=\"og:image:type\" content=\"image\/jpeg\" \/>\n<meta name=\"twitter:card\" content=\"summary_large_image\" \/>\n<script type=\"application\/ld+json\" class=\"yoast-schema-graph\">{\"@context\":\"https:\/\/schema.org\",\"@graph\":[{\"@type\":\"WebPage\",\"@id\":\"https:\/\/temporada-alta.com\/es\/edicion-2014\/\",\"url\":\"https:\/\/temporada-alta.com\/es\/edicion-2014\/\",\"name\":\"Edici\u00f3n 2014 - Temporada Alta\",\"isPartOf\":{\"@id\":\"https:\/\/temporada-alta.com\/es\/#website\"},\"primaryImageOfPage\":{\"@id\":\"https:\/\/temporada-alta.com\/es\/edicion-2014\/#primaryimage\"},\"image\":{\"@id\":\"https:\/\/temporada-alta.com\/es\/edicion-2014\/#primaryimage\"},\"thumbnailUrl\":\"https:\/\/temporada-alta.com\/wp-content\/uploads\/terra_baixa_cartell_v01..jpg\",\"datePublished\":\"2024-11-15T10:25:32+00:00\",\"dateModified\":\"2025-02-24T13:45:08+00:00\",\"breadcrumb\":{\"@id\":\"https:\/\/temporada-alta.com\/es\/edicion-2014\/#breadcrumb\"},\"inLanguage\":\"es\",\"potentialAction\":[{\"@type\":\"ReadAction\",\"target\":[\"https:\/\/temporada-alta.com\/es\/edicion-2014\/\"]}]},{\"@type\":\"ImageObject\",\"inLanguage\":\"es\",\"@id\":\"https:\/\/temporada-alta.com\/es\/edicion-2014\/#primaryimage\",\"url\":\"https:\/\/temporada-alta.com\/wp-content\/uploads\/terra_baixa_cartell_v01..jpg\",\"contentUrl\":\"https:\/\/temporada-alta.com\/wp-content\/uploads\/terra_baixa_cartell_v01..jpg\"},{\"@type\":\"BreadcrumbList\",\"@id\":\"https:\/\/temporada-alta.com\/es\/edicion-2014\/#breadcrumb\",\"itemListElement\":[{\"@type\":\"ListItem\",\"position\":1,\"name\":\"Inici\",\"item\":\"https:\/\/temporada-alta.com\/es\/\"},{\"@type\":\"ListItem\",\"position\":2,\"name\":\"Edici\u00f3n 2014\"}]},{\"@type\":\"WebSite\",\"@id\":\"https:\/\/temporada-alta.com\/es\/#website\",\"url\":\"https:\/\/temporada-alta.com\/es\/\",\"name\":\"Temporada Alta\",\"description\":\"Festival d&#039;Arts Esc\u00e8niques\",\"publisher\":{\"@id\":\"https:\/\/temporada-alta.com\/es\/#organization\"},\"potentialAction\":[{\"@type\":\"SearchAction\",\"target\":{\"@type\":\"EntryPoint\",\"urlTemplate\":\"https:\/\/temporada-alta.com\/es\/?s={search_term_string}\"},\"query-input\":{\"@type\":\"PropertyValueSpecification\",\"valueRequired\":true,\"valueName\":\"search_term_string\"}}],\"inLanguage\":\"es\"},{\"@type\":\"Organization\",\"@id\":\"https:\/\/temporada-alta.com\/es\/#organization\",\"name\":\"Temporada Alta\",\"url\":\"https:\/\/temporada-alta.com\/es\/\",\"logo\":{\"@type\":\"ImageObject\",\"inLanguage\":\"es\",\"@id\":\"https:\/\/temporada-alta.com\/es\/#\/schema\/logo\/image\/\",\"url\":\"https:\/\/temporada-alta.com\/wp-content\/uploads\/TA21-Logotip-pos.png\",\"contentUrl\":\"https:\/\/temporada-alta.com\/wp-content\/uploads\/TA21-Logotip-pos.png\",\"width\":800,\"height\":267,\"caption\":\"Temporada Alta\"},\"image\":{\"@id\":\"https:\/\/temporada-alta.com\/es\/#\/schema\/logo\/image\/\"}}]}<\/script>\n<!-- \/ Yoast SEO plugin. -->","yoast_head_json":{"title":"Edici\u00f3n 2014 - Temporada Alta","robots":{"index":"index","follow":"follow","max-snippet":"max-snippet:-1","max-image-preview":"max-image-preview:large","max-video-preview":"max-video-preview:-1"},"canonical":"https:\/\/temporada-alta.com\/es\/edicion-2014\/","og_locale":"es_ES","og_type":"article","og_title":"Edici\u00f3n 2014 - Temporada Alta","og_description":"Una de las ediciones m\u00e1s potentes y equilibrada Vig\u00e9sima tercera edici\u00f3n de Temporada Alta, una de las m\u00e1s...","og_url":"https:\/\/temporada-alta.com\/es\/edicion-2014\/","og_site_name":"Temporada Alta","article_modified_time":"2025-02-24T13:45:08+00:00","og_image":[{"width":1796,"height":1060,"url":"https:\/\/temporada-alta.com\/wp-content\/uploads\/terra_baixa_cartell_v01..jpg","type":"image\/jpeg"}],"twitter_card":"summary_large_image","schema":{"@context":"https:\/\/schema.org","@graph":[{"@type":"WebPage","@id":"https:\/\/temporada-alta.com\/es\/edicion-2014\/","url":"https:\/\/temporada-alta.com\/es\/edicion-2014\/","name":"Edici\u00f3n 2014 - Temporada Alta","isPartOf":{"@id":"https:\/\/temporada-alta.com\/es\/#website"},"primaryImageOfPage":{"@id":"https:\/\/temporada-alta.com\/es\/edicion-2014\/#primaryimage"},"image":{"@id":"https:\/\/temporada-alta.com\/es\/edicion-2014\/#primaryimage"},"thumbnailUrl":"https:\/\/temporada-alta.com\/wp-content\/uploads\/terra_baixa_cartell_v01..jpg","datePublished":"2024-11-15T10:25:32+00:00","dateModified":"2025-02-24T13:45:08+00:00","breadcrumb":{"@id":"https:\/\/temporada-alta.com\/es\/edicion-2014\/#breadcrumb"},"inLanguage":"es","potentialAction":[{"@type":"ReadAction","target":["https:\/\/temporada-alta.com\/es\/edicion-2014\/"]}]},{"@type":"ImageObject","inLanguage":"es","@id":"https:\/\/temporada-alta.com\/es\/edicion-2014\/#primaryimage","url":"https:\/\/temporada-alta.com\/wp-content\/uploads\/terra_baixa_cartell_v01..jpg","contentUrl":"https:\/\/temporada-alta.com\/wp-content\/uploads\/terra_baixa_cartell_v01..jpg"},{"@type":"BreadcrumbList","@id":"https:\/\/temporada-alta.com\/es\/edicion-2014\/#breadcrumb","itemListElement":[{"@type":"ListItem","position":1,"name":"Inici","item":"https:\/\/temporada-alta.com\/es\/"},{"@type":"ListItem","position":2,"name":"Edici\u00f3n 2014"}]},{"@type":"WebSite","@id":"https:\/\/temporada-alta.com\/es\/#website","url":"https:\/\/temporada-alta.com\/es\/","name":"Temporada Alta","description":"Festival d&#039;Arts Esc\u00e8niques","publisher":{"@id":"https:\/\/temporada-alta.com\/es\/#organization"},"potentialAction":[{"@type":"SearchAction","target":{"@type":"EntryPoint","urlTemplate":"https:\/\/temporada-alta.com\/es\/?s={search_term_string}"},"query-input":{"@type":"PropertyValueSpecification","valueRequired":true,"valueName":"search_term_string"}}],"inLanguage":"es"},{"@type":"Organization","@id":"https:\/\/temporada-alta.com\/es\/#organization","name":"Temporada Alta","url":"https:\/\/temporada-alta.com\/es\/","logo":{"@type":"ImageObject","inLanguage":"es","@id":"https:\/\/temporada-alta.com\/es\/#\/schema\/logo\/image\/","url":"https:\/\/temporada-alta.com\/wp-content\/uploads\/TA21-Logotip-pos.png","contentUrl":"https:\/\/temporada-alta.com\/wp-content\/uploads\/TA21-Logotip-pos.png","width":800,"height":267,"caption":"Temporada Alta"},"image":{"@id":"https:\/\/temporada-alta.com\/es\/#\/schema\/logo\/image\/"}}]}},"_links":{"self":[{"href":"https:\/\/temporada-alta.com\/es\/wp-json\/wp\/v2\/pages\/98333","targetHints":{"allow":["GET"]}}],"collection":[{"href":"https:\/\/temporada-alta.com\/es\/wp-json\/wp\/v2\/pages"}],"about":[{"href":"https:\/\/temporada-alta.com\/es\/wp-json\/wp\/v2\/types\/page"}],"author":[{"embeddable":true,"href":"https:\/\/temporada-alta.com\/es\/wp-json\/wp\/v2\/users\/35132"}],"replies":[{"embeddable":true,"href":"https:\/\/temporada-alta.com\/es\/wp-json\/wp\/v2\/comments?post=98333"}],"version-history":[{"count":4,"href":"https:\/\/temporada-alta.com\/es\/wp-json\/wp\/v2\/pages\/98333\/revisions"}],"predecessor-version":[{"id":99574,"href":"https:\/\/temporada-alta.com\/es\/wp-json\/wp\/v2\/pages\/98333\/revisions\/99574"}],"wp:attachment":[{"href":"https:\/\/temporada-alta.com\/es\/wp-json\/wp\/v2\/media?parent=98333"}],"curies":[{"name":"wp","href":"https:\/\/api.w.org\/{rel}","templated":true}]}}