{"id":97999,"date":"2024-11-07T12:02:20","date_gmt":"2024-11-07T11:02:20","guid":{"rendered":"https:\/\/temporada-alta.com\/?page_id=97999"},"modified":"2026-02-24T16:13:24","modified_gmt":"2026-02-24T15:13:24","slug":"temporada-alta-iberoamerica","status":"publish","type":"page","link":"https:\/\/temporada-alta.com\/es\/temporada-alta-iberoamerica\/","title":{"rendered":"Temporada Alta Iberoam\u00e9rica"},"content":{"rendered":"<div id=\"modal-ready\">\n<h2 class=\"wp-block-heading has-medium-font-size\"><em><em>Desde hace m\u00e1s de una d\u00e9cada, estamos llevando Temporada Alta a varias ciudades iberoamericanas. Gracias a esta iniciativa nos hemos convertido en un punto de conexi\u00f3n entre Europa e Iberoam\u00e9rica. Viajamos a Buenos Aires, Montevideo y Lima con el fin de abrir nuevos canales de exhibici\u00f3n a compa\u00f1\u00edas catalanas y dar a conocer las artes esc\u00e9nicas del pa\u00eds. Debido al inter\u00e9s por la internacionalizaci\u00f3n de la escena catalana, hemos exportado el festival a escenarios de Argentina, Per\u00fa y Uruguay. Hemos realizado m\u00e1s de un centenar de funciones y han presentado sus creaciones artistas como Sergi L\u00f3pez, Iv\u00e1n Morales, Xavier Bob\u00e9s, Lali Ayguad\u00e9, Pere Faura, Baro d\u2019Evel Cirk y un largo etc\u00e9tera.<\/em><\/em><\/h2>\n\n\n\n<div class=\"wp-block-buttons is-content-justification-center is-layout-flex wp-container-core-buttons-is-layout-c3d5205c wp-block-buttons-is-layout-flex\" style=\"margin-top:0;margin-bottom:0\">\n<div class=\"wp-block-button\"><a class=\"wp-block-button__link has-dark-gray-color has-white-background-color has-text-color has-background has-link-color wp-element-button\" href=\"https:\/\/temporada-alta.com\/es\/edicions\/iberoamerica-2025-es\/\" style=\"border-width:1px\">PROGRAMACI\u00d3n 2025<\/a><\/div>\n<\/div>\n\n\n\n<div class=\"wp-block-columns are-vertically-aligned-center is-layout-flex wp-container-core-columns-is-layout-2a3176be wp-block-columns-is-layout-flex\" style=\"margin-top:var(--wp--preset--spacing--60);margin-bottom:var(--wp--preset--spacing--60);padding-top:0;padding-bottom:0\">\n<div class=\"wp-block-column is-vertically-aligned-center is-layout-flow wp-block-column-is-layout-flow\">\n<figure class=\"wp-block-image size-full\"><img loading=\"lazy\" decoding=\"async\" width=\"1920\" height=\"1080\" src=\"https:\/\/temporada-alta.com\/wp-content\/uploads\/las-palabras-de-los-otros.webp\" alt=\"\" class=\"wp-image-99138\" srcset=\"https:\/\/temporada-alta.com\/wp-content\/uploads\/las-palabras-de-los-otros.webp 1920w, https:\/\/temporada-alta.com\/wp-content\/uploads\/las-palabras-de-los-otros-630x354.webp 630w, https:\/\/temporada-alta.com\/wp-content\/uploads\/las-palabras-de-los-otros-1200x675.webp 1200w, https:\/\/temporada-alta.com\/wp-content\/uploads\/las-palabras-de-los-otros-768x432.webp 768w, https:\/\/temporada-alta.com\/wp-content\/uploads\/las-palabras-de-los-otros-1536x864.webp 1536w\" sizes=\"auto, (max-width: 1920px) 100vw, 1920px\" \/><\/figure>\n<\/div>\n\n\n\n<div class=\"wp-block-column is-vertically-aligned-center is-layout-flow wp-block-column-is-layout-flow\">\n<h3 class=\"wp-block-heading\"><strong>2025<\/strong><\/h3>\n\n\n\n<p><strong><strong>La XIII edici\u00f3n de Temporada Alta Iberoam\u00e8rica presenta m\u00e1s de 30 espect\u00e1culos de hasta 10 pa\u00edses diferentes.<\/strong><\/strong><\/p>\n\n\n\n<p><strong>Temporada Alta Iberoam\u00e8rica<\/strong> sigue apostando por potenciar la escena catalana al otro lado del Atl\u00e1ntico, presentando una programaci\u00f3n de m\u00e1s de 30 espect\u00e1culos de hasta 10 pa\u00edses, entre el 2 de febrero y el 16 de marzo en Lima (Per\u00fa), Buenos Aires (Argentina) y Montevideo (Uruguay). El festival, con la colaboraci\u00f3n de l\u2019Institut Ramon Llull, mantiene el papel de exportador presentando este a\u00f1o dos propuestas, que se han podido ver en los tres pa\u00edses participantes:&nbsp;<strong><em><a href=\"https:\/\/temporada-alta.com\/es\/shows\/las-palabras-de-los-otros\/\">Las palabras de los otros<\/a><\/em><\/strong>, de Roger Torns i&nbsp;<em><strong><a href=\"https:\/\/temporada-alta.com\/es\/shows\/no-sabemos-nada-del-campo\/\">No sabemos nada del campo<\/a><\/strong><\/em>, de Cl\u00e0udia Serrahima Urgell. Por \u00faltimo, Temporada Alta a Iberoam\u00e8rica ha acogido tambi\u00e9n el <strong>Torneig de Dramat\u00fargia Transatl\u00e0ntic <\/strong>en Buenos Aires, donde se enfrentaron autores de ambos lados del Atl\u00e1ntico. Los representantes catalanes fueron: Jaume Vi\u00f1as y Martina Cabanas.<\/p>\n\n\n\n<p>M\u00e1s informaci\u00f3n sobre Temporada Alta Iberoam\u00e8rica 2025 <strong><a href=\"https:\/\/temporada-alta.com\/es\/edicions\/iberoamerica-2025-es\/\">en este enlace<\/a><\/strong>.<\/p>\n<\/div>\n<\/div>\n\n\n\n<div class=\"wp-block-columns are-vertically-aligned-center is-layout-flex wp-container-core-columns-is-layout-2a3176be wp-block-columns-is-layout-flex\" style=\"margin-top:var(--wp--preset--spacing--60);margin-bottom:var(--wp--preset--spacing--60);padding-top:0;padding-bottom:0\">\n<div class=\"wp-block-column is-vertically-aligned-center is-layout-flow wp-block-column-is-layout-flow\">\n<figure class=\"wp-block-image size-full\"><img loading=\"lazy\" decoding=\"async\" width=\"600\" height=\"400\" src=\"https:\/\/temporada-alta.com\/wp-content\/uploads\/en-mitad-de-tanto-fuego-600.png\" alt=\"\" class=\"wp-image-90649\" srcset=\"https:\/\/temporada-alta.com\/wp-content\/uploads\/en-mitad-de-tanto-fuego-600.png 600w, https:\/\/temporada-alta.com\/wp-content\/uploads\/en-mitad-de-tanto-fuego-600-558x372.png 558w\" sizes=\"auto, (max-width: 600px) 100vw, 600px\" \/><\/figure>\n<\/div>\n\n\n\n<div class=\"wp-block-column is-vertically-aligned-center is-layout-flow wp-block-column-is-layout-flow\">\n<h3 class=\"wp-block-heading\"><strong>2024<\/strong><\/h3>\n\n\n\n<p><strong><strong>La XII edici\u00f3n de Temporada Alta Iberoam\u00e9rica presenta 30 espect\u00e1culos de hasta 10 pa\u00edses diferentes<\/strong><\/strong><\/p>\n\n\n\n<p>Temporada Alta Iberoam\u00e9rica sigue apostando por llevar la escena <br>catalana a la otra parte del Atl\u00e1ntico, presentando una programaci\u00f3n de m\u00e1s de 30 espect\u00e1culos de hasta 10 pa\u00edses, entre el 30 de enero y el 2 de marzo en Lima (Per\u00fa), Buenos Aires (Argentina) y Montevideo <br>(Uruguay). El festival, con la colaboraci\u00f3n del Instituto Ramon Llull, <br>ha mantenido el papel de exportador presentando este a\u00f1o tres <br>propuestas, que se pudieron ver a los tres pa\u00edses participantes: &nbsp;En mitad de tanto fuego, de Alberto Conejero y dirigida por Xavier Albert\u00ed con Rub\u00e9n de Egu\u00eda de protagonista, A fuego, de Pablo Macho Otero, y Las penas del joven Werther, de Miquel Mas Fiol con Miel Salvatierra. Tambi\u00e9n se realiz\u00f3 el Torneo de Dramaturgia Transatl\u00e1ntico en Buenos Aires, donde se enfrentaron <br>autores de los dos continentes. Los representantes catalanes fueron: <br>Sergio Baos y Lali \u00c1lvarez Garriga.<\/p>\n\n\n\n<p>Consulta la programaci\u00f3n de la edici\u00f3n de 2024 <a href=\"https:\/\/temporada-alta.com\/edicions\/iberoamerica-2024\/\"><strong>en este enlace<\/strong><\/a>.<\/p>\n<\/div>\n<\/div>\n\n\n\n<div class=\"wp-block-columns are-vertically-aligned-center is-layout-flex wp-container-core-columns-is-layout-02515f22 wp-block-columns-is-layout-flex\" style=\"margin-top:var(--wp--preset--spacing--70);margin-bottom:var(--wp--preset--spacing--70);padding-top:0;padding-bottom:0\">\n<div class=\"wp-block-column is-vertically-aligned-center is-layout-flow wp-block-column-is-layout-flow\">\n<figure class=\"wp-block-image size-full\"><img loading=\"lazy\" decoding=\"async\" width=\"1920\" height=\"1080\" src=\"https:\/\/temporada-alta.com\/wp-content\/uploads\/Ma-Solitud.jpg\" alt=\"\" class=\"wp-image-81567\" srcset=\"https:\/\/temporada-alta.com\/wp-content\/uploads\/Ma-Solitud.jpg 1920w, https:\/\/temporada-alta.com\/wp-content\/uploads\/Ma-Solitud-630x354.jpg 630w, https:\/\/temporada-alta.com\/wp-content\/uploads\/Ma-Solitud-1200x675.jpg 1200w, https:\/\/temporada-alta.com\/wp-content\/uploads\/Ma-Solitud-768x432.jpg 768w, https:\/\/temporada-alta.com\/wp-content\/uploads\/Ma-Solitud-1536x864.jpg 1536w\" sizes=\"auto, (max-width: 1920px) 100vw, 1920px\" \/><\/figure>\n<\/div>\n\n\n\n<div class=\"wp-block-column is-vertically-aligned-center is-layout-flow wp-block-column-is-layout-flow\">\n<h3 class=\"wp-block-heading\"><strong>2023<\/strong><\/h3>\n\n\n\n<p><strong>La XI edici\u00f3n de Temporada Alta Iberoam\u00e9rica presenta m\u00e1s de 20 espect\u00e1culos de hasta 9 pa\u00edses diferentes del 1 de febrero al 5 de marzo<\/strong><\/p>\n\n\n\n<p>Temporada Alta Iberoam\u00e9rica cierra su edici\u00f3n triplicando el n\u00famero de espectadores del a\u00f1o pasado, y alcanzando cifras de m\u00e1s de 8.600. Coorganizado por el Institut Ramon Llull, Temporada Alta Iberoam\u00e9rica mantiene el papel de exportador enviando este a\u00f1o a representarse a los tres pa\u00edses participantes: <a href=\"https:\/\/temporada-alta.com\/es\/shows\/ma-solitud-iberoamerica-2023\/\"><strong><em>Ma solitud<\/em><\/strong><\/a>&nbsp;de Guillem Alb\u00e0,&nbsp;<a href=\"https:\/\/temporada-alta.com\/es\/shows\/loco-amoris-iberoamerica-2023\/\"><strong><em>Loco amoris<\/em><\/strong><\/a> de Pablo Macho y Pau Roca y <a href=\"https:\/\/temporada-alta.com\/es\/shows\/360-grams-iberoamerica-2023\/\"><strong><em>360 grams<\/em><\/strong><\/a> de Ada Vilar\u00f3. Dentro de la programaci\u00f3n, tambi\u00e9n habr\u00e1 una cuarta propuesta: <a href=\"https:\/\/temporada-alta.com\/es\/shows\/cuerpos-celestes\/\"><strong><em>Cuerpos celestes<\/em><\/strong><\/a> de El Conde de Torrefiel y cabosanroque. Una experiencia sonora que forma parte de una serie de audiogu\u00edas que se podr\u00e1n escuchar de forma gratuita en la plataforma Caixaforum+. Por \u00faltimo, el Torneo de Dramaturgia Transatl\u00e1ntico, con el apoyo de la Fundaci\u00f3n SGAE, tendr\u00e1 una nueva edici\u00f3n, donde se enfrentar\u00e1n autores argentinos con los catalanes Xavi Buxeda y Carla Rovira. Consulta la programaci\u00f3n de la edici\u00f3n de 2023 <a href=\"https:\/\/temporada-alta.com\/edicions\/iberoamerica-2023-es\/\"><strong>en este enlace<\/strong><\/a>.<\/p>\n<\/div>\n<\/div>\n\n\n\n<div class=\"wp-block-columns are-vertically-aligned-center is-layout-flex wp-container-core-columns-is-layout-02515f22 wp-block-columns-is-layout-flex\" style=\"margin-top:var(--wp--preset--spacing--70);margin-bottom:var(--wp--preset--spacing--70);padding-top:0;padding-bottom:0\">\n<div class=\"wp-block-column is-vertically-aligned-center is-layout-flow wp-block-column-is-layout-flow\">\n<figure class=\"wp-block-image size-full\"><img loading=\"lazy\" decoding=\"async\" width=\"768\" height=\"512\" src=\"https:\/\/temporada-alta.com\/wp-content\/uploads\/livalone.png\" alt=\"\" class=\"wp-image-75728\" srcset=\"https:\/\/temporada-alta.com\/wp-content\/uploads\/livalone.png 768w, https:\/\/temporada-alta.com\/wp-content\/uploads\/livalone-558x372.png 558w\" sizes=\"auto, (max-width: 768px) 100vw, 768px\" \/><\/figure>\n<\/div>\n\n\n\n<div class=\"wp-block-column is-vertically-aligned-center is-layout-flow wp-block-column-is-layout-flow\">\n<h3 class=\"wp-block-heading\"><strong>2022<\/strong><\/h3>\n\n\n\n<p><strong>Temporada Alta Iberoam\u00e9rica recupera la presencialidad presentando 20 espect\u00e1culos, despu\u00e9s de la edici\u00f3n h\u00edbrida del a\u00f1o pasado&nbsp;<\/strong><\/p>\n\n\n\n<p>Temporada Alta Iberoam\u00e9rica cierra una nueva edici\u00f3n en la que se ha hecho un esfuerzo para recuperar la presencialidad, despu\u00e9s de la edici\u00f3n h\u00edbrida anterior debido a las consecuencias de la pandemia. El festival ha presentado una programaci\u00f3n con 20 espect\u00e1culos diferentes, de 9 nacionalidades europeas y latinoamericanas, y alrededor de 50 representaciones, que ha podido verse entre el 2 de febrero y el 6 marzo. En esta edici\u00f3n, 3 compa\u00f1\u00edas catalanas han presentan sus espect\u00e1culos: <a href=\"https:\/\/temporada-alta.com\/es\/shows\/livalone\/\"><strong><em>Livalone<\/em><\/strong><\/a> de Francesc Cu\u00e9llar y Alejandro Curiel,&nbsp;<a href=\"https:\/\/temporada-alta.com\/es\/shows\/pocahontas\/\"><strong><em>Pocahontas o la verdadera historia de una traviesa<\/em><\/strong><\/a>&nbsp;de B\u00e0rbara Mestanza y&nbsp;<a href=\"https:\/\/temporada-alta.com\/es\/shows\/se-respira-en-el-jardin-como-en-un-bosque-2\/\"><strong><em>Se respira en el jard\u00edn como en un bosque<\/em><\/strong><\/a> de Conde de Torrefiel. La sala Timbre 4 de Buenos Aires ha vuelto a acoger el <a href=\"https:\/\/temporada-alta.com\/es\/shows\/x-torneo-de-dramaturgia-transatlantico\/\"><strong><em>Torneo de dramaturgia Transatl\u00e1ntico<\/em><\/strong><\/a>, en esta X edici\u00f3n en que la catalana Lara D\u00edez se ha proclamado ganadora con <em>Khwam Sukh Sarmiento<\/em>, la historia de una pareja que espera un hijo y comparte secretos que no se hab\u00edan explicado nunca hasta ahora. Consulta la programaci\u00f3n de la edici\u00f3n de 2022 <a href=\"https:\/\/temporada-alta.com\/edicions\/iberoamerica-2022-es\/\"><strong>en este enlace<\/strong><\/a>.<\/p>\n<\/div>\n<\/div>\n\n\n\n<div class=\"wp-block-columns are-vertically-aligned-center is-layout-flex wp-container-core-columns-is-layout-eae17e81 wp-block-columns-is-layout-flex\" style=\"margin-top:var(--wp--preset--spacing--70);margin-bottom:var(--wp--preset--spacing--70)\">\n<div class=\"wp-block-column is-vertically-aligned-center is-layout-flow wp-block-column-is-layout-flow\">\n<figure class=\"wp-block-image size-full\"><img loading=\"lazy\" decoding=\"async\" width=\"1134\" height=\"756\" src=\"https:\/\/temporada-alta.com\/wp-content\/uploads\/Audioguia_supermercats-1.jpg\" alt=\"\" class=\"wp-image-61289\" srcset=\"https:\/\/temporada-alta.com\/wp-content\/uploads\/Audioguia_supermercats-1.jpg 1134w, https:\/\/temporada-alta.com\/wp-content\/uploads\/Audioguia_supermercats-1-558x372.jpg 558w, https:\/\/temporada-alta.com\/wp-content\/uploads\/Audioguia_supermercats-1-768x512.jpg 768w\" sizes=\"auto, (max-width: 1134px) 100vw, 1134px\" \/><\/figure>\n<\/div>\n\n\n\n<div class=\"wp-block-column is-vertically-aligned-center is-layout-flow wp-block-column-is-layout-flow\">\n<h3 class=\"wp-block-heading\"><strong>2021<\/strong><\/h3>\n\n\n\n<p><strong>Temporada Alta Iberoam\u00e9rica cierra una edici\u00f3n especial por los efectos de la pandemia con m\u00e1s de 8.000 espectadores<\/strong><\/p>\n\n\n\n<p>Temporada Alta Iberoam\u00e9rica cierra una novena edici\u00f3n especial por los efectos de la pandemia con la incorporaci\u00f3n de una l\u00ednea de programaci\u00f3n a distancia y m\u00e1s de 8.000 espectadores. En el festival, que se ha celebrado del 3 al 28 de febrero con sede en las ciudades de Buenos Aires, Lima y Montevideo, se han podido ver unas veinte propuestas de teatro, danza contempor\u00e1nea, circo, narrativas audiovisuales, nuevas dramaturgias y conferencias procedentes de once nacionalidades europeas y latinoamericanas. Este a\u00f1o, hemos tenido producciones catalanas como la <em><strong>Audiogu\u00eda para supermercados en tiempos de pandemia<\/strong><\/em> de cabosanroque; el Zoom a cargo de Anna Alarc\u00f3n del texto <em><strong>Psicosis de las 4.48<\/strong><\/em>, de Sarah Kane; o el Zoom de Ivan Benet de <em><strong>Informe para una Academia<\/strong><\/em>, de Franz Kafka. Tambi\u00e9n se ha celebrado el<strong> IX Torneo de Dramaturgia Transatl\u00e1ntico<\/strong>, con el argentino Lucas Ranzani como ganador. Y, aparte de la programaci\u00f3n catalana, tambi\u00e9n se han acogido propuestas de pa\u00edses como Chile, Colombia, Francia, Alemania e Italia, adem\u00e1s de las tres nacionalidades anfitrionas: Argentina, Per\u00fa y Uruguay. Consulta la programaci\u00f3n de la edici\u00f3n de 2021 <a href=\"https:\/\/temporada-alta.com\/edicions\/iberoamerica-2021-es\/\"><strong>en este enlace<\/strong><\/a>.<\/p>\n<\/div>\n<\/div>\n\n\n\n<div class=\"wp-block-columns are-vertically-aligned-center is-layout-flex wp-container-core-columns-is-layout-eae17e81 wp-block-columns-is-layout-flex\" style=\"margin-top:var(--wp--preset--spacing--70);margin-bottom:var(--wp--preset--spacing--70)\">\n<div class=\"wp-block-column is-vertically-aligned-center is-layout-flow wp-block-column-is-layout-flow\">\n<figure class=\"wp-block-image size-full\"><img loading=\"lazy\" decoding=\"async\" width=\"620\" height=\"414\" src=\"https:\/\/temporada-alta.com\/wp-content\/uploads\/odisey.jpg\" alt=\"\" class=\"wp-image-50265\" srcset=\"https:\/\/temporada-alta.com\/wp-content\/uploads\/odisey.jpg 620w, https:\/\/temporada-alta.com\/wp-content\/uploads\/odisey-300x200.jpg 300w\" sizes=\"auto, (max-width: 620px) 100vw, 620px\" \/><\/figure>\n<\/div>\n\n\n\n<div class=\"wp-block-column is-vertically-aligned-center is-layout-flow wp-block-column-is-layout-flow\">\n<h3 class=\"wp-block-heading\"><strong>2020<\/strong><\/h3>\n\n\n\n<p><strong>La VIII edici\u00f3n de Temporada Alta en Iberoam\u00e9rica presenta m\u00e1s de 20 propuestas en Buenos Aires, Lima y Montevideo del 1 al 21 de febrero<\/strong><\/p>\n\n\n\n<p>La octava edici\u00f3n de Temporada Alta en Iberoam\u00e9rica presenta m\u00e1s de 60 representaciones de 21 espect\u00e1culos diferentes. Si el a\u00f1o pasado fue la primera vez que se apostaba para que una producci\u00f3n propia del diera el salto a Iberoam\u00e9rica \u2013 <em>Tierra Baja<\/em> con Llu\u00eds Homar- este a\u00f1o se repite la f\u00f3rmula y ser\u00e1 el turno de <em>Kassandra<\/em>, coproducida con el TNC. En la edici\u00f3n iberoamericana de este a\u00f1o tambi\u00e9n se podr\u00e1n ver <em>AKA (Also Known As)<\/em> con Alberto Salazar de protagonista, <em>Hasta agotar existencias (Ensayando para que la muerte de m\u00ed madre no me pille desprevenida)<\/em>, de la barcelonesa Veronica Navas Ram\u00edrez y <em>Parias<\/em>, el \u00faltimo montaje del aragon\u00e9s Javier Aranda. Se celebrar\u00e1, tambi\u00e9n, una nueva edici\u00f3n del Torneo de Dramaturgia Transatl\u00e1ntico que enfrentar\u00e1 la finalista y semifinalista del Torneo de Dramaturgia Catalana, Laura Gost y Concha Milla, con dos dramaturgos argentinos. Consulta la programaci\u00f3n de la edici\u00f3n de 2020 <a href=\"https:\/\/temporada-alta.com\/events\/category\/2020-iberoamerica-es\/\"><strong>en este enlace<\/strong><\/a>.<\/p>\n<\/div>\n<\/div>\n\n\n\n<div class=\"wp-block-columns are-vertically-aligned-center is-layout-flex wp-container-core-columns-is-layout-eae17e81 wp-block-columns-is-layout-flex\" style=\"margin-top:var(--wp--preset--spacing--70);margin-bottom:var(--wp--preset--spacing--70)\">\n<div class=\"wp-block-column is-vertically-aligned-center is-layout-flow wp-block-column-is-layout-flow\">\n<figure class=\"wp-block-image size-full\"><img loading=\"lazy\" decoding=\"async\" width=\"4444\" height=\"2967\" src=\"https:\/\/temporada-alta.com\/wp-content\/uploads\/1GuillemAlbaCALMADavidRuano.jpg\" alt=\"\" class=\"wp-image-41546\" srcset=\"https:\/\/temporada-alta.com\/wp-content\/uploads\/1GuillemAlbaCALMADavidRuano.jpg 4444w, https:\/\/temporada-alta.com\/wp-content\/uploads\/1GuillemAlbaCALMADavidRuano-300x200.jpg 300w, https:\/\/temporada-alta.com\/wp-content\/uploads\/1GuillemAlbaCALMADavidRuano-768x513.jpg 768w, https:\/\/temporada-alta.com\/wp-content\/uploads\/1GuillemAlbaCALMADavidRuano-1024x684.jpg 1024w\" sizes=\"auto, (max-width: 4444px) 100vw, 4444px\" \/><\/figure>\n<\/div>\n\n\n\n<div class=\"wp-block-column is-vertically-aligned-center is-layout-flow wp-block-column-is-layout-flow\">\n<h3 class=\"wp-block-heading\"><strong>2019<\/strong><\/h3>\n\n\n\n<p><strong>Temporada<\/strong><strong> Alta Iberoam\u00e9rica ha cerrado la edici\u00f3n 2019 con cerca de 7.400 espectadores y un 78% de ocupaci\u00f3n<\/strong><\/p>\n\n\n\n<p>La s\u00e9ptima edici\u00f3n ha acogido un total de 81 funciones, 33 de las cuales corresponden a las producciones catalanas y el Torneo de Dramaturgia Transatl\u00e1ntico, con m\u00e1s de 2.000 espectadores y la colaboraci\u00f3n del Institut Ramon Llull. TA en Buenos Aires ha logrado un 100% de ocupaci\u00f3n con <em>Tierra Baja, Casas, Calma!<\/em> y <em>Vida<\/em>.<\/p>\n\n\n\n<p>La dramaturga catalana Cristina Clemente, que ya gan\u00f3 el Torneo de Dramaturgia Catalana del Festival en Girona, se ha impuesto en Argentina Andrea Marranzzi y ha ganado el Torneo Transatl\u00e1ntico. El p\u00fablico ha proclamado ganador el texto de Clemente <em>Las lentes para mirar cargadores<\/em>, que se ha impuesto al de Marranzzi Nacer y Morir. Este a\u00f1o ha sido el primero que los participantes argentinos han accedido al Torneo Transatl\u00e1ntico por haber ganado una torneo previo entre autores argentinos celebrado en diciembre de 2018. Consulta la programaci\u00f3n de la edici\u00f3n de 2019 <a href=\"https:\/\/temporada-alta.com\/events\/category\/2019-iberoamerica\/\"><strong>en este enlace<\/strong><\/a>.<\/p>\n<\/div>\n<\/div>\n\n\n\n<div class=\"wp-block-columns are-vertically-aligned-center is-layout-flex wp-container-core-columns-is-layout-eae17e81 wp-block-columns-is-layout-flex\" style=\"margin-top:var(--wp--preset--spacing--70);margin-bottom:var(--wp--preset--spacing--70)\">\n<div class=\"wp-block-column is-vertically-aligned-center is-layout-flow wp-block-column-is-layout-flow\">\n<figure class=\"wp-block-image size-full\"><img loading=\"lazy\" decoding=\"async\" width=\"600\" height=\"399\" src=\"https:\/\/temporada-alta.com\/wp-content\/uploads\/psicosi-de-les-4.48_2.jpg\" alt=\"\" class=\"wp-image-22706\" srcset=\"https:\/\/temporada-alta.com\/wp-content\/uploads\/psicosi-de-les-4.48_2.jpg 600w, https:\/\/temporada-alta.com\/wp-content\/uploads\/psicosi-de-les-4.48_2-300x200.jpg 300w\" sizes=\"auto, (max-width: 600px) 100vw, 600px\" \/><\/figure>\n<\/div>\n\n\n\n<div class=\"wp-block-column is-vertically-aligned-center is-layout-flow wp-block-column-is-layout-flow\">\n<h3 class=\"wp-block-heading\"><strong>2018<\/strong><\/h3>\n\n\n\n<p><strong>Mantenim les xifres de creixement sostingut (de l\u20191 al 25 de febrer)<\/strong><\/p>\n\n\n\n<p><strong>Mantenemos las cifras de crecimiento sostenido (del 1 al 25 de febrero)<br><br><\/strong>Llegamos a la sexta edici\u00f3n con 64 funciones, 22 de las cuales corresponden a las 3 producciones catalanas que hemos presentado en Temporada Alta Iberoam\u00e9rica: <em>Psicosis de las 04:48<\/em> de Sarah Kane, un dur\u00edsimo texto sobre el suicidio interpretado por Anna Alarc\u00f3n que gan\u00f3 el premio BBVA de Teatro 2016. <em>Indomador<\/em> de la compa\u00f1\u00eda de circo contempor\u00e1neo Animal Religion, un di\u00e1logo de Quim Gir\u00f3n con la animalidad humana. Y <em>Pluja<\/em>, el espect\u00e1culo musical y po\u00e9tico de Guillem Alb\u00e0 y Clara Peya.<br>En la sexta edici\u00f3n del Torneo de Dramaturgia Transatl\u00e1ntico enfrentan la ganadora y el finalista de la eliminatoria catalana (Laia Alsina y Xisco Rosell\u00f3) a dos autores argentinos elegidos por la c\u00e1tedra de dramaturgia de la universidad de la capital argentina. Con la participaci\u00f3n de propuestas de M\u00e9xico, Chile, Uruguay, Israel, Francia, Argentina y Brasil, logramos la cifra de 7.711 espectadores (1.300 m\u00e1s que el a\u00f1o anterior) y mantenemos la evoluci\u00f3n en cuanto a n\u00famero y fidelizaci\u00f3n de los espectadores.<\/p>\n<\/div>\n<\/div>\n\n\n\n<div class=\"wp-block-columns are-vertically-aligned-center is-layout-flex wp-container-core-columns-is-layout-eae17e81 wp-block-columns-is-layout-flex\" style=\"margin-top:var(--wp--preset--spacing--70);margin-bottom:var(--wp--preset--spacing--70)\">\n<div class=\"wp-block-column is-vertically-aligned-center is-layout-flow wp-block-column-is-layout-flow\">\n<figure class=\"wp-block-image size-full\"><img loading=\"lazy\" decoding=\"async\" width=\"600\" height=\"354\" src=\"https:\/\/temporada-alta.com\/wp-content\/uploads\/acorar.jpg\" alt=\"\" class=\"wp-image-3325\" srcset=\"https:\/\/temporada-alta.com\/wp-content\/uploads\/acorar.jpg 600w, https:\/\/temporada-alta.com\/wp-content\/uploads\/acorar-300x177.jpg 300w\" sizes=\"auto, (max-width: 600px) 100vw, 600px\" \/><\/figure>\n<\/div>\n\n\n\n<div class=\"wp-block-column is-vertically-aligned-center is-layout-flow wp-block-column-is-layout-flow\">\n<h3 class=\"wp-block-heading\"><strong>2017<\/strong><\/h3>\n\n\n\n<p><strong>Nos consolidamos como festival de verano en Iberoam\u00e9rica (del 5 al 22 de febrero)<\/strong><\/p>\n\n\n\n<p>17 espect\u00e1culos (incluyendo tres producciones catalanas y baleares de teatro de texto y creaci\u00f3n contempor\u00e1nea), 74 funciones, una quinta edici\u00f3n del Torneo de Dramaturgia Transatl\u00e1ntico y un completo programa de charlas y actividades paralelas. Consolidamos Temporada Alta Iberoam\u00e9rica como festival de verano en Argentina, Uruguay y Per\u00fa.<br>Para esta quinta edici\u00f3n desembarcamos al otro lado del Atl\u00e1ntico con tres mon\u00f3logos que destacan por su calidad literaria y los temas que plantean: <em>La Historia del Sr. Sommer<\/em> de Pep Tosar, <em>Acorar<\/em> de Toni Gomila y <em>La noche justo antes de los bosques<\/em> de \u00d3scar Mu\u00f1oz. La programaci\u00f3n catalana y balear se complementa con propuestas de 6 pa\u00edses: M\u00e9xico, Chile, Uruguay, Per\u00fa, Francia y Argentina. Despu\u00e9s de tres semanas de actuaciones nos habr\u00e1n visitado m\u00e1s de 6.300 espectadores. Durante los \u00faltimos 5 a\u00f1os ya son 28 los espect\u00e1culos catalanes y baleares que se han podido ver en diversos escenarios iberoamericanos, con cerca de 19.000 espectadores.<\/p>\n<\/div>\n<\/div>\n\n\n\n<div class=\"wp-block-columns are-vertically-aligned-center is-layout-flex wp-container-core-columns-is-layout-eae17e81 wp-block-columns-is-layout-flex\" style=\"margin-top:var(--wp--preset--spacing--70);margin-bottom:var(--wp--preset--spacing--70)\">\n<div class=\"wp-block-column is-vertically-aligned-center is-layout-flow wp-block-column-is-layout-flow\">\n<figure class=\"wp-block-image size-full\"><img loading=\"lazy\" decoding=\"async\" width=\"600\" height=\"354\" src=\"https:\/\/temporada-alta.com\/wp-content\/uploads\/el-vacio-del-otro.jpg\" alt=\"\" class=\"wp-image-3331\" srcset=\"https:\/\/temporada-alta.com\/wp-content\/uploads\/el-vacio-del-otro.jpg 600w, https:\/\/temporada-alta.com\/wp-content\/uploads\/el-vacio-del-otro-300x177.jpg 300w\" sizes=\"auto, (max-width: 600px) 100vw, 600px\" \/><\/figure>\n<\/div>\n\n\n\n<div class=\"wp-block-column is-vertically-aligned-center is-layout-flow wp-block-column-is-layout-flow\">\n<h3 class=\"wp-block-heading\"><strong>2016<\/strong><\/h3>\n\n\n\n<p><strong>Nos seguimos expandiendo (del 29 de enero al 18 de febrero)<\/strong><\/p>\n\n\n\n<p>Para la cuarta edici\u00f3n de Temporada Alta Iberom\u00e8rica a\u00f1adimos el teatro de la Alianza Francesa de Lima como tercera subsede. Ivan Benet, Baro d\u2019Evel y David Espinosa son los artistas catalanes invitados a una edici\u00f3n que, por primera vez, complementa la programaci\u00f3n catalana con propuestas de otros pa\u00edses: M\u00e9xico, Chile, Uruguay, Per\u00fa y Argentina. La otra novedad es The One Project, el proyecto que une el cine y el teatro estrenado en el Arts Santa M\u00f3nica y Temporada Alta. El Torneo de Dramaturgia Transatl\u00e1ntico llega a su cuarta edici\u00f3n y Temporada Alta Iberoam\u00e9rica ofrece 51 funciones acompa\u00f1adas de charlas, talleres y m\u00e1s actividades paralelas.<br>Durante esta cuarta edici\u00f3n seguimos batiendo r\u00e9cords. Nos visitan cerca de 4.500 espectadores, las actividades paralelas atraen a m\u00e1s de 800 participantes y nos consolidamos como punto de encuentro entre el teatro catal\u00e1n y el iberoamericano. Lo hacen posible el Institut Ramon Llull, Acci\u00f3n Cultural Espa\u00f1ola (AC \/ E), la AECID y la Red de Centros Culturales de Espa\u00f1a (Cooperaci\u00f3n Espa\u00f1ola), y los diferentes teatros que nos acogen en Argentina, Per\u00fa y Uruguay.<\/p>\n<\/div>\n<\/div>\n\n\n\n<div class=\"wp-block-columns are-vertically-aligned-center is-layout-flex wp-container-core-columns-is-layout-eae17e81 wp-block-columns-is-layout-flex\" style=\"margin-top:var(--wp--preset--spacing--70);margin-bottom:var(--wp--preset--spacing--70)\">\n<div class=\"wp-block-column is-vertically-aligned-center is-layout-flow wp-block-column-is-layout-flow\">\n<figure class=\"wp-block-image size-full\"><img loading=\"lazy\" decoding=\"async\" width=\"600\" height=\"354\" src=\"https:\/\/temporada-alta.com\/wp-content\/uploads\/constructivo-carlasubirana.jpg\" alt=\"Constructivo \u00a9 Carla Subirana\" class=\"wp-image-3328\" srcset=\"https:\/\/temporada-alta.com\/wp-content\/uploads\/constructivo-carlasubirana.jpg 600w, https:\/\/temporada-alta.com\/wp-content\/uploads\/constructivo-carlasubirana-300x177.jpg 300w\" sizes=\"auto, (max-width: 600px) 100vw, 600px\" \/><\/figure>\n<\/div>\n\n\n\n<div class=\"wp-block-column is-vertically-aligned-center is-layout-flow wp-block-column-is-layout-flow\">\n<h3 class=\"wp-block-heading\"><strong>2015<\/strong><\/h3>\n\n\n\n<p><strong>Ampliamos las sedes iberoamericanas (del 27 de enero al 11 de febrero)<\/strong><\/p>\n\n\n\n<p>Debido al \u00e9xito de asistencia y cr\u00edtica de las pasadas ediciones, en 2015 multiplicamos la oferta. Programamos casi el doble de funciones y ampliamos la duraci\u00f3n del ciclo. La otra novedad destacada es la programaci\u00f3n de espect\u00e1culos en Montevideo, con funciones en dos de las principales salas de la ciudad, el Teatro Solis y la Sala Verdi. La programaci\u00f3n de Temporada Alta Buenos Aires mantiene su sede en la Sala Timbre 4. El objetivo es convertir el Festival de Oto\u00f1o de Catalu\u00f1a en una plataforma para la internacionalizaci\u00f3n de la dramaturgia catalana. Una iniciativa que cuenta con el apoyo del Institut Ramon Llull y el programa Acci\u00f3n Cultural Espa\u00f1ola.<br>Aparte de una nueva edici\u00f3n del Torneo de Dramaturgia Transatl\u00e1ntico, que enfrenta a dramaturgos catalanes, argentinos y peruanos, durante casi tres semanas se podr\u00e1n ver cuatro espect\u00e1culos: <em>Non Solum<\/em> de Sergi L\u00f3pez, <em>Con la claridad aumenta el fr\u00edo<\/em> de Pep Tosar, <em>La cabeza en las nubes<\/em> de Xavier Bob\u00e9s y <em>Constructivo<\/em> de Ernesto Collado y Piero Steiner..<\/p>\n<\/div>\n<\/div>\n\n\n\n<div class=\"wp-block-columns are-vertically-aligned-center is-layout-flex wp-container-core-columns-is-layout-45c10ec9 wp-block-columns-is-layout-flex\" style=\"margin-top:var(--wp--preset--spacing--60);margin-bottom:var(--wp--preset--spacing--60)\">\n<div class=\"wp-block-column is-vertically-aligned-center is-layout-flow wp-block-column-is-layout-flow\">\n<figure class=\"wp-block-image size-full\"><img loading=\"lazy\" decoding=\"async\" width=\"600\" height=\"354\" src=\"https:\/\/temporada-alta.com\/wp-content\/uploads\/3040livingstone-1.jpg\" alt=\"\" class=\"wp-image-3322\" srcset=\"https:\/\/temporada-alta.com\/wp-content\/uploads\/3040livingstone-1.jpg 600w, https:\/\/temporada-alta.com\/wp-content\/uploads\/3040livingstone-1-300x177.jpg 300w\" sizes=\"auto, (max-width: 600px) 100vw, 600px\" \/><\/figure>\n<\/div>\n\n\n\n<div class=\"wp-block-column is-vertically-aligned-center is-layout-flow wp-block-column-is-layout-flow\">\n<h3 class=\"wp-block-heading\"><strong>2014<\/strong><\/h3>\n\n\n\n<p><strong>Segunda edici\u00f3n de Temporada Alta en Buenos Aires (del 2 al 9 de febrero)<\/strong><\/p>\n\n\n\n<p>La segunda edici\u00f3n de Temporada Alta Buenos Aires, un \u00e9xito de cr\u00edtica y p\u00fablico. Mantenemos la sede de la Sala Timbre 4 y programamos 14 funciones. Logramos una ocupaci\u00f3n pr\u00e1cticamente del 100%. <em>30\/40 Livingstone<\/em> de Sergi L\u00f3pez y Jordi Pic\u00f3, y <em>S\u00e9 de un lugar<\/em> de Iv\u00e1n Morales \u2013 Prisamata deben ampliar funciones debido al r\u00e1pido agotamiento de las entradas. Por otra parte, el programa doble de danza de Lali Ayguad\u00e9 (<em>Portland<\/em> y <em>Inc\u00f3gnito<\/em>) tambi\u00e9n registra muy buenas cifras de ocupaci\u00f3n (80%). Se celebra una nueva edici\u00f3n del Torneo de Dramaturgia y el cl\u00e1sico caf\u00e9 Vinilo de Buenos Aires es el escenario de un concierto de la cantante y pianista Maria Coma.<br>El \u00e9xito de la segunda edici\u00f3n del Temporada Alta Buenos Aires consolida la voluntad de acercar la producci\u00f3n teatral catalana al p\u00fablico argentino y de convertirse en una plataforma para la internacionalizaci\u00f3n de la dramaturgia y la producci\u00f3n teatrales catalanas.<\/p>\n<\/div>\n<\/div>\n\n\n\n<div class=\"wp-block-columns are-vertically-aligned-center is-layout-flex wp-container-core-columns-is-layout-eae17e81 wp-block-columns-is-layout-flex\" style=\"margin-top:var(--wp--preset--spacing--70);margin-bottom:var(--wp--preset--spacing--70)\">\n<div class=\"wp-block-column is-vertically-aligned-center is-layout-flow wp-block-column-is-layout-flow\">\n<figure class=\"wp-block-image size-full\"><img loading=\"lazy\" decoding=\"async\" width=\"600\" height=\"354\" src=\"https:\/\/temporada-alta.com\/wp-content\/uploads\/striptease-rafaelgavalle.jpg\" alt=\"Striptease \u00a9 Rafael Gavalle\" class=\"wp-image-3319\" srcset=\"https:\/\/temporada-alta.com\/wp-content\/uploads\/striptease-rafaelgavalle.jpg 600w, https:\/\/temporada-alta.com\/wp-content\/uploads\/striptease-rafaelgavalle-300x177.jpg 300w\" sizes=\"auto, (max-width: 600px) 100vw, 600px\" \/><\/figure>\n<\/div>\n\n\n\n<div class=\"wp-block-column is-vertically-aligned-center is-layout-flow wp-block-column-is-layout-flow\">\n<h3 class=\"wp-block-heading\"><strong>2013<\/strong><\/h3>\n\n\n\n<p><strong>Aterrizamos por primera vez en Buenos Aires (del 11 al 17 de febrero)<\/strong><\/p>\n\n\n\n<p>Estrenamos nuestra relaci\u00f3n con Buenos Aires en la Sala Timbre 4, dirigida por Claudio Tolcachir, con tres producciones catalanas, una versi\u00f3n del Torneo de Dramaturgia y un taller con Xavier Bob\u00e9s. Con esta iniciativa afianzamos nuestro prop\u00f3sito de dinamizar la internacionalizaci\u00f3n de la escena catalana.<br>Temporada Alta Buenos Aires cuenta con el apoyo del Institut Ramon Llull y ofrece tres espect\u00e1culos: <em>Insomni<\/em> de Xavier Bob\u00e9s, <em>Non Solum<\/em> de Sergi L\u00f3pez y Jorge Pic\u00f3, y <em>Striptease<\/em> de Pere Faura. La semana catalana se completa con una versi\u00f3n del Torneo de Dramaturgia que se organiza durante el Festival y que, en este caso, enfrenta a los autores ganadores de las dos ediciones del torneo catal\u00e1n, David Plana y Jordi Galceran, con dos dramaturgos argentinos, Diego Faturos y Francisco Lumerman.<\/p>\n<\/div>\n<\/div>\n<\/div>","protected":false},"excerpt":{"rendered":"<p>Desde hace m\u00e1s de una d\u00e9cada, estamos llevando Temporada Alta a varias ciudades iberoamericanas. Gracias a esta iniciativa&#8230;<\/p>\n","protected":false},"author":35132,"featured_media":0,"parent":0,"menu_order":0,"comment_status":"closed","ping_status":"closed","template":"","meta":{"_acf_changed":false,"footnotes":""},"class_list":["post-97999","page","type-page","status-publish","hentry"],"acf":[],"yoast_head":"<!-- This site is optimized with the Yoast SEO plugin v27.0 - https:\/\/yoast.com\/product\/yoast-seo-wordpress\/ -->\n<title>Temporada Alta Iberoam\u00e9rica - Temporada Alta<\/title>\n<meta name=\"robots\" content=\"index, follow, max-snippet:-1, max-image-preview:large, max-video-preview:-1\" \/>\n<link rel=\"canonical\" href=\"https:\/\/temporada-alta.com\/es\/temporada-alta-iberoamerica\/\" \/>\n<meta property=\"og:locale\" content=\"es_ES\" \/>\n<meta property=\"og:type\" content=\"article\" \/>\n<meta property=\"og:title\" content=\"Temporada Alta Iberoam\u00e9rica - Temporada Alta\" \/>\n<meta property=\"og:description\" content=\"Desde hace m\u00e1s de una d\u00e9cada, estamos llevando Temporada Alta a varias ciudades iberoamericanas. Gracias a esta iniciativa...\" \/>\n<meta property=\"og:url\" content=\"https:\/\/temporada-alta.com\/es\/temporada-alta-iberoamerica\/\" \/>\n<meta property=\"og:site_name\" content=\"Temporada Alta\" \/>\n<meta property=\"article:modified_time\" content=\"2026-02-24T15:13:24+00:00\" \/>\n<meta property=\"og:image\" content=\"https:\/\/temporada-alta.com\/wp-content\/uploads\/las-palabras-de-los-otros.webp\" \/>\n\t<meta property=\"og:image:width\" content=\"1920\" \/>\n\t<meta property=\"og:image:height\" content=\"1080\" \/>\n\t<meta property=\"og:image:type\" content=\"image\/webp\" \/>\n<meta name=\"twitter:card\" content=\"summary_large_image\" \/>\n<script type=\"application\/ld+json\" class=\"yoast-schema-graph\">{\"@context\":\"https:\/\/schema.org\",\"@graph\":[{\"@type\":\"WebPage\",\"@id\":\"https:\/\/temporada-alta.com\/es\/temporada-alta-iberoamerica\/\",\"url\":\"https:\/\/temporada-alta.com\/es\/temporada-alta-iberoamerica\/\",\"name\":\"Temporada Alta Iberoam\u00e9rica - Temporada Alta\",\"isPartOf\":{\"@id\":\"https:\/\/temporada-alta.com\/es\/#website\"},\"primaryImageOfPage\":{\"@id\":\"https:\/\/temporada-alta.com\/es\/temporada-alta-iberoamerica\/#primaryimage\"},\"image\":{\"@id\":\"https:\/\/temporada-alta.com\/es\/temporada-alta-iberoamerica\/#primaryimage\"},\"thumbnailUrl\":\"https:\/\/temporada-alta.com\/wp-content\/uploads\/las-palabras-de-los-otros.webp\",\"datePublished\":\"2024-11-07T11:02:20+00:00\",\"dateModified\":\"2026-02-24T15:13:24+00:00\",\"breadcrumb\":{\"@id\":\"https:\/\/temporada-alta.com\/es\/temporada-alta-iberoamerica\/#breadcrumb\"},\"inLanguage\":\"es\",\"potentialAction\":[{\"@type\":\"ReadAction\",\"target\":[\"https:\/\/temporada-alta.com\/es\/temporada-alta-iberoamerica\/\"]}]},{\"@type\":\"ImageObject\",\"inLanguage\":\"es\",\"@id\":\"https:\/\/temporada-alta.com\/es\/temporada-alta-iberoamerica\/#primaryimage\",\"url\":\"https:\/\/temporada-alta.com\/wp-content\/uploads\/las-palabras-de-los-otros.webp\",\"contentUrl\":\"https:\/\/temporada-alta.com\/wp-content\/uploads\/las-palabras-de-los-otros.webp\"},{\"@type\":\"BreadcrumbList\",\"@id\":\"https:\/\/temporada-alta.com\/es\/temporada-alta-iberoamerica\/#breadcrumb\",\"itemListElement\":[{\"@type\":\"ListItem\",\"position\":1,\"name\":\"Inici\",\"item\":\"https:\/\/temporada-alta.com\/es\/\"},{\"@type\":\"ListItem\",\"position\":2,\"name\":\"Temporada Alta Iberoam\u00e9rica\"}]},{\"@type\":\"WebSite\",\"@id\":\"https:\/\/temporada-alta.com\/es\/#website\",\"url\":\"https:\/\/temporada-alta.com\/es\/\",\"name\":\"Temporada Alta\",\"description\":\"Festival d&#039;Arts Esc\u00e8niques\",\"publisher\":{\"@id\":\"https:\/\/temporada-alta.com\/es\/#organization\"},\"potentialAction\":[{\"@type\":\"SearchAction\",\"target\":{\"@type\":\"EntryPoint\",\"urlTemplate\":\"https:\/\/temporada-alta.com\/es\/?s={search_term_string}\"},\"query-input\":{\"@type\":\"PropertyValueSpecification\",\"valueRequired\":true,\"valueName\":\"search_term_string\"}}],\"inLanguage\":\"es\"},{\"@type\":\"Organization\",\"@id\":\"https:\/\/temporada-alta.com\/es\/#organization\",\"name\":\"Temporada Alta\",\"url\":\"https:\/\/temporada-alta.com\/es\/\",\"logo\":{\"@type\":\"ImageObject\",\"inLanguage\":\"es\",\"@id\":\"https:\/\/temporada-alta.com\/es\/#\/schema\/logo\/image\/\",\"url\":\"https:\/\/temporada-alta.com\/wp-content\/uploads\/TA21-Logotip-pos.png\",\"contentUrl\":\"https:\/\/temporada-alta.com\/wp-content\/uploads\/TA21-Logotip-pos.png\",\"width\":800,\"height\":267,\"caption\":\"Temporada Alta\"},\"image\":{\"@id\":\"https:\/\/temporada-alta.com\/es\/#\/schema\/logo\/image\/\"}}]}<\/script>\n<!-- \/ Yoast SEO plugin. -->","yoast_head_json":{"title":"Temporada Alta Iberoam\u00e9rica - Temporada Alta","robots":{"index":"index","follow":"follow","max-snippet":"max-snippet:-1","max-image-preview":"max-image-preview:large","max-video-preview":"max-video-preview:-1"},"canonical":"https:\/\/temporada-alta.com\/es\/temporada-alta-iberoamerica\/","og_locale":"es_ES","og_type":"article","og_title":"Temporada Alta Iberoam\u00e9rica - Temporada Alta","og_description":"Desde hace m\u00e1s de una d\u00e9cada, estamos llevando Temporada Alta a varias ciudades iberoamericanas. Gracias a esta iniciativa...","og_url":"https:\/\/temporada-alta.com\/es\/temporada-alta-iberoamerica\/","og_site_name":"Temporada Alta","article_modified_time":"2026-02-24T15:13:24+00:00","og_image":[{"width":1920,"height":1080,"url":"https:\/\/temporada-alta.com\/wp-content\/uploads\/las-palabras-de-los-otros.webp","type":"image\/webp"}],"twitter_card":"summary_large_image","schema":{"@context":"https:\/\/schema.org","@graph":[{"@type":"WebPage","@id":"https:\/\/temporada-alta.com\/es\/temporada-alta-iberoamerica\/","url":"https:\/\/temporada-alta.com\/es\/temporada-alta-iberoamerica\/","name":"Temporada Alta Iberoam\u00e9rica - Temporada Alta","isPartOf":{"@id":"https:\/\/temporada-alta.com\/es\/#website"},"primaryImageOfPage":{"@id":"https:\/\/temporada-alta.com\/es\/temporada-alta-iberoamerica\/#primaryimage"},"image":{"@id":"https:\/\/temporada-alta.com\/es\/temporada-alta-iberoamerica\/#primaryimage"},"thumbnailUrl":"https:\/\/temporada-alta.com\/wp-content\/uploads\/las-palabras-de-los-otros.webp","datePublished":"2024-11-07T11:02:20+00:00","dateModified":"2026-02-24T15:13:24+00:00","breadcrumb":{"@id":"https:\/\/temporada-alta.com\/es\/temporada-alta-iberoamerica\/#breadcrumb"},"inLanguage":"es","potentialAction":[{"@type":"ReadAction","target":["https:\/\/temporada-alta.com\/es\/temporada-alta-iberoamerica\/"]}]},{"@type":"ImageObject","inLanguage":"es","@id":"https:\/\/temporada-alta.com\/es\/temporada-alta-iberoamerica\/#primaryimage","url":"https:\/\/temporada-alta.com\/wp-content\/uploads\/las-palabras-de-los-otros.webp","contentUrl":"https:\/\/temporada-alta.com\/wp-content\/uploads\/las-palabras-de-los-otros.webp"},{"@type":"BreadcrumbList","@id":"https:\/\/temporada-alta.com\/es\/temporada-alta-iberoamerica\/#breadcrumb","itemListElement":[{"@type":"ListItem","position":1,"name":"Inici","item":"https:\/\/temporada-alta.com\/es\/"},{"@type":"ListItem","position":2,"name":"Temporada Alta Iberoam\u00e9rica"}]},{"@type":"WebSite","@id":"https:\/\/temporada-alta.com\/es\/#website","url":"https:\/\/temporada-alta.com\/es\/","name":"Temporada Alta","description":"Festival d&#039;Arts Esc\u00e8niques","publisher":{"@id":"https:\/\/temporada-alta.com\/es\/#organization"},"potentialAction":[{"@type":"SearchAction","target":{"@type":"EntryPoint","urlTemplate":"https:\/\/temporada-alta.com\/es\/?s={search_term_string}"},"query-input":{"@type":"PropertyValueSpecification","valueRequired":true,"valueName":"search_term_string"}}],"inLanguage":"es"},{"@type":"Organization","@id":"https:\/\/temporada-alta.com\/es\/#organization","name":"Temporada Alta","url":"https:\/\/temporada-alta.com\/es\/","logo":{"@type":"ImageObject","inLanguage":"es","@id":"https:\/\/temporada-alta.com\/es\/#\/schema\/logo\/image\/","url":"https:\/\/temporada-alta.com\/wp-content\/uploads\/TA21-Logotip-pos.png","contentUrl":"https:\/\/temporada-alta.com\/wp-content\/uploads\/TA21-Logotip-pos.png","width":800,"height":267,"caption":"Temporada Alta"},"image":{"@id":"https:\/\/temporada-alta.com\/es\/#\/schema\/logo\/image\/"}}]}},"_links":{"self":[{"href":"https:\/\/temporada-alta.com\/es\/wp-json\/wp\/v2\/pages\/97999","targetHints":{"allow":["GET"]}}],"collection":[{"href":"https:\/\/temporada-alta.com\/es\/wp-json\/wp\/v2\/pages"}],"about":[{"href":"https:\/\/temporada-alta.com\/es\/wp-json\/wp\/v2\/types\/page"}],"author":[{"embeddable":true,"href":"https:\/\/temporada-alta.com\/es\/wp-json\/wp\/v2\/users\/35132"}],"replies":[{"embeddable":true,"href":"https:\/\/temporada-alta.com\/es\/wp-json\/wp\/v2\/comments?post=97999"}],"version-history":[{"count":3,"href":"https:\/\/temporada-alta.com\/es\/wp-json\/wp\/v2\/pages\/97999\/revisions"}],"predecessor-version":[{"id":117252,"href":"https:\/\/temporada-alta.com\/es\/wp-json\/wp\/v2\/pages\/97999\/revisions\/117252"}],"wp:attachment":[{"href":"https:\/\/temporada-alta.com\/es\/wp-json\/wp\/v2\/media?parent=97999"}],"curies":[{"name":"wp","href":"https:\/\/api.w.org\/{rel}","templated":true}]}}