{"id":97141,"date":"2024-09-20T12:56:02","date_gmt":"2024-09-20T10:56:02","guid":{"rendered":"https:\/\/temporada-alta.com\/?page_id=97141"},"modified":"2025-08-26T14:03:38","modified_gmt":"2025-08-26T12:03:38","slug":"a-tempo-arts-i-formacio","status":"publish","type":"page","link":"https:\/\/temporada-alta.com\/es\/a-tempo-arts-i-formacio\/","title":{"rendered":"A Tempo &#8211; Arts i Formaci\u00f3"},"content":{"rendered":"<div id=\"modal-ready\">\n<div class=\"wp-block-columns is-layout-flex wp-container-core-columns-is-layout-28f84493 wp-block-columns-is-layout-flex\">\n<div class=\"wp-block-column has-black-background-color has-background is-layout-flow wp-container-core-column-is-layout-38bca3ef wp-block-column-is-layout-flow\" style=\"padding-top:var(--wp--preset--spacing--60);padding-right:var(--wp--preset--spacing--60);padding-bottom:var(--wp--preset--spacing--60);padding-left:var(--wp--preset--spacing--60)\">\n<h2 class=\"wp-block-heading has-white-color has-text-color has-link-color wp-elements-8f098e3bf3474b35afd2857db920b91d\"><strong>Edici\u00f3n 2025-26<\/strong><\/h2>\n\n\n\n<p class=\"has-white-color has-text-color has-link-color wp-elements-1fed8fe7ababee62b315201327442c62\" style=\"padding-top:var(--wp--preset--spacing--40);padding-bottom:var(--wp--preset--spacing--30)\">Presentamos la programaci\u00f3n de la <a href=\"https:\/\/www.ciutatinvisible.org\/es\/projectes\/atempo\/\" target=\"_blank\" rel=\"noreferrer noopener\"><strong>9\u00aa edici\u00f3n de A Tempo \u2013 Artes y Formaci\u00f3n<\/strong><\/a>, con propuestas art\u00edsticas para escuelas e institutos, con el objetivo de garantizar el acceso, la participaci\u00f3n y el disfrute de las artes por parte de j\u00f3venes y ni\u00f1os. Incluye una programaci\u00f3n de espect\u00e1culos renovada con funciones gratuitas dentro y fuera de los centros educativos, una nueva edici\u00f3n del Torneo de dramaturgia para institutos, propuestas digitales con artistas del festival y la creaci\u00f3n de un nuevo espect\u00e1culo que se estrenar\u00e1 en Temporada Alta. <a href=\"https:\/\/www.ciutatinvisible.org\/es\/projectes\/atempo\/\">\u00a1<\/a><a href=\"https:\/\/www.ciutatinvisible.org\/es\/projectes\/atempo\/\" target=\"_blank\" rel=\"noreferrer noopener\">Desc\u00fabrela<\/a><a href=\"https:\/\/www.ciutatinvisible.org\/es\/projectes\/atempo\/\">!<\/a><\/p>\n<\/div>\n\n\n\n<div class=\"wp-block-column is-vertically-aligned-bottom is-layout-flow wp-block-column-is-layout-flow\" style=\"padding-top:0;padding-right:0;padding-bottom:0;padding-left:0\">\n<figure class=\"wp-block-image aligncenter size-large\"><img loading=\"lazy\" decoding=\"async\" width=\"1200\" height=\"801\" src=\"https:\/\/temporada-alta.com\/wp-content\/uploads\/\/Soc-una-nou-DdelVal-016a-1200x801.jpg\" alt=\"\" class=\"wp-image-104447\" srcset=\"https:\/\/temporada-alta.com\/wp-content\/uploads\/Soc-una-nou-DdelVal-016a-1200x801.jpg 1200w, https:\/\/temporada-alta.com\/wp-content\/uploads\/Soc-una-nou-DdelVal-016a-557x372.jpg 557w, https:\/\/temporada-alta.com\/wp-content\/uploads\/Soc-una-nou-DdelVal-016a-768x513.jpg 768w, https:\/\/temporada-alta.com\/wp-content\/uploads\/Soc-una-nou-DdelVal-016a-1536x1025.jpg 1536w, https:\/\/temporada-alta.com\/wp-content\/uploads\/Soc-una-nou-DdelVal-016a-2048x1367.jpg 2048w\" sizes=\"auto, (max-width: 1200px) 100vw, 1200px\" \/><\/figure>\n<\/div>\n<\/div>\n\n\n\n<h2 class=\"wp-block-heading\" style=\"padding-top:25px;padding-bottom:0\"><strong>Programaci\u00f3n vinculada a Temporada Alta<\/strong><\/h2>\n\n\n\n<div class=\"wp-block-columns is-layout-flex wp-container-core-columns-is-layout-7abde1fe wp-block-columns-is-layout-flex\" style=\"padding-top:var(--wp--preset--spacing--40);padding-bottom:var(--wp--preset--spacing--40)\">\n<div class=\"wp-block-column is-vertically-aligned-stretch is-layout-flow wp-block-column-is-layout-flow\">\n<figure class=\"wp-block-image size-large\"><img loading=\"lazy\" decoding=\"async\" width=\"1200\" height=\"800\" src=\"https:\/\/temporada-alta.com\/wp-content\/uploads\/\/CIUTATINVISIBLE-Embroutats-SalvadorSunyer-181124-HD-21-1200x800.jpg\" alt=\"\" class=\"wp-image-104451\" srcset=\"https:\/\/temporada-alta.com\/wp-content\/uploads\/CIUTATINVISIBLE-Embroutats-SalvadorSunyer-181124-HD-21-1200x800.jpg 1200w, https:\/\/temporada-alta.com\/wp-content\/uploads\/CIUTATINVISIBLE-Embroutats-SalvadorSunyer-181124-HD-21-558x372.jpg 558w, https:\/\/temporada-alta.com\/wp-content\/uploads\/CIUTATINVISIBLE-Embroutats-SalvadorSunyer-181124-HD-21-768x512.jpg 768w, https:\/\/temporada-alta.com\/wp-content\/uploads\/CIUTATINVISIBLE-Embroutats-SalvadorSunyer-181124-HD-21-1536x1024.jpg 1536w, https:\/\/temporada-alta.com\/wp-content\/uploads\/CIUTATINVISIBLE-Embroutats-SalvadorSunyer-181124-HD-21-2048x1365.jpg 2048w\" sizes=\"auto, (max-width: 1200px) 100vw, 1200px\" \/><\/figure>\n\n\n\n<p class=\"has-dark-gray-color has-text-color has-link-color has-small-font-size wp-elements-e01649745146e89ad685c605956eb235\"><strong><a href=\"https:\/\/www.ciutatinvisible.org\/es\/projectes\/atempo\/\" target=\"_blank\" rel=\"noreferrer noopener\">Inscripciones <\/a>abiertas a partir del 1 de septiembre<\/strong> a trav\u00e9s de la web de la <a href=\"https:\/\/www.ciutatinvisible.org\/es\/\" target=\"_blank\" rel=\"noreferrer noopener\">Fundaci\u00f3 La Ciutat Invisible<\/a><\/p>\n<\/div>\n\n\n\n<div class=\"wp-block-column is-vertically-aligned-top is-layout-flow wp-block-column-is-layout-flow\">\n<p class=\"has-dark-gray-color has-text-color has-link-color has-small-font-size wp-elements-e76f062bfd6f97c93775351eb937ef28\">Junto con la Fundaci\u00f3 La Ciutat Invisible, ofrecemos propuestas art\u00edsticas gratuitas y en horario lectivo dirigidas a los centros educativos de Girona y Salt, desde educaci\u00f3n infantil, especial y primaria hasta secundaria, bachillerato y ciclos formativos:<\/p>\n\n\n\n<ul class=\"wp-block-list\">\n<li class=\"has-dark-gray-color has-text-color has-link-color has-small-font-size wp-elements-d2bbd45a33adee50f1d2cf9148326369\"><strong><a href=\"https:\/\/www.ciutatinvisible.org\/es\/projectes\/atempo\/ta-a-laula\/\" target=\"_blank\" rel=\"noreferrer noopener\">Temporada Alta en el aula<\/a>.<\/strong> Ofrecemos una programaci\u00f3n exclusiva de espect\u00e1culos de teatro, danza y circo para acercar las artes a j\u00f3venes y ni\u00f1os, transmitir valores y generar debate en las aulas.<\/li>\n\n\n\n<li class=\"has-dark-gray-color has-text-color has-link-color has-small-font-size wp-elements-305f14273e8f1435b9111abc191e3cdf\"><strong><a href=\"https:\/\/www.ciutatinvisible.org\/es\/projectes\/atempo\/torneig-de-dramaturgia-per-a-instituts\/\" target=\"_blank\" rel=\"noreferrer noopener\">Torneo de Dramaturgia para Institutos<\/a>.<\/strong> Introducimos a estudiantes de 4\u00ba de ESO y bachillerato en el proceso de creaci\u00f3n de textos teatrales, desde la escritura hasta la puesta en escena, con el acompa\u00f1amiento de profesionales.<\/li>\n\n\n\n<li class=\"has-dark-gray-color has-text-color has-link-color has-small-font-size wp-elements-bb07144866593f70b4cbded5b16f9b41\"><strong><a href=\"https:\/\/www.ciutatinvisible.org\/es\/projectes\/atempo\/artistes-a-laula-online\/\" target=\"_blank\" rel=\"noreferrer noopener\">Artistas en el Aula<\/a>.<\/strong> Desarrollamos propuestas de trabajo para ni\u00f1os y j\u00f3venes con artistas de Temporada Alta, accesibles a trav\u00e9s de la plataforma <a href=\"https:\/\/adistancia.ciutatinvisible.org\/es\/\" target=\"_blank\" rel=\"noreferrer noopener\">A Distancia.<\/a><\/li>\n\n\n\n<li class=\"has-dark-gray-color has-text-color has-link-color has-small-font-size wp-elements-a000e24310cb8aa8c211e225f55a2fa6\"><strong><a href=\"https:\/\/www.ciutatinvisible.org\/es\/projectes\/atempo\/crea-el-teu-projecte\/\" target=\"_blank\" rel=\"noreferrer noopener\">Crea tu proyecto.<\/a><\/strong> Damos apoyo art\u00edstico y pedag\u00f3gico a proyectos de escuelas e institutos aportando los recursos profesionales necesarios.<\/li>\n\n\n\n<li class=\"has-dark-gray-color has-text-color has-link-color has-small-font-size wp-elements-22978127ee4f81604b61c9e768edc8f5\"><strong><a href=\"https:\/\/fundaciocatalunya-lapedrera.com\/es\/escola-santa-eugenia-festival-temporada-alta-fundacio-ciutat-invisible\" target=\"_blank\" rel=\"noreferrer noopener\">Escuelas T\u00e1ndem.<\/a><\/strong> Impulsamos el proyecto de la Fundaci\u00f3 Catalunya La Pedrera, que tiene como objetivo singularizar un centro educativo a trav\u00e9s de un proceso de innovaci\u00f3n educativa.<\/li>\n<\/ul>\n<\/div>\n<\/div>\n\n\n\n<div class=\"wp-block-columns is-layout-flex wp-container-core-columns-is-layout-7abde1fe wp-block-columns-is-layout-flex\" style=\"padding-top:var(--wp--preset--spacing--40);padding-bottom:var(--wp--preset--spacing--40)\">\n<div class=\"wp-block-column is-vertically-aligned-top is-layout-flow wp-block-column-is-layout-flow\">\n<h2 class=\"wp-block-heading\"><strong>\u00bfC\u00f3mo me inscribo?<\/strong><\/h2>\n\n\n\n<p class=\"has-dark-gray-color has-text-color has-link-color wp-elements-747cf2310a9c56993f8810e219593269\">En la web de la <a href=\"https:\/\/www.ciutatinvisible.org\/es\/\" target=\"_blank\" rel=\"noreferrer noopener\">Fundaci\u00f3 La Ciutat Invisible<\/a> encontrar\u00e1s la programaci\u00f3n completa de A Tempo, con actividades y acciones formativas que van m\u00e1s all\u00e1 de la duraci\u00f3n del festival. Tambi\u00e9n puedes inscribirte al <a href=\"https:\/\/ciutat-invisible.koobin.com\/?action=PU_ident_unica&amp;idioma=ES&amp;act=1\" target=\"_blank\" rel=\"noreferrer noopener\"><strong>bolet\u00edn<\/strong><\/a> para estar al d\u00eda de todas las novedades, noticias y detalles del proyecto.<\/p>\n\n\n\n<p class=\"has-dark-gray-color has-text-color has-link-color wp-elements-980f16116039d9f4ea1d5439352d6999\"><strong>Per\u00edodo de inscripciones:<\/strong> del 1 al 20 de septiembre<\/p>\n\n\n\n<p class=\"has-dark-gray-color has-text-color has-link-color wp-elements-67fe820cc6e7887a2d43205d6f9c5902\">Para cualquier duda, puedes escribirnos a este correo electr\u00f3nico: <a>atempo@ciutatinvisible.org<\/a><\/p>\n<\/div>\n\n\n\n<div class=\"wp-block-column is-vertically-aligned-center is-layout-flow wp-block-column-is-layout-flow\">\n<figure class=\"wp-block-image size-large\"><img loading=\"lazy\" decoding=\"async\" width=\"1200\" height=\"675\" src=\"https:\/\/temporada-alta.com\/wp-content\/uploads\/\/CIUTATINVISIBLE-BlinkFlash-StaEugenia-150125-HD-11-edited-2-1200x675.jpg\" alt=\"\" class=\"wp-image-104479\" srcset=\"https:\/\/temporada-alta.com\/wp-content\/uploads\/CIUTATINVISIBLE-BlinkFlash-StaEugenia-150125-HD-11-edited-2-1200x675.jpg 1200w, https:\/\/temporada-alta.com\/wp-content\/uploads\/CIUTATINVISIBLE-BlinkFlash-StaEugenia-150125-HD-11-edited-2-630x354.jpg 630w, https:\/\/temporada-alta.com\/wp-content\/uploads\/CIUTATINVISIBLE-BlinkFlash-StaEugenia-150125-HD-11-edited-2-768x432.jpg 768w, https:\/\/temporada-alta.com\/wp-content\/uploads\/CIUTATINVISIBLE-BlinkFlash-StaEugenia-150125-HD-11-edited-2-1536x864.jpg 1536w, https:\/\/temporada-alta.com\/wp-content\/uploads\/CIUTATINVISIBLE-BlinkFlash-StaEugenia-150125-HD-11-edited-2-2048x1152.jpg 2048w\" sizes=\"auto, (max-width: 1200px) 100vw, 1200px\" \/><\/figure>\n<\/div>\n<\/div>\n\n\n\n<div class=\"wp-block-columns has-black-background-color has-background is-layout-flex wp-container-core-columns-is-layout-28f84493 wp-block-columns-is-layout-flex\">\n<div class=\"wp-block-column is-vertically-aligned-center is-layout-flow wp-block-column-is-layout-flow\">\n<h2 class=\"wp-block-heading has-white-color has-text-color has-link-color wp-elements-12de67b9a2ccad0e010e6631190b3108\" style=\"padding-top:var(--wp--preset--spacing--20)\"><strong>Ediciones anteriores<\/strong><\/h2>\n\n\n\n<p class=\"has-white-color has-text-color has-link-color wp-elements-4c359272750e16535b8665046f707fc0\" style=\"padding-bottom:var(--wp--preset--spacing--40)\">Durante la <strong>8\u00aa edici\u00f3n de A Tempo<\/strong>, ofrecimos 11 espect\u00e1culos en los centros educativos dentro de la actividad <em>Temporada Alta en el aula<\/em> e impulsamos la 6\u00aa edici\u00f3n del Torneo de dramaturgia para institutos. En el INS Vallvera, creamos el p\u00f3dcast <em><a href=\"https:\/\/www.ciutatinvisible.org\/es\/projectes\/atempo\/crea-el-teu-projecte\/amb-veu-propia-vallvera\/\" target=\"_blank\" rel=\"noreferrer noopener\">Amb veu pr\u00f2pia Vallvera<\/a> <\/em>con Martina Cabanas, Sergi Vall\u00e8s y el alumnado del Ciclo Formativo de Grado B\u00e1sico. En la plataforma A Distancia, incluimos 7 nuevos v\u00eddeos con diversas propuestas art\u00edsticas. Entre las acciones formativas, agotamos las plazas en el seminario <em><a href=\"https:\/\/drive.google.com\/file\/d\/1efA-E7l2Ruyl5KYu-e16QuHHtGB2QvPx\/view\" target=\"_blank\" rel=\"noreferrer noopener\">Artes para la construcci\u00f3n de comunidades<\/a><\/em> en Sevilla y dimos continuidad al programa <a href=\"https:\/\/www.ciutatinvisible.org\/es\/projectes\/projectes-compartits\/\" target=\"_blank\" rel=\"noreferrer noopener\">Escuelas T\u00e1ndem<\/a> en la Escuela Santa Eug\u00e8nia. En conjunto, participaron 4.822 alumnos y 423 docentes de 55 centros de Girona y Salt, contando con la implicaci\u00f3n de 75 artistas.<\/p>\n<\/div>\n\n\n\n<div class=\"wp-block-column is-vertically-aligned-center is-layout-flow wp-block-column-is-layout-flow\">\n<figure class=\"wp-block-embed is-type-video is-provider-youtube wp-block-embed-youtube wp-embed-aspect-16-9 wp-has-aspect-ratio\"><div class=\"wp-block-embed__wrapper\">\n<iframe loading=\"lazy\" title=\"A Tempo - Arts i Formaci\u00f3, el balan\u00e7 de set edicions\" width=\"500\" height=\"281\" src=\"https:\/\/www.youtube.com\/embed\/YsmVUJ6_eKQ?feature=oembed&#038;enablejsapi=1&#038;origin=https:\/\/temporada-alta.com\" frameborder=\"0\" allow=\"accelerometer; autoplay; clipboard-write; encrypted-media; gyroscope; picture-in-picture; web-share\" referrerpolicy=\"strict-origin-when-cross-origin\" allowfullscreen><\/iframe>\n<\/div><\/figure>\n<\/div>\n<\/div>\n\n\n\n<p>Para m\u00e1s informaci\u00f3n del proyecto, contacta con el equipo de A Tempo \u2013 Artes y Formaci\u00f3n a trav\u00e9s de este correo electr\u00f3nico:&nbsp;<strong>atempo@ciutatinvisible.org<\/strong><\/p>\n<\/div>","protected":false},"excerpt":{"rendered":"<p>Edici\u00f3n 2025-26 Presentamos la programaci\u00f3n de la 9\u00aa edici\u00f3n de A Tempo \u2013 Artes y Formaci\u00f3n, con propuestas&#8230;<\/p>\n","protected":false},"author":35132,"featured_media":0,"parent":0,"menu_order":0,"comment_status":"closed","ping_status":"closed","template":"","meta":{"_acf_changed":false,"footnotes":""},"class_list":["post-97141","page","type-page","status-publish","hentry"],"acf":[],"yoast_head":"<!-- This site is optimized with the Yoast SEO plugin v27.0 - https:\/\/yoast.com\/product\/yoast-seo-wordpress\/ -->\n<title>A Tempo - Arts i Formaci\u00f3 - Temporada Alta<\/title>\n<meta name=\"robots\" content=\"index, follow, max-snippet:-1, max-image-preview:large, max-video-preview:-1\" \/>\n<link rel=\"canonical\" href=\"https:\/\/temporada-alta.com\/es\/a-tempo-arts-i-formacio\/\" \/>\n<meta property=\"og:locale\" content=\"es_ES\" \/>\n<meta property=\"og:type\" content=\"article\" \/>\n<meta property=\"og:title\" content=\"A Tempo - Arts i Formaci\u00f3 - Temporada Alta\" \/>\n<meta property=\"og:description\" content=\"Edici\u00f3n 2025-26 Presentamos la programaci\u00f3n de la 9\u00aa edici\u00f3n de A Tempo \u2013 Artes y Formaci\u00f3n, con propuestas...\" \/>\n<meta property=\"og:url\" content=\"https:\/\/temporada-alta.com\/es\/a-tempo-arts-i-formacio\/\" \/>\n<meta property=\"og:site_name\" content=\"Temporada Alta\" \/>\n<meta property=\"article:modified_time\" content=\"2025-08-26T12:03:38+00:00\" \/>\n<meta property=\"og:image\" content=\"https:\/\/temporada-alta.com\/wp-content\/uploads\/Soc-una-nou-DdelVal-016a-scaled.jpg\" \/>\n\t<meta property=\"og:image:width\" content=\"2560\" \/>\n\t<meta property=\"og:image:height\" content=\"1709\" \/>\n\t<meta property=\"og:image:type\" content=\"image\/jpeg\" \/>\n<meta name=\"twitter:card\" content=\"summary_large_image\" \/>\n<script type=\"application\/ld+json\" class=\"yoast-schema-graph\">{\"@context\":\"https:\/\/schema.org\",\"@graph\":[{\"@type\":\"WebPage\",\"@id\":\"https:\/\/temporada-alta.com\/es\/a-tempo-arts-i-formacio\/\",\"url\":\"https:\/\/temporada-alta.com\/es\/a-tempo-arts-i-formacio\/\",\"name\":\"A Tempo - Arts i Formaci\u00f3 - Temporada Alta\",\"isPartOf\":{\"@id\":\"https:\/\/temporada-alta.com\/es\/#website\"},\"primaryImageOfPage\":{\"@id\":\"https:\/\/temporada-alta.com\/es\/a-tempo-arts-i-formacio\/#primaryimage\"},\"image\":{\"@id\":\"https:\/\/temporada-alta.com\/es\/a-tempo-arts-i-formacio\/#primaryimage\"},\"thumbnailUrl\":\"https:\/\/temporada-alta.com\/wp-content\/uploads\/\/Soc-una-nou-DdelVal-016a-1200x801.jpg\",\"datePublished\":\"2024-09-20T10:56:02+00:00\",\"dateModified\":\"2025-08-26T12:03:38+00:00\",\"breadcrumb\":{\"@id\":\"https:\/\/temporada-alta.com\/es\/a-tempo-arts-i-formacio\/#breadcrumb\"},\"inLanguage\":\"es\",\"potentialAction\":[{\"@type\":\"ReadAction\",\"target\":[\"https:\/\/temporada-alta.com\/es\/a-tempo-arts-i-formacio\/\"]}]},{\"@type\":\"ImageObject\",\"inLanguage\":\"es\",\"@id\":\"https:\/\/temporada-alta.com\/es\/a-tempo-arts-i-formacio\/#primaryimage\",\"url\":\"https:\/\/temporada-alta.com\/wp-content\/uploads\/\/Soc-una-nou-DdelVal-016a-1200x801.jpg\",\"contentUrl\":\"https:\/\/temporada-alta.com\/wp-content\/uploads\/\/Soc-una-nou-DdelVal-016a-1200x801.jpg\"},{\"@type\":\"BreadcrumbList\",\"@id\":\"https:\/\/temporada-alta.com\/es\/a-tempo-arts-i-formacio\/#breadcrumb\",\"itemListElement\":[{\"@type\":\"ListItem\",\"position\":1,\"name\":\"Inici\",\"item\":\"https:\/\/temporada-alta.com\/es\/\"},{\"@type\":\"ListItem\",\"position\":2,\"name\":\"A Tempo &#8211; Arts i Formaci\u00f3\"}]},{\"@type\":\"WebSite\",\"@id\":\"https:\/\/temporada-alta.com\/es\/#website\",\"url\":\"https:\/\/temporada-alta.com\/es\/\",\"name\":\"Temporada Alta\",\"description\":\"Festival d&#039;Arts Esc\u00e8niques\",\"publisher\":{\"@id\":\"https:\/\/temporada-alta.com\/es\/#organization\"},\"potentialAction\":[{\"@type\":\"SearchAction\",\"target\":{\"@type\":\"EntryPoint\",\"urlTemplate\":\"https:\/\/temporada-alta.com\/es\/?s={search_term_string}\"},\"query-input\":{\"@type\":\"PropertyValueSpecification\",\"valueRequired\":true,\"valueName\":\"search_term_string\"}}],\"inLanguage\":\"es\"},{\"@type\":\"Organization\",\"@id\":\"https:\/\/temporada-alta.com\/es\/#organization\",\"name\":\"Temporada Alta\",\"url\":\"https:\/\/temporada-alta.com\/es\/\",\"logo\":{\"@type\":\"ImageObject\",\"inLanguage\":\"es\",\"@id\":\"https:\/\/temporada-alta.com\/es\/#\/schema\/logo\/image\/\",\"url\":\"https:\/\/temporada-alta.com\/wp-content\/uploads\/TA21-Logotip-pos.png\",\"contentUrl\":\"https:\/\/temporada-alta.com\/wp-content\/uploads\/TA21-Logotip-pos.png\",\"width\":800,\"height\":267,\"caption\":\"Temporada Alta\"},\"image\":{\"@id\":\"https:\/\/temporada-alta.com\/es\/#\/schema\/logo\/image\/\"}}]}<\/script>\n<!-- \/ Yoast SEO plugin. -->","yoast_head_json":{"title":"A Tempo - Arts i Formaci\u00f3 - Temporada Alta","robots":{"index":"index","follow":"follow","max-snippet":"max-snippet:-1","max-image-preview":"max-image-preview:large","max-video-preview":"max-video-preview:-1"},"canonical":"https:\/\/temporada-alta.com\/es\/a-tempo-arts-i-formacio\/","og_locale":"es_ES","og_type":"article","og_title":"A Tempo - Arts i Formaci\u00f3 - Temporada Alta","og_description":"Edici\u00f3n 2025-26 Presentamos la programaci\u00f3n de la 9\u00aa edici\u00f3n de A Tempo \u2013 Artes y Formaci\u00f3n, con propuestas...","og_url":"https:\/\/temporada-alta.com\/es\/a-tempo-arts-i-formacio\/","og_site_name":"Temporada Alta","article_modified_time":"2025-08-26T12:03:38+00:00","og_image":[{"width":2560,"height":1709,"url":"https:\/\/temporada-alta.com\/wp-content\/uploads\/Soc-una-nou-DdelVal-016a-scaled.jpg","type":"image\/jpeg"}],"twitter_card":"summary_large_image","schema":{"@context":"https:\/\/schema.org","@graph":[{"@type":"WebPage","@id":"https:\/\/temporada-alta.com\/es\/a-tempo-arts-i-formacio\/","url":"https:\/\/temporada-alta.com\/es\/a-tempo-arts-i-formacio\/","name":"A Tempo - Arts i Formaci\u00f3 - Temporada Alta","isPartOf":{"@id":"https:\/\/temporada-alta.com\/es\/#website"},"primaryImageOfPage":{"@id":"https:\/\/temporada-alta.com\/es\/a-tempo-arts-i-formacio\/#primaryimage"},"image":{"@id":"https:\/\/temporada-alta.com\/es\/a-tempo-arts-i-formacio\/#primaryimage"},"thumbnailUrl":"https:\/\/temporada-alta.com\/wp-content\/uploads\/\/Soc-una-nou-DdelVal-016a-1200x801.jpg","datePublished":"2024-09-20T10:56:02+00:00","dateModified":"2025-08-26T12:03:38+00:00","breadcrumb":{"@id":"https:\/\/temporada-alta.com\/es\/a-tempo-arts-i-formacio\/#breadcrumb"},"inLanguage":"es","potentialAction":[{"@type":"ReadAction","target":["https:\/\/temporada-alta.com\/es\/a-tempo-arts-i-formacio\/"]}]},{"@type":"ImageObject","inLanguage":"es","@id":"https:\/\/temporada-alta.com\/es\/a-tempo-arts-i-formacio\/#primaryimage","url":"https:\/\/temporada-alta.com\/wp-content\/uploads\/\/Soc-una-nou-DdelVal-016a-1200x801.jpg","contentUrl":"https:\/\/temporada-alta.com\/wp-content\/uploads\/\/Soc-una-nou-DdelVal-016a-1200x801.jpg"},{"@type":"BreadcrumbList","@id":"https:\/\/temporada-alta.com\/es\/a-tempo-arts-i-formacio\/#breadcrumb","itemListElement":[{"@type":"ListItem","position":1,"name":"Inici","item":"https:\/\/temporada-alta.com\/es\/"},{"@type":"ListItem","position":2,"name":"A Tempo &#8211; Arts i Formaci\u00f3"}]},{"@type":"WebSite","@id":"https:\/\/temporada-alta.com\/es\/#website","url":"https:\/\/temporada-alta.com\/es\/","name":"Temporada Alta","description":"Festival d&#039;Arts Esc\u00e8niques","publisher":{"@id":"https:\/\/temporada-alta.com\/es\/#organization"},"potentialAction":[{"@type":"SearchAction","target":{"@type":"EntryPoint","urlTemplate":"https:\/\/temporada-alta.com\/es\/?s={search_term_string}"},"query-input":{"@type":"PropertyValueSpecification","valueRequired":true,"valueName":"search_term_string"}}],"inLanguage":"es"},{"@type":"Organization","@id":"https:\/\/temporada-alta.com\/es\/#organization","name":"Temporada Alta","url":"https:\/\/temporada-alta.com\/es\/","logo":{"@type":"ImageObject","inLanguage":"es","@id":"https:\/\/temporada-alta.com\/es\/#\/schema\/logo\/image\/","url":"https:\/\/temporada-alta.com\/wp-content\/uploads\/TA21-Logotip-pos.png","contentUrl":"https:\/\/temporada-alta.com\/wp-content\/uploads\/TA21-Logotip-pos.png","width":800,"height":267,"caption":"Temporada Alta"},"image":{"@id":"https:\/\/temporada-alta.com\/es\/#\/schema\/logo\/image\/"}}]}},"_links":{"self":[{"href":"https:\/\/temporada-alta.com\/es\/wp-json\/wp\/v2\/pages\/97141","targetHints":{"allow":["GET"]}}],"collection":[{"href":"https:\/\/temporada-alta.com\/es\/wp-json\/wp\/v2\/pages"}],"about":[{"href":"https:\/\/temporada-alta.com\/es\/wp-json\/wp\/v2\/types\/page"}],"author":[{"embeddable":true,"href":"https:\/\/temporada-alta.com\/es\/wp-json\/wp\/v2\/users\/35132"}],"replies":[{"embeddable":true,"href":"https:\/\/temporada-alta.com\/es\/wp-json\/wp\/v2\/comments?post=97141"}],"version-history":[{"count":5,"href":"https:\/\/temporada-alta.com\/es\/wp-json\/wp\/v2\/pages\/97141\/revisions"}],"predecessor-version":[{"id":104516,"href":"https:\/\/temporada-alta.com\/es\/wp-json\/wp\/v2\/pages\/97141\/revisions\/104516"}],"wp:attachment":[{"href":"https:\/\/temporada-alta.com\/es\/wp-json\/wp\/v2\/media?parent=97141"}],"curies":[{"name":"wp","href":"https:\/\/api.w.org\/{rel}","templated":true}]}}