{"id":95788,"date":"2024-08-21T11:57:00","date_gmt":"2024-08-21T09:57:00","guid":{"rendered":"https:\/\/temporada-alta.com\/?page_id=95788"},"modified":"2025-03-06T16:49:25","modified_gmt":"2025-03-06T15:49:25","slug":"edicion-2024","status":"publish","type":"page","link":"https:\/\/temporada-alta.com\/es\/edicion-2024\/","title":{"rendered":"Edici\u00f3n 2024"},"content":{"rendered":"<div id=\"modal-ready\">\n<div class=\"wp-block-columns is-layout-flex wp-container-core-columns-is-layout-28f84493 wp-block-columns-is-layout-flex\">\n<div class=\"wp-block-column is-layout-flow wp-block-column-is-layout-flow\">\n<h3 class=\"wp-block-heading\"><strong>M\u00e1s espect\u00e1culos que nunca<\/strong><\/h3>\n\n\n\n<p>Avanzamos en nuestra tercera d\u00e9cada de existencia, con una edici\u00f3n que presenta una programaci\u00f3n con <strong>m\u00e1s espect\u00e1culos que nunca en toda nuestra historia. Un total de 110 espect\u00e1culos<\/strong>, de los cuales 21 son estrenos absolutos, 23 espect\u00e1culos internacionales de 17 pa\u00edses, casi 185 representaciones iniciales y 58.647 entradas a la venta. Este a\u00f1o, el festival ser\u00e1 del 12 de septiembre al 8 de diciembre, logrando tambi\u00e9n la extensi\u00f3n m\u00e1s amplia de las 33 ediciones, por donde pasar\u00e1n artistas como Romeo Castellucci, Isabelle Huppert, La Fura dels Baus, Tiago Rodrigues, La Veronal, Needcompany, Sergio Blanco, El Conde de Torrefiel, Mal Pelo, Slava *Polunin, cabosanroque, el Ballet de Marseille o Toni Servillo, entre otros.<\/p>\n\n\n\n<p>Adem\u00e1s, acogemos un nuevo proyecto europeo: <strong>Paisatges compartits (Shared Landscapes)<\/strong>, liderado por Caroline Barneud y Stefan Kaegi (de la compa\u00f1\u00eda Rimini Protokoll), que invita a artistas de diferentes disciplinas a crear espect\u00e1culos en espacios naturales. De este modo, el p\u00fablico podr\u00e1 pasar todo el d\u00eda entre campos y bosques de Celr\u00e0, disfrutando de siete creaciones de diferentes estilos.<\/p>\n<\/div>\n\n\n\n<div class=\"wp-block-column is-layout-flow wp-block-column-is-layout-flow\">\n<figure class=\"wp-block-image size-full\"><img loading=\"lazy\" decoding=\"async\" width=\"1200\" height=\"800\" src=\"https:\/\/temporada-alta.com\/wp-content\/uploads\/berenice-isabelle-huppert.jpg\" alt=\"\" class=\"wp-image-91180\" srcset=\"https:\/\/temporada-alta.com\/wp-content\/uploads\/berenice-isabelle-huppert.jpg 1200w, https:\/\/temporada-alta.com\/wp-content\/uploads\/berenice-isabelle-huppert-558x372.jpg 558w, https:\/\/temporada-alta.com\/wp-content\/uploads\/berenice-isabelle-huppert-768x512.jpg 768w\" sizes=\"auto, (max-width: 1200px) 100vw, 1200px\" \/><\/figure>\n<\/div>\n<\/div>\n\n\n\n<p>Barcelona se consolida como subsede del festival, acogiendo el espect\u00e1culo <strong>Age of content<\/strong> de la compa\u00f1\u00eda (La)Horde con el Ballet National de Marseille en el Mercat de les Flors. El resto de subsedes de este a\u00f1o son: Banyoles, Bescan\u00f3, Celr\u00e0, Figueres, Palafrugell, Sant Gregori y Torroella de Montgr\u00ed. Por \u00faltimo, los dos proyectos audiovisuales del festival, <strong>La Caverna<\/strong> y el podcast<strong> Aix\u00f2 no \u00e9s un c\u00e0sting<\/strong>, tendr\u00e1n una segunda temporada con nuevos invitados y nuevas entrevistas y reflexiones.<\/p>\n\n\n\n<div class=\"wp-block-group is-layout-constrained wp-block-group-is-layout-constrained\">\n<div class=\"wp-block-buttons is-content-justification-center is-layout-flex wp-container-core-buttons-is-layout-a89b3969 wp-block-buttons-is-layout-flex\">\n<div class=\"wp-block-button has-custom-font-size is-style-outline has-acumin-pro-font-family has-small-font-size is-style-outline--1\"><a class=\"wp-block-button__link has-white-color has-text-color has-link-color wp-element-button\" href=\"https:\/\/temporada-alta.com\/es\/edicions\/2024-es\/\">programaci\u00f3N 2024<\/a><\/div>\n<\/div>\n<\/div>\n\n\n\n<div class=\"wp-block-group has-black-background-color has-background is-layout-constrained wp-block-group-is-layout-constrained\" style=\"margin-top:var(--wp--preset--spacing--60);margin-bottom:var(--wp--preset--spacing--60);padding-top:0;padding-bottom:0\">\n<div class=\"wp-block-columns is-layout-flex wp-container-core-columns-is-layout-28f84493 wp-block-columns-is-layout-flex\">\n<div class=\"wp-block-column is-layout-flow wp-block-column-is-layout-flow\">\n<p class=\"has-text-align-center has-white-color has-text-color has-link-color has-x-large-font-size wp-elements-d8dea4aab269ab817aae336cdf7638ec\" style=\"margin-top:var(--wp--preset--spacing--40)\"><strong>Documentos<\/strong><\/p>\n\n\n\n<div class=\"wp-block-buttons is-content-justification-center is-layout-flex wp-container-core-buttons-is-layout-c3d5205c wp-block-buttons-is-layout-flex\" style=\"margin-top:0;margin-bottom:0\">\n<div class=\"wp-block-button has-custom-font-size has-small-font-size\"><a class=\"wp-block-button__link wp-element-button\" href=\"https:\/\/drive.google.com\/file\/d\/1xmW39K8HJHtkx0EgQv722GySQCoE6wJS\/view?usp=sharing\">DOSSIER PRESENTACI\u00d3N DEL FESTIVAL 2024<\/a><\/div>\n<\/div>\n\n\n\n<div class=\"wp-block-buttons is-content-justification-center is-layout-flex wp-container-core-buttons-is-layout-c3d5205c wp-block-buttons-is-layout-flex\" style=\"margin-top:0;margin-bottom:0\">\n<div class=\"wp-block-button has-custom-font-size has-small-font-size\"><a class=\"wp-block-button__link wp-element-button\" href=\"https:\/\/drive.google.com\/file\/d\/10qhrb5rDaLQ8p8Qz6p4YQh646iBz10xU\/view?usp=sharing\">dossier ejes del festival 2024 (en catal\u00e1n)<\/a><\/div>\n<\/div>\n\n\n\n<div class=\"wp-block-buttons is-vertical is-content-justification-center is-layout-flex wp-container-core-buttons-is-layout-49ebd7a1 wp-block-buttons-is-layout-flex\" style=\"margin-top:0;margin-bottom:0\">\n<div class=\"wp-block-button has-custom-font-size has-small-font-size\"><a class=\"wp-block-button__link wp-element-button\" href=\"https:\/\/drive.google.com\/drive\/folders\/15MZJxfvEa0GrdX19iej2KAf02lLlquCv\">revista del festival 2024<\/a><\/div>\n<\/div>\n\n\n\n<div class=\"wp-block-buttons is-vertical is-content-justification-center is-layout-flex wp-container-core-buttons-is-layout-49ebd7a1 wp-block-buttons-is-layout-flex\" style=\"margin-top:0;margin-bottom:0\">\n<div class=\"wp-block-button has-custom-font-size has-small-font-size\"><a class=\"wp-block-button__link wp-element-button\" href=\"https:\/\/drive.google.com\/file\/d\/1zXBfhVjE9QKkd15iLiyoaqIvWAeha6eM\/view?usp=sharing\">dosier de clausura 2024<\/a><\/div>\n<\/div>\n\n\n\n<div class=\"wp-block-buttons is-vertical is-content-justification-center is-layout-flex wp-container-core-buttons-is-layout-49ebd7a1 wp-block-buttons-is-layout-flex\" style=\"margin-top:0;margin-bottom:0\">\n<div class=\"wp-block-button has-custom-font-size has-small-font-size\"><a class=\"wp-block-button__link wp-element-button\" href=\"https:\/\/drive.google.com\/file\/d\/1DIjVCIjFYuKbm9ZNoo9z-CVifruFtrZp\/view?usp=sharing\">infograf\u00eda 2024<\/a><\/div>\n<\/div>\n<\/div>\n\n\n\n<div class=\"wp-block-column is-layout-flow wp-block-column-is-layout-flow\">\n<figure class=\"wp-block-image aligncenter size-large\"><img loading=\"lazy\" decoding=\"async\" width=\"1200\" height=\"675\" src=\"https:\/\/temporada-alta.com\/wp-content\/uploads\/\/lahorde_alt-1200x675.jpg\" alt=\"Age of Content \u00a9 Blandine Soulage\" class=\"wp-image-92981\" srcset=\"https:\/\/temporada-alta.com\/wp-content\/uploads\/lahorde_alt-1200x675.jpg 1200w, https:\/\/temporada-alta.com\/wp-content\/uploads\/lahorde_alt-630x354.jpg 630w, https:\/\/temporada-alta.com\/wp-content\/uploads\/lahorde_alt-768x432.jpg 768w, https:\/\/temporada-alta.com\/wp-content\/uploads\/lahorde_alt-1536x864.jpg 1536w, https:\/\/temporada-alta.com\/wp-content\/uploads\/lahorde_alt.jpg 1920w\" sizes=\"auto, (max-width: 1200px) 100vw, 1200px\" \/><\/figure>\n<\/div>\n<\/div>\n<\/div>\n\n\n\n<div class=\"wp-block-columns is-layout-flex wp-container-core-columns-is-layout-28f84493 wp-block-columns-is-layout-flex\">\n<div class=\"wp-block-column is-layout-flow wp-block-column-is-layout-flow\">\n<figure class=\"wp-block-image size-full\"><img loading=\"lazy\" decoding=\"async\" width=\"1810\" height=\"2560\" src=\"https:\/\/temporada-alta.com\/wp-content\/uploads\/cartell-ta24-scaled.jpg\" alt=\"\" class=\"wp-image-95681\" srcset=\"https:\/\/temporada-alta.com\/wp-content\/uploads\/cartell-ta24-scaled.jpg 1810w, https:\/\/temporada-alta.com\/wp-content\/uploads\/cartell-ta24-263x372.jpg 263w, https:\/\/temporada-alta.com\/wp-content\/uploads\/cartell-ta24-1200x1697.jpg 1200w, https:\/\/temporada-alta.com\/wp-content\/uploads\/cartell-ta24-768x1086.jpg 768w, https:\/\/temporada-alta.com\/wp-content\/uploads\/cartell-ta24-1086x1536.jpg 1086w, https:\/\/temporada-alta.com\/wp-content\/uploads\/cartell-ta24-1448x2048.jpg 1448w\" sizes=\"auto, (max-width: 1810px) 100vw, 1810px\" \/><\/figure>\n<\/div>\n\n\n\n<div class=\"wp-block-column is-layout-flow wp-block-column-is-layout-flow\">\n<h3 class=\"wp-block-heading\" style=\"margin-top:0;margin-bottom:0;padding-top:0;padding-bottom:0\"><strong>El cartel 2024, de Isabel Banal<\/strong><\/h3>\n\n\n\n<p>La propuesta de cartel de Isabel Banal deriva de una serie de trabajos fotogr\u00e1ficos donde la artista pone en relaci\u00f3n elementos de la natura y de la vida cotidiana con su cuerpo, como los d\u00edpticos del pan y la piedra expuestos hace un tiempo en la Can\u00f3nica de Vilabertran.<\/p>\n\n\n\n<p>En este caso se coloca a la altura de la cabeza, a modo de m\u00e1scara, un bid\u00f3n de agua. La m\u00e1scara es un s\u00edmbolo del mundo del teatro, con las dos caras de la comedia y la tragedia. El bid\u00f3n de pl\u00e1stico de agua nos habla de un elemento natural, absolutamente esencial para la vida, y a la vez de su industrializaci\u00f3n y comercializaci\u00f3n.<\/p>\n\n\n\n<p>Antes se iba a la fuente a buscar agua, con c\u00e1ntaros y jarrones, y se cargaba hasta casa. Ahora, parad\u00f3jicamente, a pesar de tener agua corriente, vamos al supermercado a comprarla y tambi\u00e9n la cargamos hasta nuestro hogar.<\/p>\n\n\n\n<p>La artista nos interpela, consciente de los momentos que estamos viviendo, de cambio clim\u00e1tico y sequ\u00eda, sobre esta relaci\u00f3n, sobre la p\u00e9rdida del valor sagrado del agua, de c\u00f3mo ha pasado a ser un art\u00edculo de consumo m\u00e1s, del uso y abuso que en basura\u2026<\/p>\n\n\n\n<p><strong>\u00bfQui\u00e9n es Isabel Banal?<\/strong><\/p>\n\n\n\n<p>Isabel Banal i Xifr\u00e9 (Castellfollit de la Roca, 1963) es artista visual y profesora en la Escuela Massana en Barcelona. Es licenciada en Bellas Artes por la Universidad de Barcelona. Ha sido becada en la Academia de Espa\u00f1a en Roma (2013-14) y por B\u00f2lit Residencia en Rad\u2019Arte-San Romano (Emilia Romagna) (2018).<\/p>\n\n\n\n<p>Su trabajo reflexiona sobre la tensi\u00f3n y la convivencia entre el mundo natural y el mundo urbano y la representaci\u00f3n del paisaje. En su trayectoria ha sido una constante la utilizaci\u00f3n de materiales naturales y su combinaci\u00f3n con elementos vinculados al mundo de la creaci\u00f3n y con objetos cotidianos, jugando muchas veces con los cambios de escala y la miniaturizaci\u00f3n, donde toma como referencia el mundo del pesebre. El color blanco est\u00e1 siempre presente, entendido como silencio y revelaci\u00f3n.<\/p>\n<\/div>\n<\/div>\n\n\n\n<div class=\"wp-block-columns is-layout-flex wp-container-core-columns-is-layout-28f84493 wp-block-columns-is-layout-flex\">\n<div class=\"wp-block-column is-layout-flow wp-block-column-is-layout-flow\">\n<h3 class=\"wp-block-heading\" style=\"margin-top:0;margin-bottom:0;padding-top:0;padding-bottom:0\"><strong><strong>El corto de TA24: <em>Les \u00c9toiles<\/em><\/strong><\/strong><\/h3>\n\n\n\n<p><\/p>\n\n\n\n<p>He vuelto a dirigir el corto de Temporada Alta despu\u00e9s de dos a\u00f1os. Los motivos han sido circunstanciales, pero este retorno me ha permitido abordar un tema que me rondaba por la cabeza: los actores.<\/p>\n\n\n\n<p>Si bien en una ocasi\u00f3n ya me puse en su piel (entendi\u00e9ndolos un poco mejor), los actores siempre han estado dif\u00edciles de interpretar para m\u00ed. A pesar de que algunos de mis amigos son, en la hora de trabajar a menudo los he evitado y casi siempre he preferido rodar con \u201cpersonas reales\u201d, ya sea por incomprensi\u00f3n, por miedo o por un respeto extra\u00f1o que me los hace lejanos. C\u00f3mo si fueran seres de luz o un tipo de unicornios indomables.<\/p>\n\n\n\n<p><\/p>\n<\/div>\n\n\n\n<div class=\"wp-block-column is-layout-flow wp-block-column-is-layout-flow\">\n<figure class=\"wp-block-image size-full\"><img loading=\"lazy\" decoding=\"async\" width=\"1080\" height=\"600\" src=\"https:\/\/temporada-alta.com\/wp-content\/uploads\/les-etoiles-curt-ta24.jpg\" alt=\"\" class=\"wp-image-95724\" srcset=\"https:\/\/temporada-alta.com\/wp-content\/uploads\/les-etoiles-curt-ta24.jpg 1080w, https:\/\/temporada-alta.com\/wp-content\/uploads\/les-etoiles-curt-ta24-630x350.jpg 630w, https:\/\/temporada-alta.com\/wp-content\/uploads\/les-etoiles-curt-ta24-768x427.jpg 768w\" sizes=\"auto, (max-width: 1080px) 100vw, 1080px\" \/><\/figure>\n<\/div>\n<\/div>\n\n\n\n<p>El caso es que ten\u00eda ganas de romper esta barrera para ponerlos en el centro y darles el papel protagonista del corto inaugural del Festival Temporada Alta. Partiendo de la idea de fondo que el mejor reconocimiento (u homenaje) ser\u00eda convertirlos en protagonistas reales, hab\u00eda que crear un ecosistema donde ellos tuvieran toda la libertad (y la responsabilidad) creativa posible. Que no fueran (solo) piezas al servicio de un guion, de una idea o de un director, sino que de alguna manera se convirtieran, a la vez, en los guionistas, directores y actores protagonistas.<\/p>\n\n\n\n<p>Mi aportaci\u00f3n en esta pieza ha sido esencialmente proponer unas normas de juego, establecer unos l\u00edmites e inventar una premisa: el rodaje de un anuncio en un velero con dos actores principales y un m\u00fasico donde el producto ten\u00eda que ser, b\u00e1sicamente, el actor mismo. No hubo nunca guion, tampoco ensayos, solo una cena (que se alarg\u00f3 mucho) con los actores, para decidir como har\u00edamos un corto en un solo d\u00eda y sin muchas m\u00e1s herramientas que el talento de cada cual y las ganas de jugar juntos.<\/p>\n\n\n\n<p>Las conclusiones de la cena larga:<\/p>\n\n\n\n<p>El rodaje se acercar\u00eda m\u00e1s a un acto performativo: un actor (Pol L\u00f3pez) har\u00eda de director -y por tanto el equipo t\u00e9cnico le ten\u00eda que obedecer-, mientras el otro actor ser\u00eda el modelo a vender (Oriol Pla), tambi\u00e9n contar\u00edamos con un tercer actor\/m\u00fasico (Ramon Bassal) para amenizarlo.<\/p>\n\n\n\n<p>No habr\u00eda barreras entre el equipo art\u00edstico y t\u00e9cnico, que ser\u00eda muy peque\u00f1o. Todo el mundo har\u00eda un poco de todo, m\u00e1s al estilo de una compa\u00f1\u00eda de circo que de un rodaje de cine. Nunca se sabr\u00eda con certeza cu\u00e1ndo se rodaba y cu\u00e1ndo no, todos ten\u00edamos que transitar el delante y el detr\u00e1s de la c\u00e1mara con la misma naturalidad, para mirar de generar un juego de espejos a favor de la confusi\u00f3n. El sol de julio, el mareo y una jornada kilom\u00e9trica acabar\u00edan de hacer el resto para intentar acercarnos a hacer algo singular. A tocar la luz. A encontrar aquella mirada\u2026<\/p>\n\n\n\n<p>El resultado final es una comedia de diecis\u00e9is minutos que lleva el t\u00edtulo ir\u00f3nico de \u201cLas \u00c9toiles\u201d (Las estrellas), y s\u00ed, efectivamente acaba hablando de los actores y sus fragilidades, pero dir\u00eda que tambi\u00e9n (y sobre todo) de los directores y sus miserias.<\/p>\n\n\n\n<p>Salvador Sunyer i Vidal<\/p>\n\n\n\n<h2 class=\"wp-block-heading\">Cr\u00e9ditos del corto<\/h2>\n\n\n\n<p><strong>Direcci\u00f3n:<\/strong> Salvador Sunyer i Vida  l<br><strong>Int\u00e9rpretes: <\/strong>Oriol Pla, Pol L\u00f3pez y Ramon Bassal<br><strong>Producci\u00f3n:<\/strong> Temporada Alta y Materia Cinema<\/p>\n\n\n\n<figure class=\"wp-block-embed aligncenter is-type-video is-provider-youtube wp-block-embed-youtube wp-embed-aspect-16-9 wp-has-aspect-ratio\"><div class=\"wp-block-embed__wrapper\">\n<iframe loading=\"lazy\" title=\"LES \u00c9TOILES (Official Short Film) - Temporada Alta 2024\" width=\"500\" height=\"281\" src=\"https:\/\/www.youtube.com\/embed\/ig3AGjEt63g?start=46&#038;feature=oembed&#038;enablejsapi=1&#038;origin=https:\/\/temporada-alta.com\" frameborder=\"0\" allow=\"accelerometer; autoplay; clipboard-write; encrypted-media; gyroscope; picture-in-picture; web-share\" referrerpolicy=\"strict-origin-when-cross-origin\" allowfullscreen><\/iframe>\n<\/div><\/figure>\n\n\n\n<h3 class=\"wp-block-heading\"><strong>La Caverna: segunda temporada<\/strong><\/h3>\n\n\n\n<p>Por segundo a\u00f1o consecutivo, tendremos una nueva serie de episodios de <em>La Caverna<\/em>, el proyecto audiovisual del festival con la colaboraci\u00f3n de la Fundaci\u00f3n La Caixa, donde grandes directores y creadores de la escena europea que han pasado por el festival conversan con personalidades del mundo de la cultura elegidos por ellos mismos. Esta segunda temporada, contar\u00e1 con Anne&nbsp;Teresa&nbsp;de Keersmaeker, cabosanroque, El Conde de Torrefiel y Llu\u00eds&nbsp;Pasqual como artistas invitados. Nuevamente, se podr\u00e1 ver de manera gratuita en la plataforma Caixaforum+ y en los canales propios del festival.<\/p>\n\n\n\n<figure class=\"wp-block-image size-large\"><a href=\"https:\/\/www.youtube.com\/watch?v=L7FvQMivKbI&amp;list=PLvWy5_y38U6zlztYIFF7kHK1wI9_wOwi4&amp;ab_channel=TemporadaAlta\"><img loading=\"lazy\" decoding=\"async\" width=\"1200\" height=\"675\" src=\"https:\/\/temporada-alta.com\/wp-content\/uploads\/\/la-caverna-1200x675.jpg\" alt=\"\" class=\"wp-image-90733\" srcset=\"https:\/\/temporada-alta.com\/wp-content\/uploads\/la-caverna-1200x675.jpg 1200w, https:\/\/temporada-alta.com\/wp-content\/uploads\/la-caverna-630x354.jpg 630w, https:\/\/temporada-alta.com\/wp-content\/uploads\/la-caverna-768x432.jpg 768w, https:\/\/temporada-alta.com\/wp-content\/uploads\/la-caverna-1536x864.jpg 1536w, https:\/\/temporada-alta.com\/wp-content\/uploads\/la-caverna.jpg 1920w\" sizes=\"auto, (max-width: 1200px) 100vw, 1200px\" \/><\/a><\/figure>\n\n\n\n<h3 class=\"wp-block-heading\"><strong><strong>Segunda temporada de <\/strong><\/strong><strong style=\"font-weight: bold;\">\u2018Aix\u00f2 no \u00e9s un c\u00e0sting\u2019, un p\u00f3dcast de Temporada Alta y R\u00e0dio Primavera Sound<\/strong><\/h3>\n\n\n\n<p>Despu\u00e9s de una primera temporada en la edici\u00f3n anterior, en Temporada Alta 2024, hemos querido dar continuitat a la iniciativa y hacer una segunda temporada de Aix\u00f2 no \u00e9s un c\u00e0sting, un podcast con la colaboraci\u00f3n de Radio Primavera Sound, presentado por Paula Carreras i Marc Tarrida Aribau. En esta segunda temporada, trataremos temas como las segundas partes teatrales, los secretos del backstage, escribir teatro, la escenograf\u00eda, el cabar\u00e9, la direcci\u00f3n y otros muchos.<\/p>\n\n\n\n<figure class=\"wp-block-image size-full is-resized\"><a href=\"https:\/\/www.youtube.com\/watch?v=RaGdTsun0Os&amp;list=PLvWy5_y38U6z9fivpLqat8_kttZRtn2MT&amp;ab_channel=TemporadaAlta\"><img loading=\"lazy\" decoding=\"async\" width=\"2500\" height=\"1309\" src=\"https:\/\/temporada-alta.com\/wp-content\/uploads\/TA24-Poscast-AixoNoesEs_Final.jpg\" alt=\"\" class=\"wp-image-95736\" style=\"width:1168px;height:auto\" srcset=\"https:\/\/temporada-alta.com\/wp-content\/uploads\/TA24-Poscast-AixoNoesEs_Final.jpg 2500w, https:\/\/temporada-alta.com\/wp-content\/uploads\/TA24-Poscast-AixoNoesEs_Final-630x330.jpg 630w, https:\/\/temporada-alta.com\/wp-content\/uploads\/TA24-Poscast-AixoNoesEs_Final-1200x628.jpg 1200w, https:\/\/temporada-alta.com\/wp-content\/uploads\/TA24-Poscast-AixoNoesEs_Final-768x402.jpg 768w, https:\/\/temporada-alta.com\/wp-content\/uploads\/TA24-Poscast-AixoNoesEs_Final-1536x804.jpg 1536w, https:\/\/temporada-alta.com\/wp-content\/uploads\/TA24-Poscast-AixoNoesEs_Final-2048x1072.jpg 2048w\" sizes=\"auto, (max-width: 2500px) 100vw, 2500px\" \/><\/a><\/figure>\n<\/div>","protected":false},"excerpt":{"rendered":"<p>M\u00e1s espect\u00e1culos que nunca Avanzamos en nuestra tercera d\u00e9cada de existencia, con una edici\u00f3n que presenta una programaci\u00f3n&#8230;<\/p>\n","protected":false},"author":36118,"featured_media":0,"parent":0,"menu_order":0,"comment_status":"closed","ping_status":"closed","template":"","meta":{"_acf_changed":false,"footnotes":""},"class_list":["post-95788","page","type-page","status-publish","hentry"],"acf":[],"yoast_head":"<!-- This site is optimized with the Yoast SEO plugin v27.0 - https:\/\/yoast.com\/product\/yoast-seo-wordpress\/ -->\n<title>Edici\u00f3n 2024 - Temporada Alta<\/title>\n<meta name=\"robots\" content=\"index, follow, max-snippet:-1, max-image-preview:large, max-video-preview:-1\" \/>\n<link rel=\"canonical\" href=\"https:\/\/temporada-alta.com\/es\/edicion-2024\/\" \/>\n<meta property=\"og:locale\" content=\"es_ES\" \/>\n<meta property=\"og:type\" content=\"article\" \/>\n<meta property=\"og:title\" content=\"Edici\u00f3n 2024 - Temporada Alta\" \/>\n<meta property=\"og:description\" content=\"M\u00e1s espect\u00e1culos que nunca Avanzamos en nuestra tercera d\u00e9cada de existencia, con una edici\u00f3n que presenta una programaci\u00f3n...\" \/>\n<meta property=\"og:url\" content=\"https:\/\/temporada-alta.com\/es\/edicion-2024\/\" \/>\n<meta property=\"og:site_name\" content=\"Temporada Alta\" \/>\n<meta property=\"article:modified_time\" content=\"2025-03-06T15:49:25+00:00\" \/>\n<meta property=\"og:image\" content=\"https:\/\/temporada-alta.com\/wp-content\/uploads\/berenice-isabelle-huppert.jpg\" \/>\n\t<meta property=\"og:image:width\" content=\"1200\" \/>\n\t<meta property=\"og:image:height\" content=\"800\" \/>\n\t<meta property=\"og:image:type\" content=\"image\/jpeg\" \/>\n<meta name=\"twitter:card\" content=\"summary_large_image\" \/>\n<script type=\"application\/ld+json\" class=\"yoast-schema-graph\">{\"@context\":\"https:\/\/schema.org\",\"@graph\":[{\"@type\":\"WebPage\",\"@id\":\"https:\/\/temporada-alta.com\/es\/edicion-2024\/\",\"url\":\"https:\/\/temporada-alta.com\/es\/edicion-2024\/\",\"name\":\"Edici\u00f3n 2024 - Temporada Alta\",\"isPartOf\":{\"@id\":\"https:\/\/temporada-alta.com\/es\/#website\"},\"primaryImageOfPage\":{\"@id\":\"https:\/\/temporada-alta.com\/es\/edicion-2024\/#primaryimage\"},\"image\":{\"@id\":\"https:\/\/temporada-alta.com\/es\/edicion-2024\/#primaryimage\"},\"thumbnailUrl\":\"https:\/\/temporada-alta.com\/wp-content\/uploads\/berenice-isabelle-huppert.jpg\",\"datePublished\":\"2024-08-21T09:57:00+00:00\",\"dateModified\":\"2025-03-06T15:49:25+00:00\",\"breadcrumb\":{\"@id\":\"https:\/\/temporada-alta.com\/es\/edicion-2024\/#breadcrumb\"},\"inLanguage\":\"es\",\"potentialAction\":[{\"@type\":\"ReadAction\",\"target\":[\"https:\/\/temporada-alta.com\/es\/edicion-2024\/\"]}]},{\"@type\":\"ImageObject\",\"inLanguage\":\"es\",\"@id\":\"https:\/\/temporada-alta.com\/es\/edicion-2024\/#primaryimage\",\"url\":\"https:\/\/temporada-alta.com\/wp-content\/uploads\/berenice-isabelle-huppert.jpg\",\"contentUrl\":\"https:\/\/temporada-alta.com\/wp-content\/uploads\/berenice-isabelle-huppert.jpg\"},{\"@type\":\"BreadcrumbList\",\"@id\":\"https:\/\/temporada-alta.com\/es\/edicion-2024\/#breadcrumb\",\"itemListElement\":[{\"@type\":\"ListItem\",\"position\":1,\"name\":\"Inici\",\"item\":\"https:\/\/temporada-alta.com\/es\/\"},{\"@type\":\"ListItem\",\"position\":2,\"name\":\"Edici\u00f3n 2024\"}]},{\"@type\":\"WebSite\",\"@id\":\"https:\/\/temporada-alta.com\/es\/#website\",\"url\":\"https:\/\/temporada-alta.com\/es\/\",\"name\":\"Temporada Alta\",\"description\":\"Festival d&#039;Arts Esc\u00e8niques\",\"publisher\":{\"@id\":\"https:\/\/temporada-alta.com\/es\/#organization\"},\"potentialAction\":[{\"@type\":\"SearchAction\",\"target\":{\"@type\":\"EntryPoint\",\"urlTemplate\":\"https:\/\/temporada-alta.com\/es\/?s={search_term_string}\"},\"query-input\":{\"@type\":\"PropertyValueSpecification\",\"valueRequired\":true,\"valueName\":\"search_term_string\"}}],\"inLanguage\":\"es\"},{\"@type\":\"Organization\",\"@id\":\"https:\/\/temporada-alta.com\/es\/#organization\",\"name\":\"Temporada Alta\",\"url\":\"https:\/\/temporada-alta.com\/es\/\",\"logo\":{\"@type\":\"ImageObject\",\"inLanguage\":\"es\",\"@id\":\"https:\/\/temporada-alta.com\/es\/#\/schema\/logo\/image\/\",\"url\":\"https:\/\/temporada-alta.com\/wp-content\/uploads\/TA21-Logotip-pos.png\",\"contentUrl\":\"https:\/\/temporada-alta.com\/wp-content\/uploads\/TA21-Logotip-pos.png\",\"width\":800,\"height\":267,\"caption\":\"Temporada Alta\"},\"image\":{\"@id\":\"https:\/\/temporada-alta.com\/es\/#\/schema\/logo\/image\/\"}}]}<\/script>\n<!-- \/ Yoast SEO plugin. -->","yoast_head_json":{"title":"Edici\u00f3n 2024 - Temporada Alta","robots":{"index":"index","follow":"follow","max-snippet":"max-snippet:-1","max-image-preview":"max-image-preview:large","max-video-preview":"max-video-preview:-1"},"canonical":"https:\/\/temporada-alta.com\/es\/edicion-2024\/","og_locale":"es_ES","og_type":"article","og_title":"Edici\u00f3n 2024 - Temporada Alta","og_description":"M\u00e1s espect\u00e1culos que nunca Avanzamos en nuestra tercera d\u00e9cada de existencia, con una edici\u00f3n que presenta una programaci\u00f3n...","og_url":"https:\/\/temporada-alta.com\/es\/edicion-2024\/","og_site_name":"Temporada Alta","article_modified_time":"2025-03-06T15:49:25+00:00","og_image":[{"width":1200,"height":800,"url":"https:\/\/temporada-alta.com\/wp-content\/uploads\/berenice-isabelle-huppert.jpg","type":"image\/jpeg"}],"twitter_card":"summary_large_image","schema":{"@context":"https:\/\/schema.org","@graph":[{"@type":"WebPage","@id":"https:\/\/temporada-alta.com\/es\/edicion-2024\/","url":"https:\/\/temporada-alta.com\/es\/edicion-2024\/","name":"Edici\u00f3n 2024 - Temporada Alta","isPartOf":{"@id":"https:\/\/temporada-alta.com\/es\/#website"},"primaryImageOfPage":{"@id":"https:\/\/temporada-alta.com\/es\/edicion-2024\/#primaryimage"},"image":{"@id":"https:\/\/temporada-alta.com\/es\/edicion-2024\/#primaryimage"},"thumbnailUrl":"https:\/\/temporada-alta.com\/wp-content\/uploads\/berenice-isabelle-huppert.jpg","datePublished":"2024-08-21T09:57:00+00:00","dateModified":"2025-03-06T15:49:25+00:00","breadcrumb":{"@id":"https:\/\/temporada-alta.com\/es\/edicion-2024\/#breadcrumb"},"inLanguage":"es","potentialAction":[{"@type":"ReadAction","target":["https:\/\/temporada-alta.com\/es\/edicion-2024\/"]}]},{"@type":"ImageObject","inLanguage":"es","@id":"https:\/\/temporada-alta.com\/es\/edicion-2024\/#primaryimage","url":"https:\/\/temporada-alta.com\/wp-content\/uploads\/berenice-isabelle-huppert.jpg","contentUrl":"https:\/\/temporada-alta.com\/wp-content\/uploads\/berenice-isabelle-huppert.jpg"},{"@type":"BreadcrumbList","@id":"https:\/\/temporada-alta.com\/es\/edicion-2024\/#breadcrumb","itemListElement":[{"@type":"ListItem","position":1,"name":"Inici","item":"https:\/\/temporada-alta.com\/es\/"},{"@type":"ListItem","position":2,"name":"Edici\u00f3n 2024"}]},{"@type":"WebSite","@id":"https:\/\/temporada-alta.com\/es\/#website","url":"https:\/\/temporada-alta.com\/es\/","name":"Temporada Alta","description":"Festival d&#039;Arts Esc\u00e8niques","publisher":{"@id":"https:\/\/temporada-alta.com\/es\/#organization"},"potentialAction":[{"@type":"SearchAction","target":{"@type":"EntryPoint","urlTemplate":"https:\/\/temporada-alta.com\/es\/?s={search_term_string}"},"query-input":{"@type":"PropertyValueSpecification","valueRequired":true,"valueName":"search_term_string"}}],"inLanguage":"es"},{"@type":"Organization","@id":"https:\/\/temporada-alta.com\/es\/#organization","name":"Temporada Alta","url":"https:\/\/temporada-alta.com\/es\/","logo":{"@type":"ImageObject","inLanguage":"es","@id":"https:\/\/temporada-alta.com\/es\/#\/schema\/logo\/image\/","url":"https:\/\/temporada-alta.com\/wp-content\/uploads\/TA21-Logotip-pos.png","contentUrl":"https:\/\/temporada-alta.com\/wp-content\/uploads\/TA21-Logotip-pos.png","width":800,"height":267,"caption":"Temporada Alta"},"image":{"@id":"https:\/\/temporada-alta.com\/es\/#\/schema\/logo\/image\/"}}]}},"_links":{"self":[{"href":"https:\/\/temporada-alta.com\/es\/wp-json\/wp\/v2\/pages\/95788","targetHints":{"allow":["GET"]}}],"collection":[{"href":"https:\/\/temporada-alta.com\/es\/wp-json\/wp\/v2\/pages"}],"about":[{"href":"https:\/\/temporada-alta.com\/es\/wp-json\/wp\/v2\/types\/page"}],"author":[{"embeddable":true,"href":"https:\/\/temporada-alta.com\/es\/wp-json\/wp\/v2\/users\/36118"}],"replies":[{"embeddable":true,"href":"https:\/\/temporada-alta.com\/es\/wp-json\/wp\/v2\/comments?post=95788"}],"version-history":[{"count":4,"href":"https:\/\/temporada-alta.com\/es\/wp-json\/wp\/v2\/pages\/95788\/revisions"}],"predecessor-version":[{"id":99821,"href":"https:\/\/temporada-alta.com\/es\/wp-json\/wp\/v2\/pages\/95788\/revisions\/99821"}],"wp:attachment":[{"href":"https:\/\/temporada-alta.com\/es\/wp-json\/wp\/v2\/media?parent=95788"}],"curies":[{"name":"wp","href":"https:\/\/api.w.org\/{rel}","templated":true}]}}