{"id":101450,"date":"2025-06-17T10:00:00","date_gmt":"2025-06-17T08:00:00","guid":{"rendered":"https:\/\/temporada-alta.com\/?page_id=101450"},"modified":"2025-12-18T13:26:12","modified_gmt":"2025-12-18T12:26:12","slug":"edicion-2025","status":"publish","type":"page","link":"https:\/\/temporada-alta.com\/es\/edicion-2025\/","title":{"rendered":"Edici\u00f3n 2025"},"content":{"rendered":"<div id=\"modal-ready\">\n<div class=\"wp-block-columns is-layout-flex wp-container-core-columns-is-layout-28f84493 wp-block-columns-is-layout-flex\">\n<div class=\"wp-block-column is-layout-flow wp-block-column-is-layout-flow\">\n<h3 class=\"wp-block-heading\"><span><strong style=\"font-weight: bold;\">Temporada Alta 2025: Calidad consolidada<\/strong><\/span><\/h3>\n\n\n\n<p>Avanzamos en nuestra tercera d\u00e9cada de existencia, con una edici\u00f3n que presenta una programaci\u00f3n<strong> de calidad consolidada, que demuestra el buen estado de forma de este ya veterano festival de referencia<\/strong>. Este a\u00f1o, presentamos un total de <strong>92 espect\u00e1culos<\/strong>, de los cuales 16 son estrenos absolutos, 16 espect\u00e1culos internacionales de 13 pa\u00edses, m\u00e1s de 140 representaciones iniciales y 62.326 entradas a la venta. En esta edici\u00f3n, el festival se celebrar\u00e1 del 18 de septiembre al 12 de diciembre, acogiendo a artistas como Ang\u00e9lica Liddell, Thomas Ostermeier, Miet Warlop, Malpelo, Christopher Marthaler, La Veronal, Patti Smith, Josep Maria Mir\u00f3, Romina Paula, Llu\u00eds Homar, Mos Maiorum, Josep Maria Pou, Agrupaci\u00f3n Se\u00f1or Serrano, Nora Navas, La Moukhles &amp; Sent\u00eds, B\u00e0rbara Mestanza, Marina Otero, Lorena Nogal o Roser L\u00f3pez Espinosa, entre otros.<\/p>\n\n\n\n<p>El Torneig de Dramat\u00fargia llega a su decimoquinta edici\u00f3n, mientras que recuperamos los <strong><em>Llibr\u00e0legs<\/em><\/strong>, un ciclo de lecturas en las Bibliotecas, con textos de Cristina Clemente, Carla Torres, Lara D\u00edez y Cl\u00e0udia Ced\u00f3.<\/p>\n<\/div>\n\n\n\n<div class=\"wp-block-column is-layout-flow wp-block-column-is-layout-flow\">\n<figure class=\"wp-block-image size-full\"><img loading=\"lazy\" decoding=\"async\" width=\"1000\" height=\"500\" src=\"https:\/\/temporada-alta.com\/wp-content\/uploads\/hamlet-temporada-alta-1.png\" alt=\"\" class=\"wp-image-104804\" srcset=\"https:\/\/temporada-alta.com\/wp-content\/uploads\/hamlet-temporada-alta-1.png 1000w, https:\/\/temporada-alta.com\/wp-content\/uploads\/hamlet-temporada-alta-1-630x315.png 630w, https:\/\/temporada-alta.com\/wp-content\/uploads\/hamlet-temporada-alta-1-768x384.png 768w\" sizes=\"auto, (max-width: 1000px) 100vw, 1000px\" \/><\/figure>\n<\/div>\n<\/div>\n\n\n\n<p>Las subsedes que repiten este a\u00f1o son: Banyoles, Figueres, Torroella de Montgr\u00ed, Sant Gregori, Bescan\u00f3 y Palafrugell. El festival apuesta con fuerza por el talento joven (creadores menores de 35 a\u00f1os) con espect\u00e1culos como <em>Tobetta<\/em> (Francesc Cu\u00e9llar), <em>Burpees<\/em> (Miquel Mas Fiol), <em>Cavallet de mar<\/em> (Pau Coya), <em>Nua<\/em> (Ann Perell\u00f3), <em>Man, mano, il tempo scorre<\/em> (Elaine Grayling), <em>Nauta<\/em> (Cor de Teatre), <em>Tallar-me el peu amb una motoserra<\/em> (B\u00e0rbara Mestanza) y <em>ABECEDARI<\/em> (La Moukhles &amp; Sent\u00eds). Por \u00faltimo, los dos proyectos audiovisuales del festival,<strong> <em>La Caverna<\/em> <\/strong>y el p\u00f3dcast<strong> <em>Aix\u00f2 no \u00e9s un c\u00e0sting<\/em><\/strong>, tendr\u00e1n una tercera temporada con nuevos invitados, entrevistas y reflexiones.<\/p>\n\n\n\n<div class=\"wp-block-group is-layout-constrained wp-block-group-is-layout-constrained\">\n<div class=\"wp-block-buttons is-content-justification-center is-layout-flex wp-container-core-buttons-is-layout-a89b3969 wp-block-buttons-is-layout-flex\">\n<div class=\"wp-block-button is-style-outline is-style-outline--1\"><a class=\"wp-block-button__link has-white-color has-text-color has-link-color has-acumin-pro-font-family has-small-font-size has-custom-font-size wp-element-button\" href=\"https:\/\/temporada-alta.com\/edicions\/2025-es\/\">programaci\u00f3N 2025<\/a><\/div>\n<\/div>\n<\/div>\n\n\n\n<div class=\"wp-block-group has-black-background-color has-background is-layout-constrained wp-block-group-is-layout-constrained\" style=\"margin-top:var(--wp--preset--spacing--60);margin-bottom:var(--wp--preset--spacing--60);padding-top:0;padding-bottom:0\">\n<div class=\"wp-block-columns is-layout-flex wp-container-core-columns-is-layout-28f84493 wp-block-columns-is-layout-flex\">\n<div class=\"wp-block-column is-layout-flow wp-block-column-is-layout-flow\">\n<p class=\"has-text-align-center has-white-color has-text-color has-link-color has-x-large-font-size wp-elements-d8dea4aab269ab817aae336cdf7638ec\" style=\"margin-top:var(--wp--preset--spacing--40)\"><strong>Documentos<\/strong><\/p>\n\n\n\n<div class=\"wp-block-buttons is-content-justification-center is-layout-flex wp-container-core-buttons-is-layout-c3d5205c wp-block-buttons-is-layout-flex\" style=\"margin-top:0;margin-bottom:0\">\n<div class=\"wp-block-button\"><a class=\"wp-block-button__link has-border-color has-white-border-color has-small-font-size has-custom-font-size wp-element-button\" href=\"https:\/\/drive.google.com\/file\/d\/1AQuHSuETBXwTekIB0-_0l9Nud8TgiSw9\/view?usp=sharing\" style=\"border-width:1px\">DOSIER DE PRESENTACI\u00d3N 2025 (catal\u00c1n)<\/a><\/div>\n<\/div>\n\n\n\n<div class=\"wp-block-buttons is-content-justification-center is-layout-flex wp-container-core-buttons-is-layout-c3d5205c wp-block-buttons-is-layout-flex\" style=\"margin-top:0;margin-bottom:0\">\n<div class=\"wp-block-button\"><a class=\"wp-block-button__link has-border-color has-white-border-color has-small-font-size has-custom-font-size wp-element-button\" href=\"https:\/\/drive.google.com\/file\/d\/10qhrb5rDaLQ8p8Qz6p4YQh646iBz10xU\/view?usp=sharing\" style=\"border-width:1px\">EJES DEL FESTIVAL 2025 (catal\u00c1n)<\/a><\/div>\n<\/div>\n\n\n\n<div class=\"wp-block-buttons is-content-justification-center is-layout-flex wp-container-core-buttons-is-layout-c3d5205c wp-block-buttons-is-layout-flex\" style=\"margin-top:0;margin-bottom:0\">\n<div class=\"wp-block-button\"><a class=\"wp-block-button__link has-border-color has-white-border-color has-small-font-size has-custom-font-size wp-element-button\" href=\"https:\/\/drive.google.com\/file\/d\/1BeDBQcWMaMb44Ri4km1eYeyTmjwyW3JW\/view?usp=sharing\" style=\"border-width:1px\">REVISTA DEL FESTIVAL 2025<\/a><\/div>\n<\/div>\n\n\n\n<div class=\"wp-block-buttons is-content-justification-center is-layout-flex wp-container-core-buttons-is-layout-c3d5205c wp-block-buttons-is-layout-flex\" style=\"margin-top:0;margin-bottom:0\">\n<div class=\"wp-block-button\"><a class=\"wp-block-button__link has-border-color has-white-border-color has-small-font-size has-custom-font-size wp-element-button\" href=\"https:\/\/drive.google.com\/file\/d\/1OSXLSI1GQZWGiWcPgDlvBoThd5ceuj5l\/view?usp=sharing\" style=\"border-width:1px\">DOSIER DE BALANCE FINAL 2025<\/a><\/div>\n<\/div>\n\n\n\n<div class=\"wp-block-buttons is-content-justification-center is-layout-flex wp-container-core-buttons-is-layout-c3d5205c wp-block-buttons-is-layout-flex\" style=\"margin-top:0;margin-bottom:0\">\n<div class=\"wp-block-button\"><a class=\"wp-block-button__link has-border-color has-white-border-color has-small-font-size has-custom-font-size wp-element-button\" href=\"https:\/\/drive.google.com\/file\/d\/10AwKX2ZAwC9CkAx3wNhtxowSl-LcKDTo\/view?usp=sharing\" style=\"border-width:1px\">INFOGRAF\u00cdA 2025<\/a><\/div>\n<\/div>\n<\/div>\n\n\n\n<div class=\"wp-block-column is-layout-flow wp-block-column-is-layout-flow\">\n<figure class=\"wp-block-image aligncenter size-full is-resized\"><img loading=\"lazy\" decoding=\"async\" width=\"1920\" height=\"1440\" src=\"https:\/\/temporada-alta.com\/wp-content\/uploads\/thumbnail_20.jpg\" alt=\"\" class=\"wp-image-104848\" style=\"aspect-ratio:1;object-fit:cover;width:528px;height:auto\" srcset=\"https:\/\/temporada-alta.com\/wp-content\/uploads\/thumbnail_20.jpg 1920w, https:\/\/temporada-alta.com\/wp-content\/uploads\/thumbnail_20-496x372.jpg 496w, https:\/\/temporada-alta.com\/wp-content\/uploads\/thumbnail_20-1200x900.jpg 1200w, https:\/\/temporada-alta.com\/wp-content\/uploads\/thumbnail_20-768x576.jpg 768w, https:\/\/temporada-alta.com\/wp-content\/uploads\/thumbnail_20-1536x1152.jpg 1536w, https:\/\/temporada-alta.com\/wp-content\/uploads\/thumbnail_20-640x480.jpg 640w\" sizes=\"auto, (max-width: 1920px) 100vw, 1920px\" \/><\/figure>\n<\/div>\n<\/div>\n<\/div>\n\n\n\n<div class=\"wp-block-columns is-layout-flex wp-container-core-columns-is-layout-28f84493 wp-block-columns-is-layout-flex\">\n<div class=\"wp-block-column is-layout-flow wp-block-column-is-layout-flow\">\n<figure class=\"wp-block-image size-large\"><img loading=\"lazy\" decoding=\"async\" width=\"1200\" height=\"1697\" src=\"https:\/\/temporada-alta.com\/wp-content\/uploads\/\/TA25_Cartell-A3-dates-1200x1697.jpg\" alt=\"\" class=\"wp-image-101501\" srcset=\"https:\/\/temporada-alta.com\/wp-content\/uploads\/TA25_Cartell-A3-dates-1200x1697.jpg 1200w, https:\/\/temporada-alta.com\/wp-content\/uploads\/TA25_Cartell-A3-dates-263x372.jpg 263w, https:\/\/temporada-alta.com\/wp-content\/uploads\/TA25_Cartell-A3-dates-768x1086.jpg 768w, https:\/\/temporada-alta.com\/wp-content\/uploads\/TA25_Cartell-A3-dates-1086x1536.jpg 1086w, https:\/\/temporada-alta.com\/wp-content\/uploads\/TA25_Cartell-A3-dates-1448x2048.jpg 1448w, https:\/\/temporada-alta.com\/wp-content\/uploads\/TA25_Cartell-A3-dates-scaled.jpg 1810w\" sizes=\"auto, (max-width: 1200px) 100vw, 1200px\" \/><\/figure>\n<\/div>\n\n\n\n<div class=\"wp-block-column is-layout-flow wp-block-column-is-layout-flow\">\n<h3 class=\"wp-block-heading\" style=\"margin-top:0;margin-bottom:0;padding-top:0;padding-bottom:0\"><strong>El cartel 2025, de cabosanroque<\/strong><\/h3>\n\n\n\n<p>Siguiendo la l\u00ednea de colaborar con reconocidos artistas para dise\u00f1ar el cartel del festival, este a\u00f1o, en Temporada Alta contamos con&nbsp;<strong>cabosanroque<\/strong>, colectivo multidisciplinario que vuelve a colaborar con el festival con una propuesta inspirada a partir de&nbsp;<em>Sous les Violons, La Plage!<\/em>, su propia instalaci\u00f3n presentada en la edici\u00f3n de Temporada Alta 2023.<\/p>\n\n\n\n<p>En esta propuesta, el Cuarteto n.\u00ba 66 de Haydn se transformaba en una experiencia participativa en que el p\u00fablico pod\u00eda destruir una serie de violines a pedradas para generar una nueva obra sonora.<\/p>\n\n\n\n<p>De esta destrucci\u00f3n creativa \u2014una catarsis colectiva\u2014 nace, en met\u00e1fora visual, el cartel 2025, creado a partir de las piezas de estos violines rotos por los espectadores del festival.<\/p>\n\n\n\n<p><strong>\u00bfQui\u00e9nes son cabosanroque?<\/strong><\/p>\n\n\n\n<p>cabosanroque, formado por&nbsp;<strong>Laia Torrents<\/strong>&nbsp;y&nbsp;<strong>Roger Aixut<\/strong>, han pasado por Temporada Alta en varias ocasiones, con proyectos como&nbsp;<em>El castor que plorava<\/em>&nbsp;(TA24),&nbsp;<em>Sous les Violons, La Plage!&nbsp;(TA23),&nbsp;Flors i viatges&nbsp;(TA22),&nbsp;Audioguia per a supermercats en temps de pand\u00e8mia&nbsp;(TA20),&nbsp;Dimonis&nbsp;(TA19)&nbsp;<\/em>o<em>&nbsp;No em va fer Joan Brossa&nbsp;(TA16)&nbsp;<\/em>consolidando una trayectoria donde se disuelven los l\u00edmites entre artes esc\u00e9nicas, m\u00fasica e instalaci\u00f3n.<\/p>\n\n\n\n<p>El cartel de 2025 es una declaraci\u00f3n de intenciones inherente a su obra: el arte como experimentaci\u00f3n y provocaci\u00f3n sensorial.<\/p>\n\n\n\n<p>De esta forma, cabosanroque se suma a una extensa lista de personalidades que han colaborado con el festival en la creaci\u00f3n del cartel, como Isabel Banal, Antoni T\u00e0pies, Cristina de Middel, Carles Santos, Carmen Calvo, Joan Fontcuberta, Eul\u00e0lia Valldosera, Narciso Comadira, Eug\u00e8nia Balcells, Frederic Amat, Carme Sanglas, Enric Pladevall o Ferran Adri\u00e0, entre otros.<\/p>\n<\/div>\n<\/div>\n\n\n\n<h3 class=\"wp-block-heading\"><strong><em>La Caverna<\/em>: tercera temporada<\/strong><\/h3>\n\n\n\n<p>Por tercer a\u00f1o consecutivo, tendremos una nueva serie de episodios de <strong><em>La Caverna<\/em><\/strong>, el proyecto audiovisual del festival con la colaboraci\u00f3n de la Fundaci\u00f3n La Caixa, donde grandes directores y creadores de la escena europea que han pasado por el festival conversan con personalidades del mundo de la cultura elegidas por ellos mismos. Esta tercera temporada contar\u00e1 con nuevos artistas invitados que confirmaremos muy pronto. Una vez m\u00e1s, se podr\u00e1 ver de manera gratuita en la plataforma <strong>CaixaForum+<\/strong> y en los canales propios del festival.<\/p>\n\n\n\n<figure class=\"wp-block-image size-large\"><a href=\"https:\/\/youtube.com\/playlist?list=PLvWy5_y38U6zlztYIFF7kHK1wI9_wOwi4&amp;si=op7WH0ariE_lbNNz\"><img loading=\"lazy\" decoding=\"async\" width=\"1200\" height=\"675\" src=\"https:\/\/temporada-alta.com\/wp-content\/uploads\/\/la-caverna-1200x675.jpg\" alt=\"\" class=\"wp-image-90733\" srcset=\"https:\/\/temporada-alta.com\/wp-content\/uploads\/la-caverna-1200x675.jpg 1200w, https:\/\/temporada-alta.com\/wp-content\/uploads\/la-caverna-630x354.jpg 630w, https:\/\/temporada-alta.com\/wp-content\/uploads\/la-caverna-768x432.jpg 768w, https:\/\/temporada-alta.com\/wp-content\/uploads\/la-caverna-1536x864.jpg 1536w, https:\/\/temporada-alta.com\/wp-content\/uploads\/la-caverna.jpg 1920w\" sizes=\"auto, (max-width: 1200px) 100vw, 1200px\" \/><\/a><\/figure>\n\n\n\n<h3 class=\"wp-block-heading\"><strong>Tercera temporada de <em>Aix\u00f2 no \u00e9s un c\u00e0sting<\/em>, un p\u00f3dcast de Temporada Alta y Radio Primavera Sound<\/strong><\/h3>\n\n\n\n<p>Despu\u00e9s de dos temporadas de \u00e9xito, en <strong>Temporada Alta 2025<\/strong> hemos querido dar continuidad a la iniciativa y hacer una tercera temporada de <strong><em>Aix\u00f2 no \u00e9s un c\u00e0sting<\/em><\/strong>, un p\u00f3dcast en colaboraci\u00f3n con <strong>R\u00e0dio Primavera Sound<\/strong>, presentado por <strong>Paula Carreras<\/strong> y <strong>Marc Tarrida Aribau<\/strong>. En esta tercera temporada trataremos nuevos temas con nuevos invitados que confirmaremos muy pronto.<\/p>\n\n\n\n<figure class=\"wp-block-image size-full is-resized\"><img loading=\"lazy\" decoding=\"async\" width=\"2560\" height=\"1340\" src=\"https:\/\/temporada-alta.com\/wp-content\/uploads\/TA25-Podcast-ANEUC_Banner-3-1-scaled.jpg\" alt=\"\" class=\"wp-image-104652\" style=\"width:1168px;height:auto\" srcset=\"https:\/\/temporada-alta.com\/wp-content\/uploads\/TA25-Podcast-ANEUC_Banner-3-1-scaled.jpg 2560w, https:\/\/temporada-alta.com\/wp-content\/uploads\/TA25-Podcast-ANEUC_Banner-3-1-630x330.jpg 630w, https:\/\/temporada-alta.com\/wp-content\/uploads\/TA25-Podcast-ANEUC_Banner-3-1-1200x628.jpg 1200w, https:\/\/temporada-alta.com\/wp-content\/uploads\/TA25-Podcast-ANEUC_Banner-3-1-768x402.jpg 768w, https:\/\/temporada-alta.com\/wp-content\/uploads\/TA25-Podcast-ANEUC_Banner-3-1-1536x804.jpg 1536w, https:\/\/temporada-alta.com\/wp-content\/uploads\/TA25-Podcast-ANEUC_Banner-3-1-2048x1072.jpg 2048w\" sizes=\"auto, (max-width: 2560px) 100vw, 2560px\" \/><\/figure>\n<\/div>","protected":false},"excerpt":{"rendered":"<p>Temporada Alta 2025: Calidad consolidada Avanzamos en nuestra tercera d\u00e9cada de existencia, con una edici\u00f3n que presenta una&#8230;<\/p>\n","protected":false},"author":11736,"featured_media":0,"parent":0,"menu_order":0,"comment_status":"closed","ping_status":"closed","template":"","meta":{"_acf_changed":false,"footnotes":""},"class_list":["post-101450","page","type-page","status-publish","hentry"],"acf":[],"yoast_head":"<!-- This site is optimized with the Yoast SEO plugin v27.0 - https:\/\/yoast.com\/product\/yoast-seo-wordpress\/ -->\n<title>Edici\u00f3n 2025 - Temporada Alta<\/title>\n<meta name=\"robots\" content=\"index, follow, max-snippet:-1, max-image-preview:large, max-video-preview:-1\" \/>\n<link rel=\"canonical\" href=\"https:\/\/temporada-alta.com\/es\/edicion-2025\/\" \/>\n<meta property=\"og:locale\" content=\"es_ES\" \/>\n<meta property=\"og:type\" content=\"article\" \/>\n<meta property=\"og:title\" content=\"Edici\u00f3n 2025 - Temporada Alta\" \/>\n<meta property=\"og:description\" content=\"Temporada Alta 2025: Calidad consolidada Avanzamos en nuestra tercera d\u00e9cada de existencia, con una edici\u00f3n que presenta una...\" \/>\n<meta property=\"og:url\" content=\"https:\/\/temporada-alta.com\/es\/edicion-2025\/\" \/>\n<meta property=\"og:site_name\" content=\"Temporada Alta\" \/>\n<meta property=\"article:modified_time\" content=\"2025-12-18T12:26:12+00:00\" \/>\n<meta property=\"og:image\" content=\"https:\/\/temporada-alta.com\/wp-content\/uploads\/hamlet-temporada-alta-1.png\" \/>\n\t<meta property=\"og:image:width\" content=\"1000\" \/>\n\t<meta property=\"og:image:height\" content=\"500\" \/>\n\t<meta property=\"og:image:type\" content=\"image\/png\" \/>\n<meta name=\"twitter:card\" content=\"summary_large_image\" \/>\n<script type=\"application\/ld+json\" class=\"yoast-schema-graph\">{\"@context\":\"https:\/\/schema.org\",\"@graph\":[{\"@type\":\"WebPage\",\"@id\":\"https:\/\/temporada-alta.com\/es\/edicion-2025\/\",\"url\":\"https:\/\/temporada-alta.com\/es\/edicion-2025\/\",\"name\":\"Edici\u00f3n 2025 - Temporada Alta\",\"isPartOf\":{\"@id\":\"https:\/\/temporada-alta.com\/es\/#website\"},\"primaryImageOfPage\":{\"@id\":\"https:\/\/temporada-alta.com\/es\/edicion-2025\/#primaryimage\"},\"image\":{\"@id\":\"https:\/\/temporada-alta.com\/es\/edicion-2025\/#primaryimage\"},\"thumbnailUrl\":\"https:\/\/temporada-alta.com\/wp-content\/uploads\/hamlet-temporada-alta-1.png\",\"datePublished\":\"2025-06-17T08:00:00+00:00\",\"dateModified\":\"2025-12-18T12:26:12+00:00\",\"breadcrumb\":{\"@id\":\"https:\/\/temporada-alta.com\/es\/edicion-2025\/#breadcrumb\"},\"inLanguage\":\"es\",\"potentialAction\":[{\"@type\":\"ReadAction\",\"target\":[\"https:\/\/temporada-alta.com\/es\/edicion-2025\/\"]}]},{\"@type\":\"ImageObject\",\"inLanguage\":\"es\",\"@id\":\"https:\/\/temporada-alta.com\/es\/edicion-2025\/#primaryimage\",\"url\":\"https:\/\/temporada-alta.com\/wp-content\/uploads\/hamlet-temporada-alta-1.png\",\"contentUrl\":\"https:\/\/temporada-alta.com\/wp-content\/uploads\/hamlet-temporada-alta-1.png\"},{\"@type\":\"BreadcrumbList\",\"@id\":\"https:\/\/temporada-alta.com\/es\/edicion-2025\/#breadcrumb\",\"itemListElement\":[{\"@type\":\"ListItem\",\"position\":1,\"name\":\"Inici\",\"item\":\"https:\/\/temporada-alta.com\/es\/\"},{\"@type\":\"ListItem\",\"position\":2,\"name\":\"Edici\u00f3n 2025\"}]},{\"@type\":\"WebSite\",\"@id\":\"https:\/\/temporada-alta.com\/es\/#website\",\"url\":\"https:\/\/temporada-alta.com\/es\/\",\"name\":\"Temporada Alta\",\"description\":\"Festival d&#039;Arts Esc\u00e8niques\",\"publisher\":{\"@id\":\"https:\/\/temporada-alta.com\/es\/#organization\"},\"potentialAction\":[{\"@type\":\"SearchAction\",\"target\":{\"@type\":\"EntryPoint\",\"urlTemplate\":\"https:\/\/temporada-alta.com\/es\/?s={search_term_string}\"},\"query-input\":{\"@type\":\"PropertyValueSpecification\",\"valueRequired\":true,\"valueName\":\"search_term_string\"}}],\"inLanguage\":\"es\"},{\"@type\":\"Organization\",\"@id\":\"https:\/\/temporada-alta.com\/es\/#organization\",\"name\":\"Temporada Alta\",\"url\":\"https:\/\/temporada-alta.com\/es\/\",\"logo\":{\"@type\":\"ImageObject\",\"inLanguage\":\"es\",\"@id\":\"https:\/\/temporada-alta.com\/es\/#\/schema\/logo\/image\/\",\"url\":\"https:\/\/temporada-alta.com\/wp-content\/uploads\/TA21-Logotip-pos.png\",\"contentUrl\":\"https:\/\/temporada-alta.com\/wp-content\/uploads\/TA21-Logotip-pos.png\",\"width\":800,\"height\":267,\"caption\":\"Temporada Alta\"},\"image\":{\"@id\":\"https:\/\/temporada-alta.com\/es\/#\/schema\/logo\/image\/\"}}]}<\/script>\n<!-- \/ Yoast SEO plugin. -->","yoast_head_json":{"title":"Edici\u00f3n 2025 - Temporada Alta","robots":{"index":"index","follow":"follow","max-snippet":"max-snippet:-1","max-image-preview":"max-image-preview:large","max-video-preview":"max-video-preview:-1"},"canonical":"https:\/\/temporada-alta.com\/es\/edicion-2025\/","og_locale":"es_ES","og_type":"article","og_title":"Edici\u00f3n 2025 - Temporada Alta","og_description":"Temporada Alta 2025: Calidad consolidada Avanzamos en nuestra tercera d\u00e9cada de existencia, con una edici\u00f3n que presenta una...","og_url":"https:\/\/temporada-alta.com\/es\/edicion-2025\/","og_site_name":"Temporada Alta","article_modified_time":"2025-12-18T12:26:12+00:00","og_image":[{"width":1000,"height":500,"url":"https:\/\/temporada-alta.com\/wp-content\/uploads\/hamlet-temporada-alta-1.png","type":"image\/png"}],"twitter_card":"summary_large_image","schema":{"@context":"https:\/\/schema.org","@graph":[{"@type":"WebPage","@id":"https:\/\/temporada-alta.com\/es\/edicion-2025\/","url":"https:\/\/temporada-alta.com\/es\/edicion-2025\/","name":"Edici\u00f3n 2025 - Temporada Alta","isPartOf":{"@id":"https:\/\/temporada-alta.com\/es\/#website"},"primaryImageOfPage":{"@id":"https:\/\/temporada-alta.com\/es\/edicion-2025\/#primaryimage"},"image":{"@id":"https:\/\/temporada-alta.com\/es\/edicion-2025\/#primaryimage"},"thumbnailUrl":"https:\/\/temporada-alta.com\/wp-content\/uploads\/hamlet-temporada-alta-1.png","datePublished":"2025-06-17T08:00:00+00:00","dateModified":"2025-12-18T12:26:12+00:00","breadcrumb":{"@id":"https:\/\/temporada-alta.com\/es\/edicion-2025\/#breadcrumb"},"inLanguage":"es","potentialAction":[{"@type":"ReadAction","target":["https:\/\/temporada-alta.com\/es\/edicion-2025\/"]}]},{"@type":"ImageObject","inLanguage":"es","@id":"https:\/\/temporada-alta.com\/es\/edicion-2025\/#primaryimage","url":"https:\/\/temporada-alta.com\/wp-content\/uploads\/hamlet-temporada-alta-1.png","contentUrl":"https:\/\/temporada-alta.com\/wp-content\/uploads\/hamlet-temporada-alta-1.png"},{"@type":"BreadcrumbList","@id":"https:\/\/temporada-alta.com\/es\/edicion-2025\/#breadcrumb","itemListElement":[{"@type":"ListItem","position":1,"name":"Inici","item":"https:\/\/temporada-alta.com\/es\/"},{"@type":"ListItem","position":2,"name":"Edici\u00f3n 2025"}]},{"@type":"WebSite","@id":"https:\/\/temporada-alta.com\/es\/#website","url":"https:\/\/temporada-alta.com\/es\/","name":"Temporada Alta","description":"Festival d&#039;Arts Esc\u00e8niques","publisher":{"@id":"https:\/\/temporada-alta.com\/es\/#organization"},"potentialAction":[{"@type":"SearchAction","target":{"@type":"EntryPoint","urlTemplate":"https:\/\/temporada-alta.com\/es\/?s={search_term_string}"},"query-input":{"@type":"PropertyValueSpecification","valueRequired":true,"valueName":"search_term_string"}}],"inLanguage":"es"},{"@type":"Organization","@id":"https:\/\/temporada-alta.com\/es\/#organization","name":"Temporada Alta","url":"https:\/\/temporada-alta.com\/es\/","logo":{"@type":"ImageObject","inLanguage":"es","@id":"https:\/\/temporada-alta.com\/es\/#\/schema\/logo\/image\/","url":"https:\/\/temporada-alta.com\/wp-content\/uploads\/TA21-Logotip-pos.png","contentUrl":"https:\/\/temporada-alta.com\/wp-content\/uploads\/TA21-Logotip-pos.png","width":800,"height":267,"caption":"Temporada Alta"},"image":{"@id":"https:\/\/temporada-alta.com\/es\/#\/schema\/logo\/image\/"}}]}},"_links":{"self":[{"href":"https:\/\/temporada-alta.com\/es\/wp-json\/wp\/v2\/pages\/101450","targetHints":{"allow":["GET"]}}],"collection":[{"href":"https:\/\/temporada-alta.com\/es\/wp-json\/wp\/v2\/pages"}],"about":[{"href":"https:\/\/temporada-alta.com\/es\/wp-json\/wp\/v2\/types\/page"}],"author":[{"embeddable":true,"href":"https:\/\/temporada-alta.com\/es\/wp-json\/wp\/v2\/users\/11736"}],"replies":[{"embeddable":true,"href":"https:\/\/temporada-alta.com\/es\/wp-json\/wp\/v2\/comments?post=101450"}],"version-history":[{"count":5,"href":"https:\/\/temporada-alta.com\/es\/wp-json\/wp\/v2\/pages\/101450\/revisions"}],"predecessor-version":[{"id":107035,"href":"https:\/\/temporada-alta.com\/es\/wp-json\/wp\/v2\/pages\/101450\/revisions\/107035"}],"wp:attachment":[{"href":"https:\/\/temporada-alta.com\/es\/wp-json\/wp\/v2\/media?parent=101450"}],"curies":[{"name":"wp","href":"https:\/\/api.w.org\/{rel}","templated":true}]}}