{"id":98440,"date":"2024-11-18T09:28:11","date_gmt":"2024-11-18T08:28:11","guid":{"rendered":"https:\/\/temporada-alta.com\/?page_id=98440"},"modified":"2025-02-24T15:29:24","modified_gmt":"2025-02-24T14:29:24","slug":"2007-edition","status":"publish","type":"page","link":"https:\/\/temporada-alta.com\/en\/2007-edition\/","title":{"rendered":"2007 Edition"},"content":{"rendered":"<div id=\"modal-ready\">\n<h3 class=\"wp-block-heading\"><strong>El Canal launches its first shows<\/strong><\/h3>\n\n\n\n<p>El Canal, the Scenic Arts Centre of Salt\/Girona, premi\u00e8res its first shows. From this moment onwards, El Canal and Temporada work intensively on two lines: the production of shows by Catalan authors and international co-productions. Martin Wuttke, Sergi Belbel, Dario Fo, Peter Brook, Claudio Tolcachir, Daniel Veronese, Paolo Conte, Benjam\u00edn Biolay, J\u00e9r\u00f4me Deschamps and Macha are just some of the stars this year.<\/p>\n\n\n\n<p>Shows:<strong>&nbsp;69<\/strong> (+ cinema)<br>Co-productions: <strong>26<\/strong><br>Premi\u00e8res:<strong>&nbsp;47<\/strong><br>Spectators: <strong>33.590&nbsp;<\/strong>(total) \/ <strong>91,83%<\/strong>&nbsp;(tickets sold)<br>Halls: <strong>11&nbsp;<\/strong>(+ cinema + Pla\u00e7a del Vi)<br>Budget:<strong> 1.730.308,77<\/strong>&nbsp;\u20ac<\/p>\n\n\n\n<div class=\"wp-block-columns are-vertically-aligned-center has-white-color has-black-background-color has-text-color has-background has-link-color wp-elements-5d9aa02d96f6bd277cca177ced1048bd is-layout-flex wp-container-core-columns-is-layout-28f84493 wp-block-columns-is-layout-flex\">\n<div class=\"wp-block-column is-vertically-aligned-center is-layout-flow wp-block-column-is-layout-flow\">\n<figure class=\"wp-block-image size-full\"><img loading=\"lazy\" decoding=\"async\" width=\"600\" height=\"354\" src=\"https:\/\/temporada-alta.com\/wp-content\/uploads\/068-copia-1.jpg\" alt=\"\" class=\"wp-image-31523\" srcset=\"https:\/\/temporada-alta.com\/wp-content\/uploads\/068-copia-1.jpg 600w, https:\/\/temporada-alta.com\/wp-content\/uploads\/068-copia-1-300x177.jpg 300w\" sizes=\"auto, (max-width: 600px) 100vw, 600px\" \/><\/figure>\n<\/div>\n\n\n\n<div class=\"wp-block-column is-vertically-aligned-center is-layout-flow wp-block-column-is-layout-flow\">\n<h2 class=\"wp-block-heading has-text-align-center has-white-color has-text-color has-link-color wp-elements-181ace5300962047491e615e95146bc9\"><strong>Documents<\/strong><\/h2>\n\n\n\n<div class=\"wp-block-buttons is-vertical is-content-justification-center is-layout-flex wp-container-core-buttons-is-layout-0a0d504e wp-block-buttons-is-layout-flex\" style=\"margin-top:0;margin-bottom:0\">\n<div class=\"wp-block-button\"><a class=\"wp-block-button__link wp-element-button\" href=\"https:\/\/drive.google.com\/file\/d\/1Edzaubjyvq2TSb4s9XVEKiXKHAQLcN6o\/view?usp=sharing\" style=\"border-width:1px\">closing balance<\/a><\/div>\n<\/div>\n<\/div>\n<\/div>\n\n\n\n<div class=\"wp-block-columns are-vertically-aligned-center is-layout-flex wp-container-core-columns-is-layout-28f84493 wp-block-columns-is-layout-flex\">\n<div class=\"wp-block-column is-vertically-aligned-center is-layout-flow wp-block-column-is-layout-flow\">\n<figure class=\"wp-block-image size-full is-resized\"><img loading=\"lazy\" decoding=\"async\" width=\"600\" height=\"354\" src=\"https:\/\/temporada-alta.com\/wp-content\/uploads\/TA2007.jpg\" alt=\"\" class=\"wp-image-31526\" style=\"width:423px;height:auto\" srcset=\"https:\/\/temporada-alta.com\/wp-content\/uploads\/TA2007.jpg 600w, https:\/\/temporada-alta.com\/wp-content\/uploads\/TA2007-300x177.jpg 300w\" sizes=\"auto, (max-width: 600px) 100vw, 600px\" \/><\/figure>\n<\/div>\n\n\n\n<div class=\"wp-block-column is-vertically-aligned-center is-layout-flow wp-block-column-is-layout-flow\">\n<h2 class=\"wp-block-heading\" style=\"margin-top:0;margin-bottom:0;padding-top:0;padding-bottom:0\"><span style=\"font-size: 2.14286rem; text-transform: inherit;\"><strong>Poster\u00a02007, Jaume Plensa<\/strong><\/span><\/h2>\n\n\n\n<p style=\"margin-top:0;margin-bottom:0;padding-top:0;padding-bottom:0\">An ovaloid stain, two eyes and a mouth. No more is needed, poets work that way. A bit of skin to feel what is without and within, eyes full of emotion and a pair of open lips, the natural setting for the words, the \u00ab<em>marvelous, dark and fascinating space<\/em> \u00bb, as the artist himself would say. Altogether, a living face which is a mask at one and the same time. The portrait of any of us, as even the word we use to describe ourselves \u201cperson\u201d, comes from the Latin expression \u201cmask of an actor\u201d. The poster of this year\u2019s Temporada Alta confronts us with these words from Jaume Plensa (Barcelona, 1955), a sculptor and graphic artist trained in Barcelona -in La Llotja and the Escola Superior de Belles Arts de Sant Jordi- and distinguished, among other merits for his nomination as Chevalier des Arts et des Lettres by the French Ministry for Culture (1993), The Fine Arts Prize of the Catalan Government (1997) and the title of Doctor Honoris Causa from the School of the Art Institute of Chicago (2005).<\/p>\n\n\n\n<p style=\"margin-top:0;margin-bottom:0;padding-top:0;padding-bottom:0\"><\/p>\n<\/div>\n<\/div>\n\n\n\n<p>Two of the basic elements in the work of Plensa, and which are present in his numerous exhibitions around the world \u2013 in the Reina Sofia in Madrid (2000), or The Arts Club Centre of Chicago (2004), to quote just two -, in public sculpture -scattered across Europe, America and Asia \u2013 and in the interdisciplinary collaborative works for opera and theatre performances, are the body and the text, shared by the soul of Temporada Alta: the theatre. Contemporary art, like Baroque art in its time, is an art which suits the stage and anything else which requires time to take shape, which is why his poster is full of words. Texts and messages appear often in Plensa\u2019s work, as they are inseparable from their time, constructors of the memory and guardians of the self. This artist is interested in that which leaves residue \u2013 a mysterious liquid, for example, inside test tubes in <em>Glass Heads<\/em> (2003) \u2013 or which is left marked on the skin \u2013 the poems which cover the seated sculpture <em>Tattoo<\/em> (2003) -, like the word \u201ctheatre\u201d beneath the skin of the face-mask of flesh, where experiences come to rest and on the tattooed flesh, in contact with the world. Plensa perceives time as a \u00absedimenter of experiences \u00bb, as the demiurgic phenomenon which places experiences as intense as those which occur in the theatre, with actors, with the word- which also includes, through absence, vibration of silence \u2013 and which reveal the consciousness of what it is to be a person, to be a face and a mask, to be the original and the representation.<\/p>\n\n\n\n<p><strong>Pere Parramon<\/strong><\/p>\n\n\n\n<p><a href=\"https:\/\/drive.google.com\/file\/d\/1gQuQBKm0YLjmyJXjY9i99yWzUSGFC4da\/view?usp=sharing\">Download poster<\/a><br><\/p>\n<\/div>","protected":false},"excerpt":{"rendered":"<p>El Canal launches its first shows El Canal, the Scenic Arts Centre of Salt\/Girona, premi\u00e8res its first shows&#8230;.<\/p>\n","protected":false},"author":35132,"featured_media":0,"parent":0,"menu_order":0,"comment_status":"closed","ping_status":"closed","template":"","meta":{"_acf_changed":false,"footnotes":""},"class_list":["post-98440","page","type-page","status-publish","hentry"],"acf":[],"yoast_head":"<!-- This site is optimized with the Yoast SEO plugin v27.0 - https:\/\/yoast.com\/product\/yoast-seo-wordpress\/ -->\n<title>2007 Edition - Temporada Alta<\/title>\n<meta name=\"robots\" content=\"index, follow, max-snippet:-1, max-image-preview:large, max-video-preview:-1\" \/>\n<link rel=\"canonical\" href=\"https:\/\/temporada-alta.com\/en\/2007-edition\/\" \/>\n<meta property=\"og:locale\" content=\"en_US\" \/>\n<meta property=\"og:type\" content=\"article\" \/>\n<meta property=\"og:title\" content=\"2007 Edition - Temporada Alta\" \/>\n<meta property=\"og:description\" content=\"El Canal launches its first shows El Canal, the Scenic Arts Centre of Salt\/Girona, premi\u00e8res its first shows....\" \/>\n<meta property=\"og:url\" content=\"https:\/\/temporada-alta.com\/en\/2007-edition\/\" \/>\n<meta property=\"og:site_name\" content=\"Temporada Alta\" \/>\n<meta property=\"article:modified_time\" content=\"2025-02-24T14:29:24+00:00\" \/>\n<meta property=\"og:image\" content=\"https:\/\/temporada-alta.com\/wp-content\/uploads\/068-copia-1.jpg\" \/>\n\t<meta property=\"og:image:width\" content=\"600\" \/>\n\t<meta property=\"og:image:height\" content=\"354\" \/>\n\t<meta property=\"og:image:type\" content=\"image\/jpeg\" \/>\n<meta name=\"twitter:card\" content=\"summary_large_image\" \/>\n<script type=\"application\/ld+json\" class=\"yoast-schema-graph\">{\"@context\":\"https:\/\/schema.org\",\"@graph\":[{\"@type\":\"WebPage\",\"@id\":\"https:\/\/temporada-alta.com\/en\/2007-edition\/\",\"url\":\"https:\/\/temporada-alta.com\/en\/2007-edition\/\",\"name\":\"2007 Edition - Temporada Alta\",\"isPartOf\":{\"@id\":\"https:\/\/temporada-alta.com\/en\/#website\"},\"primaryImageOfPage\":{\"@id\":\"https:\/\/temporada-alta.com\/en\/2007-edition\/#primaryimage\"},\"image\":{\"@id\":\"https:\/\/temporada-alta.com\/en\/2007-edition\/#primaryimage\"},\"thumbnailUrl\":\"https:\/\/temporada-alta.com\/wp-content\/uploads\/068-copia-1.jpg\",\"datePublished\":\"2024-11-18T08:28:11+00:00\",\"dateModified\":\"2025-02-24T14:29:24+00:00\",\"breadcrumb\":{\"@id\":\"https:\/\/temporada-alta.com\/en\/2007-edition\/#breadcrumb\"},\"inLanguage\":\"en-US\",\"potentialAction\":[{\"@type\":\"ReadAction\",\"target\":[\"https:\/\/temporada-alta.com\/en\/2007-edition\/\"]}]},{\"@type\":\"ImageObject\",\"inLanguage\":\"en-US\",\"@id\":\"https:\/\/temporada-alta.com\/en\/2007-edition\/#primaryimage\",\"url\":\"https:\/\/temporada-alta.com\/wp-content\/uploads\/068-copia-1.jpg\",\"contentUrl\":\"https:\/\/temporada-alta.com\/wp-content\/uploads\/068-copia-1.jpg\"},{\"@type\":\"BreadcrumbList\",\"@id\":\"https:\/\/temporada-alta.com\/en\/2007-edition\/#breadcrumb\",\"itemListElement\":[{\"@type\":\"ListItem\",\"position\":1,\"name\":\"Inici\",\"item\":\"https:\/\/temporada-alta.com\/en\/\"},{\"@type\":\"ListItem\",\"position\":2,\"name\":\"2007 Edition\"}]},{\"@type\":\"WebSite\",\"@id\":\"https:\/\/temporada-alta.com\/en\/#website\",\"url\":\"https:\/\/temporada-alta.com\/en\/\",\"name\":\"Temporada Alta\",\"description\":\"Festival d&#039;Arts Esc\u00e8niques\",\"publisher\":{\"@id\":\"https:\/\/temporada-alta.com\/en\/#organization\"},\"potentialAction\":[{\"@type\":\"SearchAction\",\"target\":{\"@type\":\"EntryPoint\",\"urlTemplate\":\"https:\/\/temporada-alta.com\/en\/?s={search_term_string}\"},\"query-input\":{\"@type\":\"PropertyValueSpecification\",\"valueRequired\":true,\"valueName\":\"search_term_string\"}}],\"inLanguage\":\"en-US\"},{\"@type\":\"Organization\",\"@id\":\"https:\/\/temporada-alta.com\/en\/#organization\",\"name\":\"Temporada Alta\",\"url\":\"https:\/\/temporada-alta.com\/en\/\",\"logo\":{\"@type\":\"ImageObject\",\"inLanguage\":\"en-US\",\"@id\":\"https:\/\/temporada-alta.com\/en\/#\/schema\/logo\/image\/\",\"url\":\"https:\/\/temporada-alta.com\/wp-content\/uploads\/TA21-Logotip-pos.png\",\"contentUrl\":\"https:\/\/temporada-alta.com\/wp-content\/uploads\/TA21-Logotip-pos.png\",\"width\":800,\"height\":267,\"caption\":\"Temporada Alta\"},\"image\":{\"@id\":\"https:\/\/temporada-alta.com\/en\/#\/schema\/logo\/image\/\"}}]}<\/script>\n<!-- \/ Yoast SEO plugin. -->","yoast_head_json":{"title":"2007 Edition - Temporada Alta","robots":{"index":"index","follow":"follow","max-snippet":"max-snippet:-1","max-image-preview":"max-image-preview:large","max-video-preview":"max-video-preview:-1"},"canonical":"https:\/\/temporada-alta.com\/en\/2007-edition\/","og_locale":"en_US","og_type":"article","og_title":"2007 Edition - Temporada Alta","og_description":"El Canal launches its first shows El Canal, the Scenic Arts Centre of Salt\/Girona, premi\u00e8res its first shows....","og_url":"https:\/\/temporada-alta.com\/en\/2007-edition\/","og_site_name":"Temporada Alta","article_modified_time":"2025-02-24T14:29:24+00:00","og_image":[{"width":600,"height":354,"url":"https:\/\/temporada-alta.com\/wp-content\/uploads\/068-copia-1.jpg","type":"image\/jpeg"}],"twitter_card":"summary_large_image","schema":{"@context":"https:\/\/schema.org","@graph":[{"@type":"WebPage","@id":"https:\/\/temporada-alta.com\/en\/2007-edition\/","url":"https:\/\/temporada-alta.com\/en\/2007-edition\/","name":"2007 Edition - Temporada Alta","isPartOf":{"@id":"https:\/\/temporada-alta.com\/en\/#website"},"primaryImageOfPage":{"@id":"https:\/\/temporada-alta.com\/en\/2007-edition\/#primaryimage"},"image":{"@id":"https:\/\/temporada-alta.com\/en\/2007-edition\/#primaryimage"},"thumbnailUrl":"https:\/\/temporada-alta.com\/wp-content\/uploads\/068-copia-1.jpg","datePublished":"2024-11-18T08:28:11+00:00","dateModified":"2025-02-24T14:29:24+00:00","breadcrumb":{"@id":"https:\/\/temporada-alta.com\/en\/2007-edition\/#breadcrumb"},"inLanguage":"en-US","potentialAction":[{"@type":"ReadAction","target":["https:\/\/temporada-alta.com\/en\/2007-edition\/"]}]},{"@type":"ImageObject","inLanguage":"en-US","@id":"https:\/\/temporada-alta.com\/en\/2007-edition\/#primaryimage","url":"https:\/\/temporada-alta.com\/wp-content\/uploads\/068-copia-1.jpg","contentUrl":"https:\/\/temporada-alta.com\/wp-content\/uploads\/068-copia-1.jpg"},{"@type":"BreadcrumbList","@id":"https:\/\/temporada-alta.com\/en\/2007-edition\/#breadcrumb","itemListElement":[{"@type":"ListItem","position":1,"name":"Inici","item":"https:\/\/temporada-alta.com\/en\/"},{"@type":"ListItem","position":2,"name":"2007 Edition"}]},{"@type":"WebSite","@id":"https:\/\/temporada-alta.com\/en\/#website","url":"https:\/\/temporada-alta.com\/en\/","name":"Temporada Alta","description":"Festival d&#039;Arts Esc\u00e8niques","publisher":{"@id":"https:\/\/temporada-alta.com\/en\/#organization"},"potentialAction":[{"@type":"SearchAction","target":{"@type":"EntryPoint","urlTemplate":"https:\/\/temporada-alta.com\/en\/?s={search_term_string}"},"query-input":{"@type":"PropertyValueSpecification","valueRequired":true,"valueName":"search_term_string"}}],"inLanguage":"en-US"},{"@type":"Organization","@id":"https:\/\/temporada-alta.com\/en\/#organization","name":"Temporada Alta","url":"https:\/\/temporada-alta.com\/en\/","logo":{"@type":"ImageObject","inLanguage":"en-US","@id":"https:\/\/temporada-alta.com\/en\/#\/schema\/logo\/image\/","url":"https:\/\/temporada-alta.com\/wp-content\/uploads\/TA21-Logotip-pos.png","contentUrl":"https:\/\/temporada-alta.com\/wp-content\/uploads\/TA21-Logotip-pos.png","width":800,"height":267,"caption":"Temporada Alta"},"image":{"@id":"https:\/\/temporada-alta.com\/en\/#\/schema\/logo\/image\/"}}]}},"_links":{"self":[{"href":"https:\/\/temporada-alta.com\/en\/wp-json\/wp\/v2\/pages\/98440","targetHints":{"allow":["GET"]}}],"collection":[{"href":"https:\/\/temporada-alta.com\/en\/wp-json\/wp\/v2\/pages"}],"about":[{"href":"https:\/\/temporada-alta.com\/en\/wp-json\/wp\/v2\/types\/page"}],"author":[{"embeddable":true,"href":"https:\/\/temporada-alta.com\/en\/wp-json\/wp\/v2\/users\/35132"}],"replies":[{"embeddable":true,"href":"https:\/\/temporada-alta.com\/en\/wp-json\/wp\/v2\/comments?post=98440"}],"version-history":[{"count":1,"href":"https:\/\/temporada-alta.com\/en\/wp-json\/wp\/v2\/pages\/98440\/revisions"}],"predecessor-version":[{"id":98441,"href":"https:\/\/temporada-alta.com\/en\/wp-json\/wp\/v2\/pages\/98440\/revisions\/98441"}],"wp:attachment":[{"href":"https:\/\/temporada-alta.com\/en\/wp-json\/wp\/v2\/media?parent=98440"}],"curies":[{"name":"wp","href":"https:\/\/api.w.org\/{rel}","templated":true}]}}