{"id":98242,"date":"2024-11-14T15:42:21","date_gmt":"2024-11-14T14:42:21","guid":{"rendered":"https:\/\/temporada-alta.com\/?page_id=98242"},"modified":"2025-02-24T12:37:58","modified_gmt":"2025-02-24T11:37:58","slug":"2019-edition","status":"publish","type":"page","link":"https:\/\/temporada-alta.com\/en\/2019-edition\/","title":{"rendered":"2019 Edition"},"content":{"rendered":"<div id=\"modal-ready\">\n<h2 class=\"wp-block-heading\"><strong>From the stage to the world<\/strong><\/h2>\n\n\n\n<p>The 28th edition of Temporada Alta presents an extensive programme which encompasses various genres and audiences, always with the aim of putting the best European creations on stage, promoting local talent and maintaining the position of being the leading Festival in Catalonia, in Spain and in Europe. Ang\u00e9lica Liddell, Christiane Jatahy, Oskaras Korsunovas, Thomas Ostermeier, Marta Carrasco, \u00c0lex Rigola and Sol Pic\u00f3 are just some of the stars in the line up, which, this year more than ever, raises the reality of Temporada Alta\u2019s stage productions.<\/p>\n\n\n\n<p>The Festival stands as one of the main platforms for the exhibition and production of performing arts in southern Europe and which maintains following lines of action:<\/p>\n\n\n\n<ul class=\"wp-block-list\">\n<li>A central role in the exhibition of the best international creations, with companies and playwrights returning to the Festival (Ang\u00e9lica Liddell, Oskaras Korsunovas, Thomas Ostermeier\u2026), others who are joining us for the first time (tg STAN and Dada Massilia) and the consolidation of the Latin American connection cycle (Christiane Jatahy, Claudio Tolcachir, Sergio Blanco\u2026).<\/li>\n\n\n\n<li>Driving the production of shows with a total of 21 coproductions and productions, blending together a mixture of international and national artists.<\/li>\n\n\n\n<li>An exhibition of Catalan creation with names such Sol Pic\u00f3, S\u00edlvia Munt, \u00c0lex Rigola, Cl\u00e0udia Ced\u00f3, Carlota Subir\u00f3s, Marta Carrasco and Sergi L\u00f3pez.<\/li>\n\n\n\n<li>Encouraging young audiences through Art\u00e8ria, a group designed for the under 30s which debuts this year with four shows.<\/li>\n\n\n\n<li>The consolidation of the social-educational programme:<em> A Tempo \u2013 Acts i formaci\u00f3 <\/em>(Arts and Training) which reinforces the educational aspect of the festival and which, during the month of October, presents its plays at educational centres under the title of <em>Temporada Alta a l\u2019Aula<\/em> (Temporada Alta in the Classroom).<\/li>\n\n\n\n<li>The promotion of meetings involving directors, companies and programmers through the Programmers\u2019 Week, a showcase of contemporary creation.<\/li>\n\n\n\n<li>The consolidation of the Catalan Dramaturgy Tournament, a theatre competition which has been exported to other cities and this year includes eight playwrights competing for the first time.<\/li>\n\n\n\n<li>A commitment to the plurality of formats, subject matters and audiences, with musical and film proposals and a wide variety of theatre shows.<\/li>\n<\/ul>\n\n\n\n<h3 class=\"wp-block-heading\">The sense of a festival<\/h3>\n\n\n\n<figure class=\"wp-block-image size-full\"><img loading=\"lazy\" decoding=\"async\" width=\"600\" height=\"354\" src=\"https:\/\/temporada-alta.com\/wp-content\/uploads\/giselle.png\" alt=\"\" class=\"wp-image-41526\" srcset=\"https:\/\/temporada-alta.com\/wp-content\/uploads\/giselle.png 600w, https:\/\/temporada-alta.com\/wp-content\/uploads\/giselle-300x177.png 300w\" sizes=\"auto, (max-width: 600px) 100vw, 600px\" \/><\/figure>\n\n\n\n<p>We are going through strange times which often gives us the sensation that the world is drifting and that many citizens are like disorientated puppets, following absurd voices, lacking humanity, who propose simple solutions with no future.<\/p>\n\n\n\n<p>In a situation such as this, what sense and what use can a performing art festival offer, beyond presenting the best shows possible? In this 28th edition of Temporada Alta, with the hundreds of shows that we present, we have aimed to choose ones which help us find out where we come from, where we are and, if possible where we can head for in the future.&nbsp;&nbsp;<\/p>\n\n\n\n<p>With this programme we present you with, we have tried not to forget that what happens in the world is what happens to people and that artists have focused their thoughts on the human condition for more than 3000 years. For this reason we have pleasure to present to you:&nbsp;<em>O agora que demora<\/em>, a&nbsp;great show about immigration based on&nbsp;<em>Odissea<\/em>, and&nbsp;<em>Iphigenia en Vallecas<\/em>&nbsp;a show about how the system is leaving youngsters without a future and <em>Macbettu<\/em>, a show about power\u2026 Why do people say that classics shouldn\u2019t be made? Is there anything more contemporary than the great plays?<\/p>\n\n\n\n<p>Looking back on where we have come from (for this reason we are so pleased to have texts by Shakespeare, Rodereda, Pinter, Lorca, Bertrana, Zweig, Walser, Verdaguer\u2026), we are sure that we can help in the search to know a little, where we are and, who knows, even where we are going\u2026<\/p>\n\n\n\n<p>The Festival is designed for a wide audience and we believe that any member of the public can find a show that they will enjoy. However, Temporada Alta, as we explain in detail in this document, presents some great international shows (29 productions), alongside many Festival productions and coproductions (26) and it does so with the aim of particularly supporting contemporary creation (25) and not only textual Catalan dramaturgy (58).<br>As we are concerned about the future, we are sure that the arts can help us unite society and make us freer and provide us with clues as to where we can head in the future. For this reason, we initiated the A Tempo project two years ago together with the Ciutat Invisible Foundation, with which we want to ensure that all children in Girona and in Salt have free access to the world of performing arts which, for Temporada Alta is the backbone of the Festival.<\/p>\n\n\n\n<p class=\"has-text-align-right\"><strong>Salvador Sunyer, Director of Temporada Alta<\/strong><\/p>\n\n\n\n<div class=\"wp-block-buttons is-content-justification-center is-layout-flex wp-container-core-buttons-is-layout-a89b3969 wp-block-buttons-is-layout-flex\">\n<div class=\"wp-block-button\"><a class=\"wp-block-button__link has-black-color has-white-background-color has-text-color has-background has-link-color wp-element-button\" href=\"https:\/\/temporada-alta.com\/en\/events\/categoria\/2019\/\" style=\"border-width:1px\" rel=\" nofollow\">2019 programme<\/a><\/div>\n<\/div>\n\n\n\n<div class=\"wp-block-columns are-vertically-aligned-center has-white-color has-black-background-color has-text-color has-background has-link-color wp-elements-fa6ce6d53d034ededc38a9076a2bf5ce is-layout-flex wp-container-core-columns-is-layout-28f84493 wp-block-columns-is-layout-flex\">\n<div class=\"wp-block-column is-vertically-aligned-center is-layout-flow wp-block-column-is-layout-flow\">\n<figure class=\"wp-block-image size-full\"><img loading=\"lazy\" decoding=\"async\" width=\"600\" height=\"354\" src=\"https:\/\/temporada-alta.com\/wp-content\/uploads\/In_memoriam_hd_5.jpg\" alt=\"\" class=\"wp-image-21513\" srcset=\"https:\/\/temporada-alta.com\/wp-content\/uploads\/In_memoriam_hd_5.jpg 600w, https:\/\/temporada-alta.com\/wp-content\/uploads\/In_memoriam_hd_5-300x177.jpg 300w\" sizes=\"auto, (max-width: 600px) 100vw, 600px\" \/><\/figure>\n<\/div>\n\n\n\n<div class=\"wp-block-column is-vertically-aligned-center is-layout-flow wp-block-column-is-layout-flow\">\n<h2 class=\"wp-block-heading has-text-align-center has-white-color has-text-color has-link-color wp-elements-181ace5300962047491e615e95146bc9\"><strong>Documents<\/strong><\/h2>\n\n\n\n<div class=\"wp-block-buttons is-vertical is-content-justification-center is-layout-flex wp-container-core-buttons-is-layout-0a0d504e wp-block-buttons-is-layout-flex\" style=\"margin-top:0;margin-bottom:0\">\n<div class=\"wp-block-button\"><a class=\"wp-block-button__link wp-element-button\" href=\"https:\/\/drive.google.com\/file\/d\/1ccNpuellMy6cPL9WNGQIzf0mJXTrNLeu\/view\" style=\"border-width:1px\">presentation dossier <\/a><\/div>\n\n\n\n<div class=\"wp-block-button\"><a class=\"wp-block-button__link wp-element-button\" href=\"https:\/\/drive.google.com\/file\/d\/1VydAqkj4p45Jd6oMpsXT6YTGf2Ws1P6X\/view\" style=\"border-width:1px\">la vanguardia press supplement<\/a><\/div>\n\n\n\n<div class=\"wp-block-button\"><a class=\"wp-block-button__link wp-element-button\" href=\"https:\/\/drive.google.com\/file\/d\/1cPx9CShXP2q1Dua-NRpFfIDYuYmfdSR-\/view\" style=\"border-width:1px\">closing balance press dossier<\/a><\/div>\n\n\n\n<div class=\"wp-block-button\"><a class=\"wp-block-button__link wp-element-button\" href=\"https:\/\/drive.google.com\/file\/d\/1UgrHErdSe9HJT1tfYpYul6fYkNyALtte\/view\" style=\"border-width:1px\">closing infographic<\/a><\/div>\n\n\n\n<div class=\"wp-block-button\"><a class=\"wp-block-button__link wp-element-button\" href=\"https:\/\/temporada-alta.com\/en\/management-mode\/\" style=\"border-width:1px\">mangement&#8217;s mode<\/a><\/div>\n<\/div>\n<\/div>\n<\/div>\n\n\n\n<h2 class=\"wp-block-heading\"><strong>Poster 2019<\/strong><\/h2>\n\n\n\n<div class=\"wp-block-columns are-vertically-aligned-center is-layout-flex wp-container-core-columns-is-layout-28f84493 wp-block-columns-is-layout-flex\">\n<div class=\"wp-block-column is-vertically-aligned-center is-layout-flow wp-block-column-is-layout-flow\">\n<figure class=\"wp-block-image size-full\"><img loading=\"lazy\" decoding=\"async\" width=\"842\" height=\"1191\" src=\"https:\/\/temporada-alta.com\/wp-content\/uploads\/Cartell-TA19-web-BX-eduard-colomer.jpg\" alt=\"\" class=\"wp-image-38990\" srcset=\"https:\/\/temporada-alta.com\/wp-content\/uploads\/Cartell-TA19-web-BX-eduard-colomer.jpg 842w, https:\/\/temporada-alta.com\/wp-content\/uploads\/Cartell-TA19-web-BX-eduard-colomer-212x300.jpg 212w, https:\/\/temporada-alta.com\/wp-content\/uploads\/Cartell-TA19-web-BX-eduard-colomer-768x1086.jpg 768w, https:\/\/temporada-alta.com\/wp-content\/uploads\/Cartell-TA19-web-BX-eduard-colomer-724x1024.jpg 724w\" sizes=\"auto, (max-width: 842px) 100vw, 842px\" \/><\/figure>\n<\/div>\n\n\n\n<div class=\"wp-block-column is-vertically-aligned-center is-layout-flow wp-block-column-is-layout-flow\">\n<h2 class=\"wp-block-heading has-large-font-size\"><span lang=\"EN-GB\"><h3><b><span lang=\"EN-GB\">Two giants take over the public space<\/span><\/b><\/h3><\/span><\/h2>\n\n\n\n<p>The posters of the successive editions of the Temporada Alta Festival make a very powerful advertisement, and also allow the multifaceted character of many of its playwrights to be observed as well as the relation they have with the performing arts, the theatre and the performance itself. The creator of this year\u2019s poster, Jordi Colomer&nbsp;(Barcelona, 1962) provides a good example of this, especially when talking about the notion of an \u201cexpanded theatre\u201d. \u201cIn my video work at the beginning everything happens in enclosed spaces and sets, and the moment I go out into the public space, the actors gradually appear as the people who live in the city\u201d, states Jordi Colomer. \u201cAll the elements: the theatrical elements can be found in the public space: the theatrical stage is the city, the actors are the residents and if there is a fictional story, it is often improvised. We translate the theatre system to our organisation of space on a daily basis\u201d, he stresses.<\/p>\n\n\n\n<p>The protagonists of Jordi Colomer\u2019s poster are the actors Guillem Barbosa and Laura Weissmahr. They appear as two giants on top of the characteristic reproductions of the buildings in his work, an alteration which for the artist reflects how reality is also \u201cdistorted\u201d. \u201cOne of the references that I gave to Guillem and Laura was that of Karl Valentin; he is a character I have always found very interesting, because he is a mixture of everything theatrical, Dadaism and the absurd and I really like the grotesque expression of Laura\u2019s caricature-like character\u201d, says the artist.<\/p>\n\n\n\n<p>Jordi Colomer has worked with Laura Weissmahr on various projects in recent years, which include the one presented at the Spanish Pavilion of the Venice Art Biennial in 2017 and the last edition of Manifesta. Laura Weissmahr has her own theatre company and is a cast member of the Elena Mart\u00edn film, <em>Julia ist<\/em>. As for Guillem Barbosa, apart from his talent as a performer, he also participated in the staging of <em>El chico de la \u00faltima fila<\/em>, starring Sergi L\u00f3pez. They appeared together in the play, <em>Wohnwagen<\/em>.<\/p>\n<\/div>\n<\/div>\n\n\n\n<p>Jordi Colomer has created several posters in the past and his \u201cprecedent\u201d with regards to Temporada Alta, can be found in his previous play in 2011, <em>Crier sur les toits <\/em>(Shouting from the rooftops) which included posters announcing a party. \u201cThe posters were on the street and also in the exhibition hall; they showed people shouting from the rooftops, portraying the idea that the rooftops are like stages of the city.\u201d<\/p>\n\n\n\n<p>The current situation of Catalan politics seeps into Jordi Colomer\u2019s poster through the flags which have been painted onto the building on which Laura stands. There are two pro-independence flags, two Spanish ones, the <em>Senyera<\/em> (the Catalan flag); a yellow flag, representing the demand to free political prisoners, and to give visibility to the communities living in Catalonia, a Moroccan flag too. Morocco is also one of the countries where the artist has worked in recent years. \u201cOur country [i.e. Catalonia] is colonised by these types of signs, and it would seem that an architectural structure cannot exist without the comment of how these signs play a part, giving their opinion on political matters. We have seen the use of buildings to express the public opinions of the inhabitants for many years. In our country it is very exaggerated and very unique\u201d, Colomer explains.<\/p>\n\n\n\n<p>Colomer\u2019s relationship with the performing arts goes back to the 1990s: his exhibition at Tinglado 2 in Tarragona was entitled <em>Alta Com\u00e8dia<\/em>, and it blended together sculptural works, staging elements and references to architecture. Later, he did this \u201con an occasional basis\u201d, he says, the theatre staging such as in <em>Olga Sola<\/em>, by Joan Brossa, directed by Rosa Novell; <em>Final de partida<\/em>, by Samuel Beckett, also headed by Rosa Novell; <em>Perfect lives<\/em>, by Robert Ashley at the Metr\u00f2nom exhibition hall, and in <em>Carta als actors<\/em>, by Val\u00e8re Novarina, with the company Teatre Invisible at the Teatre Lliure. \u201cI had known Rosa from when we had worked on the magazine <em>\u00c0rtics<\/em>. I met her when she was rehearsing <em>Oh, els bons dies!<\/em>, by Samuel Beckett, which was the play that reaffirmed her as a major actress. I followed the process of that play and it was very important for me because I discovered, not only Beckett, but also the theatre from the inside\u201d, Colomer recalls. He adds, \u201cRosa was a real actress, a real diva, but she was one of the few actresses who had some contact with contemporary art, architecture and literature.\u201d<\/p>\n\n\n\n<p>Jordi Colomer\u2019s relationship with the theatre is organic and this can also be seen in his video work and his interest in public spaces.&nbsp; In this regard it can be said that both in his works in the streets as well as his performing arts aim to debate the use of public spaces and of their collective uses. Amongst this string of works, there is one that includes a specific theatrical reference: <em>No singing<\/em> (2012), on the megalomaniac projects of \u201ccasino-cities\u201d in Spain during the most recent financial crisis; it includes references to <em>Mahagonny<\/em> by Bertolt Brecht, conceived at the same time in which Las Vegas was built.<\/p>\n\n\n\n<p>Jordi Colomer represented Spain at the Venice Art Biennial in 2017 with the <em>Join Us!<\/em> Project, and a few months ago he opened La Infinita creation laboratory in Hospitalet de Llobregat together with the cultural producer, Carolina Olivares and the poet Eduard Escoffet. One of the laboratory\u2019s aims is to bring together live and audiovisual arts. Throughout his career, Jordi Colomer has exhibited his works in museums and major national and international events such as the Arts Santa M\u00f2nica centre, the Tolosa Art Festival, the ARGOS Centre for Art and Media (Brussels), the Matadero Madrid, the Bronx Art Museum, the Laboratorio Arte Alameda (Mexico City) the Hiroshima City Museum of Contemporary Art, La Panera Art Centre (Lleida), Jeu de Paume (Paris), Manifesta, the Reina Sofia Museum, the Patio Herreriano Museum (Valladolid), the Fundaci\u00f3 Su\u00f1ol, MACBA, Artium, the Orlando Museum of Art (Florida), the Museum of Antioquia (Medell\u00edn, Colombia) and the Centro de Arte 2 de Mayo, CA2M (M\u00f3stoles, Madrid), among many others.<\/p>\n\n\n\n<h4 class=\"wp-block-heading\"><strong>Playwright artists and performing artists<\/strong><\/h4>\n\n\n\n<p>With regard to the relationship with the theatre of other artists who created some of the previous posters for Temporada Alta, Narc\u00eds Comadira, the designer of the 1997 poster, is also a playwright and Frederic Amat (2000) has done the staging for numerous stage shows such as <em>La pla\u00e7a dels herois<\/em> and <em>El P\u00fablico<\/em>, and has made numerous performances. In their shows, Carles Santos (2002) blended music, the performance and theatre and Jaume Plensa (2007) worked on operatic staging such as in <em>La flauta m\u00e0gica<\/em> by La Fura dels Baus. Later, there was Antoni T\u00e0pies (2008), of whom there is as yet no critique of his work in the theatre, Pep Duran (2016), who is also a set designer, and the staging of <em>El dolor<\/em>, by Marguerite Duras at the Catalan National Theatre (TNC) last season, with staging by Francesc Torres (2012).<\/p>\n\n\n\n<p><strong>Antoni Ribas<\/strong><\/p>\n\n\n\n<h2 class=\"wp-block-heading\"><strong>Jordi Colomer, Barcelona 1962.<\/strong><\/h2>\n\n\n\n<p>Colomer works in the field of sculpture and staging installations, photography and video-art. All of his activity is tinged with a distinct performative nature, putting the conventional use of architecture and urban space to the test. Colomer takes an interest in the city\u2019s system of representations and our ability to subvert them. From this investigation, issues come up such as those arising from nomadism, the periphery, popular imagination, humour, the community, everything ephemeral in nature, fiction and utopia.<\/p>\n\n\n\n<p>&nbsp;His work has been exhibited all over the world in museums, art centres and biennials such as the Reina Sofia Museum and the Matadero (Madrid), the Jeu de Paume and the Pompidou Centre (Paris),&nbsp;Belvedere 21(Vienna), Bronx Museum of the Arts (New York), Arte Alameda (Mexico City), Manifesta 10 (St. Petersburg, Russia), Manifesta 12 (Palermo, Italia), 7th Biennial of Mercosul (Porto Alegre, Brazil), the Havana Biennal (Havana, Cuba), MAAT (Lisbon), Bozar and Argos (Brussels) and the ZKU, Zentrum f\u00fcr Kunst und Urbanistik (Berlin). He represented the Spanish pavilion at the 57th Biennial in Venice (2017) curated by Manuel Segade, with the <em>\u00a1\u00danete!<\/em> <em>Join Us!<\/em> project. Up until 2017, he resided between Barcelona and Paris. In 2018, he launched La Infinita, a creation laboratory and meeting place for visual and live arts, based in Hospitalet de Llobregat (Barcelona) together with the poet Eduard Escoffet and the producer Carolina Olivares. Colomer has also worked as a set designer on: <em>Olga Sola <\/em>(Joan Brossa), <em>Final de partida<\/em> (Samuel Beckett), <em>Perfect lives<\/em> (Robert Ashley) and <em>Carta als actors<\/em> (Val\u00e8re Novarina).&nbsp;&nbsp;<\/p>\n\n\n\n<p>He has taught numerous workshops (selection of the recent ones): 2018, <em>A guided tour. <\/em>Sandberg Instituut, Amsterdam (Holland); 2018, <em>New Palermo Felicissima<\/em>. Centro sperimentale di Cinematografia (National Film School), Palermo (Italy); 2016, <em>Welcome to Caveland?<\/em>&nbsp;ENSA Architecture, Paris-Malaquais, in partnership with the Th\u00e9\u00e2tre Nanterre-Amandiers (Centre Dramatique National), Paris.<\/p>\n\n\n\n<p><strong><a href=\"https:\/\/drive.google.com\/file\/d\/1RfFodAum_Dry089g3pvlv13TlwLzMRhS\/view\" target=\"_blank\" rel=\"noreferrer noopener\">Download the poster<\/a><\/strong><\/p>\n\n\n\n<div class=\"wp-block-columns are-vertically-aligned-center is-layout-flex wp-container-core-columns-is-layout-28f84493 wp-block-columns-is-layout-flex\">\n<div class=\"wp-block-column is-vertically-aligned-center is-layout-flow wp-block-column-is-layout-flow\">\n<figure class=\"wp-block-image size-full\"><img loading=\"lazy\" decoding=\"async\" width=\"600\" height=\"354\" src=\"https:\/\/temporada-alta.com\/wp-content\/uploads\/Imatge-curt-web.jpg\" alt=\"\" class=\"wp-image-41363\" srcset=\"https:\/\/temporada-alta.com\/wp-content\/uploads\/Imatge-curt-web.jpg 600w, https:\/\/temporada-alta.com\/wp-content\/uploads\/Imatge-curt-web-300x177.jpg 300w\" sizes=\"auto, (max-width: 600px) 100vw, 600px\" \/><\/figure>\n<\/div>\n\n\n\n<div class=\"wp-block-column is-vertically-aligned-center is-layout-flow wp-block-column-is-layout-flow\">\n<h2 class=\"wp-block-heading has-large-font-size\"><strong>Curt 2019,<em>THEATRE \u2013 TH\u00c9\u00c2TRE \u2013 THEATER \u2013 TEATRO \u2013 TEATRE<\/em><\/strong><\/h2>\n\n\n\n<p>As in previous editions, the Temporada Alta short film is made in close collaboration between Nanouk Films and the Festival and continues the premise of being a declaration of intent, an experimental space and a work of art in itself.<\/p>\n\n\n\n<p>Directed by <strong>Salvador Vidal i Sunyer<\/strong> and with the script being written by himself along with<strong> Victor Santacana<\/strong>, this year the short film is the result of collaboration with the artist of the Festival\u2019s poster, <strong>Jordi Colomer<\/strong>, who has worked in the field of sculpture, stage installations, photography and video-art. In fact, both the short film and the poster star the same protagonists: <strong>Laura Weissmahr<\/strong> and <strong>Guillem Barbosa, <\/strong>along with Jordi Colomer himself in a cameo role. Both the short film and the poster present the public space as an enormous theatre, in which the city is the stage and the story emerges from the forced interactions of those who reside there.<\/p>\n<\/div>\n<\/div>\n\n\n\n<p>And if this year\u2019s poster presents the public space as an eminently political one, the short film also focuses on the political aspect of a much more claustrophobic space: the underground train of a large city. Violence and onlookers\u2019 complicity with violence is probably the main theme of a short film that puts us, the audience under the spotlight. What will we do in this situation or under similar circumstances? How long will we bear the heat? Humiliation, the property or the power (over the focus of attention, over the point of view or over the public space), as well as morbidity or the horrific narrative are some of the topics seen in one of the most claustrophobic short films of the festival.<\/p>\n\n\n\n<p><strong>Director\u2019s note<\/strong><\/p>\n\n\n\n<h4 class=\"wp-block-heading\"><strong>\u201cAll violence always begins with an act of humiliation\u201d \u2013 <em>Asghar Farhadi<\/em><\/strong><\/h4>\n\n\n\n<p>In recent times our society has experienced a reencounter with various types of violence and everyone has had to face an uncomfortable reality.<\/p>\n\n\n\n<p>The short inaugural film for the 2019 Temporada Alta Festival presents itself as a hypothetical stage experience that we can be part of, in real time, during the trajectory between two train stops. Thus, the spectator is the protagonist of this brief play, in other words us, and it aims that we ask ourselves how we would act in a representation such as this one, and above all, what we should do when we witness a scene like this in our everyday lives. The theatrical fourth wall seems thicker when it deals with certain issues, and for this reason, this year we want to discuss the topic of violence and therefore humiliation, its nature and the relationship we have with it as citizens.<\/p>\n\n\n\n<p>Without a doubt there are many types of violence and some are becoming increasingly more visible each day; but the reality is that what we would call brutal violence, if you will, has been exiled from our lives. We see it on the networks, on television, we are often told of acts of violence taking place, but it only really affects us on a personal level on a few occasions. Deep down, we know that we still have the privilege to be able to deny its existence, and it is more than likely why we are don\u2019t know how to deal with it when it does occur. The attitude that we usually take before a violent act is usually one of doing nothing, followed by a feeling of guilt for not having prevented the aggression and in the end a bitter and silent pain which nags at our consciousness. Or not?<\/p>\n\n\n\n<p>I believe that the theatre, as a supposedly transforming tool of society, must face this debate from a double perspective:<\/p>\n\n\n\n<p>Can we use violence for artistic purposes with the intention of becoming better people? And, consequently, should we use it in any real situations? Is it legitimate? Is it necessary? Is it useful?<\/p>\n\n\n\n<p>At the end of this short film, lasting just 10 minutes, we may ask why the actress Laura Weissmahr and the actor Guillem Barbosa (a couple in real life) have agreed to represent (and support) this violence. And what about us?<\/p>\n\n\n\n<p>At the end of the day, the theatre is a space in which the actors put on a mask, and the audience take theirs off, or it is simply a mirror in which we can all look at each other.<\/p>\n\n\n\n<p class=\"has-text-align-right\"><strong>Salvador Sunyer i Vidal. <\/strong>Director of Nanouk Films.<\/p>\n\n\n\n<p><strong>ARTISTIC TEAM<\/strong><\/p>\n\n\n\n<p><strong>Director:<\/strong> Salvador Sunyer<br><strong>Script:<\/strong> Salvador Sunyer and V\u00edctor Santacana<br><strong>Production:<\/strong> Nanouk Films and Temporada Alta 2019<br><strong>Girl:<\/strong> Laura Weissmahr<br><strong>Boy:<\/strong> Guillem Barbosa<br><strong>Man:<\/strong> Jordi Colomer<br><strong>Original music:<\/strong> Sergio Beltr\u00e1n<br><strong>Production director:<\/strong> Andr\u00e9s Mellinas<br><strong>Photography director:<\/strong> Toni Vidal<br><strong>Art director:<\/strong> Yaiza Ares<br><strong>Costume:<\/strong> Atena Pou<br><strong>Makeup and hairdresser:<\/strong> Andrea Trenado<br><strong>Film assembly:<\/strong> Marc Roca<br><strong>Graphic design:<\/strong> Helena Santacana<br><strong>Sound design:<\/strong> Diego Pedragosa<br><strong>Nanouk Head of Communication:<\/strong> Leonor Abreu<\/p>\n\n\n\n<figure class=\"wp-block-embed is-type-video is-provider-youtube wp-block-embed-youtube wp-embed-aspect-16-9 wp-has-aspect-ratio\"><div class=\"wp-block-embed__wrapper\">\n<iframe loading=\"lazy\" title=\"&quot;TEATRE&quot; - Temporada Alta 2019\" width=\"500\" height=\"281\" src=\"https:\/\/www.youtube.com\/embed\/uMrPCG7UcD4?feature=oembed\" frameborder=\"0\" allow=\"accelerometer; autoplay; clipboard-write; encrypted-media; gyroscope; picture-in-picture; web-share\" referrerpolicy=\"strict-origin-when-cross-origin\" allowfullscreen><\/iframe>\n<\/div><\/figure>\n<\/div>","protected":false},"excerpt":{"rendered":"<p>From the stage to the world The 28th edition of Temporada Alta presents an extensive programme which encompasses&#8230;<\/p>\n","protected":false},"author":35132,"featured_media":0,"parent":0,"menu_order":0,"comment_status":"closed","ping_status":"closed","template":"","meta":{"_acf_changed":false,"footnotes":""},"class_list":["post-98242","page","type-page","status-publish","hentry"],"acf":[],"yoast_head":"<!-- This site is optimized with the Yoast SEO plugin v27.0 - https:\/\/yoast.com\/product\/yoast-seo-wordpress\/ -->\n<title>2019 Edition - Temporada Alta<\/title>\n<meta name=\"robots\" content=\"index, follow, max-snippet:-1, max-image-preview:large, max-video-preview:-1\" \/>\n<link rel=\"canonical\" href=\"https:\/\/temporada-alta.com\/en\/2019-edition\/\" \/>\n<meta property=\"og:locale\" content=\"en_US\" \/>\n<meta property=\"og:type\" content=\"article\" \/>\n<meta property=\"og:title\" content=\"2019 Edition - Temporada Alta\" \/>\n<meta property=\"og:description\" content=\"From the stage to the world The 28th edition of Temporada Alta presents an extensive programme which encompasses...\" \/>\n<meta property=\"og:url\" content=\"https:\/\/temporada-alta.com\/en\/2019-edition\/\" \/>\n<meta property=\"og:site_name\" content=\"Temporada Alta\" \/>\n<meta property=\"article:modified_time\" content=\"2025-02-24T11:37:58+00:00\" \/>\n<meta property=\"og:image\" content=\"https:\/\/temporada-alta.com\/wp-content\/uploads\/giselle.png\" \/>\n\t<meta property=\"og:image:width\" content=\"600\" \/>\n\t<meta property=\"og:image:height\" content=\"354\" \/>\n\t<meta property=\"og:image:type\" content=\"image\/png\" \/>\n<meta name=\"twitter:card\" content=\"summary_large_image\" \/>\n<script type=\"application\/ld+json\" class=\"yoast-schema-graph\">{\"@context\":\"https:\/\/schema.org\",\"@graph\":[{\"@type\":\"WebPage\",\"@id\":\"https:\/\/temporada-alta.com\/en\/2019-edition\/\",\"url\":\"https:\/\/temporada-alta.com\/en\/2019-edition\/\",\"name\":\"2019 Edition - Temporada Alta\",\"isPartOf\":{\"@id\":\"https:\/\/temporada-alta.com\/en\/#website\"},\"primaryImageOfPage\":{\"@id\":\"https:\/\/temporada-alta.com\/en\/2019-edition\/#primaryimage\"},\"image\":{\"@id\":\"https:\/\/temporada-alta.com\/en\/2019-edition\/#primaryimage\"},\"thumbnailUrl\":\"https:\/\/temporada-alta.com\/wp-content\/uploads\/giselle.png\",\"datePublished\":\"2024-11-14T14:42:21+00:00\",\"dateModified\":\"2025-02-24T11:37:58+00:00\",\"breadcrumb\":{\"@id\":\"https:\/\/temporada-alta.com\/en\/2019-edition\/#breadcrumb\"},\"inLanguage\":\"en-US\",\"potentialAction\":[{\"@type\":\"ReadAction\",\"target\":[\"https:\/\/temporada-alta.com\/en\/2019-edition\/\"]}]},{\"@type\":\"ImageObject\",\"inLanguage\":\"en-US\",\"@id\":\"https:\/\/temporada-alta.com\/en\/2019-edition\/#primaryimage\",\"url\":\"https:\/\/temporada-alta.com\/wp-content\/uploads\/giselle.png\",\"contentUrl\":\"https:\/\/temporada-alta.com\/wp-content\/uploads\/giselle.png\"},{\"@type\":\"BreadcrumbList\",\"@id\":\"https:\/\/temporada-alta.com\/en\/2019-edition\/#breadcrumb\",\"itemListElement\":[{\"@type\":\"ListItem\",\"position\":1,\"name\":\"Inici\",\"item\":\"https:\/\/temporada-alta.com\/en\/\"},{\"@type\":\"ListItem\",\"position\":2,\"name\":\"2019 Edition\"}]},{\"@type\":\"WebSite\",\"@id\":\"https:\/\/temporada-alta.com\/en\/#website\",\"url\":\"https:\/\/temporada-alta.com\/en\/\",\"name\":\"Temporada Alta\",\"description\":\"Festival d&#039;Arts Esc\u00e8niques\",\"publisher\":{\"@id\":\"https:\/\/temporada-alta.com\/en\/#organization\"},\"potentialAction\":[{\"@type\":\"SearchAction\",\"target\":{\"@type\":\"EntryPoint\",\"urlTemplate\":\"https:\/\/temporada-alta.com\/en\/?s={search_term_string}\"},\"query-input\":{\"@type\":\"PropertyValueSpecification\",\"valueRequired\":true,\"valueName\":\"search_term_string\"}}],\"inLanguage\":\"en-US\"},{\"@type\":\"Organization\",\"@id\":\"https:\/\/temporada-alta.com\/en\/#organization\",\"name\":\"Temporada Alta\",\"url\":\"https:\/\/temporada-alta.com\/en\/\",\"logo\":{\"@type\":\"ImageObject\",\"inLanguage\":\"en-US\",\"@id\":\"https:\/\/temporada-alta.com\/en\/#\/schema\/logo\/image\/\",\"url\":\"https:\/\/temporada-alta.com\/wp-content\/uploads\/TA21-Logotip-pos.png\",\"contentUrl\":\"https:\/\/temporada-alta.com\/wp-content\/uploads\/TA21-Logotip-pos.png\",\"width\":800,\"height\":267,\"caption\":\"Temporada Alta\"},\"image\":{\"@id\":\"https:\/\/temporada-alta.com\/en\/#\/schema\/logo\/image\/\"}}]}<\/script>\n<!-- \/ Yoast SEO plugin. -->","yoast_head_json":{"title":"2019 Edition - Temporada Alta","robots":{"index":"index","follow":"follow","max-snippet":"max-snippet:-1","max-image-preview":"max-image-preview:large","max-video-preview":"max-video-preview:-1"},"canonical":"https:\/\/temporada-alta.com\/en\/2019-edition\/","og_locale":"en_US","og_type":"article","og_title":"2019 Edition - Temporada Alta","og_description":"From the stage to the world The 28th edition of Temporada Alta presents an extensive programme which encompasses...","og_url":"https:\/\/temporada-alta.com\/en\/2019-edition\/","og_site_name":"Temporada Alta","article_modified_time":"2025-02-24T11:37:58+00:00","og_image":[{"width":600,"height":354,"url":"https:\/\/temporada-alta.com\/wp-content\/uploads\/giselle.png","type":"image\/png"}],"twitter_card":"summary_large_image","schema":{"@context":"https:\/\/schema.org","@graph":[{"@type":"WebPage","@id":"https:\/\/temporada-alta.com\/en\/2019-edition\/","url":"https:\/\/temporada-alta.com\/en\/2019-edition\/","name":"2019 Edition - Temporada Alta","isPartOf":{"@id":"https:\/\/temporada-alta.com\/en\/#website"},"primaryImageOfPage":{"@id":"https:\/\/temporada-alta.com\/en\/2019-edition\/#primaryimage"},"image":{"@id":"https:\/\/temporada-alta.com\/en\/2019-edition\/#primaryimage"},"thumbnailUrl":"https:\/\/temporada-alta.com\/wp-content\/uploads\/giselle.png","datePublished":"2024-11-14T14:42:21+00:00","dateModified":"2025-02-24T11:37:58+00:00","breadcrumb":{"@id":"https:\/\/temporada-alta.com\/en\/2019-edition\/#breadcrumb"},"inLanguage":"en-US","potentialAction":[{"@type":"ReadAction","target":["https:\/\/temporada-alta.com\/en\/2019-edition\/"]}]},{"@type":"ImageObject","inLanguage":"en-US","@id":"https:\/\/temporada-alta.com\/en\/2019-edition\/#primaryimage","url":"https:\/\/temporada-alta.com\/wp-content\/uploads\/giselle.png","contentUrl":"https:\/\/temporada-alta.com\/wp-content\/uploads\/giselle.png"},{"@type":"BreadcrumbList","@id":"https:\/\/temporada-alta.com\/en\/2019-edition\/#breadcrumb","itemListElement":[{"@type":"ListItem","position":1,"name":"Inici","item":"https:\/\/temporada-alta.com\/en\/"},{"@type":"ListItem","position":2,"name":"2019 Edition"}]},{"@type":"WebSite","@id":"https:\/\/temporada-alta.com\/en\/#website","url":"https:\/\/temporada-alta.com\/en\/","name":"Temporada Alta","description":"Festival d&#039;Arts Esc\u00e8niques","publisher":{"@id":"https:\/\/temporada-alta.com\/en\/#organization"},"potentialAction":[{"@type":"SearchAction","target":{"@type":"EntryPoint","urlTemplate":"https:\/\/temporada-alta.com\/en\/?s={search_term_string}"},"query-input":{"@type":"PropertyValueSpecification","valueRequired":true,"valueName":"search_term_string"}}],"inLanguage":"en-US"},{"@type":"Organization","@id":"https:\/\/temporada-alta.com\/en\/#organization","name":"Temporada Alta","url":"https:\/\/temporada-alta.com\/en\/","logo":{"@type":"ImageObject","inLanguage":"en-US","@id":"https:\/\/temporada-alta.com\/en\/#\/schema\/logo\/image\/","url":"https:\/\/temporada-alta.com\/wp-content\/uploads\/TA21-Logotip-pos.png","contentUrl":"https:\/\/temporada-alta.com\/wp-content\/uploads\/TA21-Logotip-pos.png","width":800,"height":267,"caption":"Temporada Alta"},"image":{"@id":"https:\/\/temporada-alta.com\/en\/#\/schema\/logo\/image\/"}}]}},"_links":{"self":[{"href":"https:\/\/temporada-alta.com\/en\/wp-json\/wp\/v2\/pages\/98242","targetHints":{"allow":["GET"]}}],"collection":[{"href":"https:\/\/temporada-alta.com\/en\/wp-json\/wp\/v2\/pages"}],"about":[{"href":"https:\/\/temporada-alta.com\/en\/wp-json\/wp\/v2\/types\/page"}],"author":[{"embeddable":true,"href":"https:\/\/temporada-alta.com\/en\/wp-json\/wp\/v2\/users\/35132"}],"replies":[{"embeddable":true,"href":"https:\/\/temporada-alta.com\/en\/wp-json\/wp\/v2\/comments?post=98242"}],"version-history":[{"count":3,"href":"https:\/\/temporada-alta.com\/en\/wp-json\/wp\/v2\/pages\/98242\/revisions"}],"predecessor-version":[{"id":98672,"href":"https:\/\/temporada-alta.com\/en\/wp-json\/wp\/v2\/pages\/98242\/revisions\/98672"}],"wp:attachment":[{"href":"https:\/\/temporada-alta.com\/en\/wp-json\/wp\/v2\/media?parent=98242"}],"curies":[{"name":"wp","href":"https:\/\/api.w.org\/{rel}","templated":true}]}}