{"id":98184,"date":"2024-11-14T10:33:00","date_gmt":"2024-11-14T09:33:00","guid":{"rendered":"https:\/\/temporada-alta.com\/?page_id=98184"},"modified":"2025-02-20T13:34:37","modified_gmt":"2025-02-20T12:34:37","slug":"2023-edition","status":"publish","type":"page","link":"https:\/\/temporada-alta.com\/en\/2023-edition\/","title":{"rendered":"2023 Edition"},"content":{"rendered":"<div id=\"modal-ready\">\n<div class=\"wp-block-columns are-vertically-aligned-center is-layout-flex wp-container-core-columns-is-layout-28f84493 wp-block-columns-is-layout-flex\">\n<div class=\"wp-block-column is-vertically-aligned-center is-layout-flow wp-block-column-is-layout-flow\">\n<h2 class=\"wp-block-heading has-large-font-size\"><strong>A festival to everybody<\/strong><\/h2>\n\n\n\n<p>We are making progress in our third decade of existence, with a edition featuring a programming of <strong>99 shows spread over 22 stages over 11 weeks<\/strong>. This year, we have the most powerful international programme in our history, with artists and companyies such as Complicit\u00e9, Milo Rao, Ang\u00e9lica Liddell, Pan.Optikum, Sergio Boris, Gabriel Calder\u00f3n or Thomas Ostermeier, among much others.<\/p>\n\n\n\n<p>Besides, we are getting back the emblematic Fira de Girona as a place for large format events. There we present the tour final concert of <strong>Antonia Font<\/strong> and one of the great innovations of the festival: <strong>la petiTA<\/strong>, a day of family shows co-organized with El Pot Petit. Thus, Temporada Alta 2023 has the most scheduled family shows so far.<\/p>\n<\/div>\n\n\n\n<div class=\"wp-block-column is-vertically-aligned-center is-layout-flow wp-block-column-is-layout-flow\">\n<figure class=\"wp-block-image size-large\"><img loading=\"lazy\" decoding=\"async\" width=\"1200\" height=\"675\" src=\"https:\/\/temporada-alta.com\/wp-content\/uploads\/\/DrivePloughBones-Bristol-we2-1-1200x675.jpg\" alt=\"\" class=\"wp-image-88428\" srcset=\"https:\/\/temporada-alta.com\/wp-content\/uploads\/DrivePloughBones-Bristol-we2-1-1200x675.jpg 1200w, https:\/\/temporada-alta.com\/wp-content\/uploads\/DrivePloughBones-Bristol-we2-1-630x354.jpg 630w, https:\/\/temporada-alta.com\/wp-content\/uploads\/DrivePloughBones-Bristol-we2-1-768x432.jpg 768w, https:\/\/temporada-alta.com\/wp-content\/uploads\/DrivePloughBones-Bristol-we2-1-1536x864.jpg 1536w, https:\/\/temporada-alta.com\/wp-content\/uploads\/DrivePloughBones-Bristol-we2-1.jpg 1920w\" sizes=\"auto, (max-width: 1200px) 100vw, 1200px\" \/><\/figure>\n<\/div>\n<\/div>\n\n\n\n<p>Figueres joins the festival as a new subseus, which will host <strong><em>Diptych: The missing door and The lost room<\/em><\/strong>, the new show of the Peeping Tom dance-teater company. TA23 will therefore have 6 subseus (Figueres, Palafrugell, Torroella, Sant Gregori, Banyoles and Bescan\u00f3), to which we again add Barcelona. After the good experience of last year, this year, we took two shows to the city count: <strong><em>La Doleur<\/em><\/strong> at the Romea Theatre and <strong>The Goldberg Variations<\/strong> at Mercat de les Flors.<\/p>\n\n\n\n<p>We also repeat, as in the previous year, the initiative to premiere a show inside <strong>Girona Cathedral<\/strong>. In this case, it is the reading of Simon Weil\u2019s Works, with dramaturgy by Anna Punsoda and starring the actress M\u00edriam Iscla.<\/p>\n\n\n\n<p>The 2023 program is a good example of Temporada Alta being <strong>a festival that has everything and is intended for everyone<\/strong>. That is why we have also decided to include in the programming a comedy cycle, embracing stand-up as yet another stage discipline.<\/p>\n\n\n\n<p>32 years of Temporada Alta, where we continue to offer programming that mixes local artists with a remarkable international presence, the impetus for creation, the balance between more experimental productions and proposals with the popular theatre and international projects such as the <strong>PPP (People Power Partnership) <\/strong>by&nbsp;Pan.Optikum that this year returns to Girona with its great final result.<\/p>\n\n\n\n<div class=\"wp-block-buttons is-content-justification-center is-layout-flex wp-container-core-buttons-is-layout-a89b3969 wp-block-buttons-is-layout-flex\">\n<div class=\"wp-block-button\"><a class=\"wp-block-button__link has-black-color has-white-background-color has-text-color has-background has-link-color wp-element-button\" href=\"https:\/\/temporada-alta.com\/edicions\/2023\/\" style=\"border-width:1px\">programme 2023<\/a><\/div>\n<\/div>\n\n\n\n<div class=\"wp-block-columns are-vertically-aligned-center has-white-color has-black-background-color has-text-color has-background has-link-color wp-elements-9de36251b7f2249e5f1704897b7ca55b is-layout-flex wp-container-core-columns-is-layout-28f84493 wp-block-columns-is-layout-flex\">\n<div class=\"wp-block-column is-vertically-aligned-center is-layout-flow wp-block-column-is-layout-flow\">\n<h2 class=\"wp-block-heading has-text-align-center has-white-color has-text-color has-link-color wp-elements-181ace5300962047491e615e95146bc9\"><strong>Documents<\/strong><\/h2>\n\n\n\n<div class=\"wp-block-buttons is-vertical is-content-justification-center is-layout-flex wp-container-core-buttons-is-layout-0a0d504e wp-block-buttons-is-layout-flex\" style=\"margin-top:0;margin-bottom:0\">\n<div class=\"wp-block-button\"><a class=\"wp-block-button__link wp-element-button\" href=\"https:\/\/drive.google.com\/file\/d\/1unEVHjQX_1fX9RqK9DpF0xbWQcnX1Jee\/view\" style=\"border-width:1px\">presentation dossier 2023 (spanish)<\/a><\/div>\n\n\n\n<div class=\"wp-block-button\"><a class=\"wp-block-button__link wp-element-button\" href=\"https:\/\/drive.google.com\/file\/d\/1AkT8KC6q1hlK1TGL4dL4x1JeGWIv9S92\/view\" style=\"border-width:1px\">festival keys 2023 dossier (cat)<\/a><\/div>\n\n\n\n<div class=\"wp-block-button\"><a class=\"wp-block-button__link wp-element-button\" href=\"https:\/\/drive.google.com\/file\/d\/1_TxywpmO6uDcOLvtzEAb8HOtqP13Ax6p\/view\" style=\"border-width:1px\">closure 2023 dossier (cat)<\/a><\/div>\n\n\n\n<div class=\"wp-block-button\"><a class=\"wp-block-button__link wp-element-button\" href=\"https:\/\/drive.google.com\/file\/d\/179380JCd39HJT0vMScmnnB1SEL0Sx5Tw\/view\" style=\"border-width:1px\">infographic 2023<\/a><\/div>\n<\/div>\n<\/div>\n\n\n\n<div class=\"wp-block-column is-vertically-aligned-center is-layout-flow wp-block-column-is-layout-flow\">\n<figure class=\"wp-block-image size-large\"><img loading=\"lazy\" decoding=\"async\" width=\"1200\" height=\"675\" src=\"https:\/\/temporada-alta.com\/wp-content\/uploads\/\/familie-web-2-1200x675.jpg\" alt=\"\" class=\"wp-image-87719\" srcset=\"https:\/\/temporada-alta.com\/wp-content\/uploads\/familie-web-2-1200x675.jpg 1200w, https:\/\/temporada-alta.com\/wp-content\/uploads\/familie-web-2-630x354.jpg 630w, https:\/\/temporada-alta.com\/wp-content\/uploads\/familie-web-2-768x432.jpg 768w, https:\/\/temporada-alta.com\/wp-content\/uploads\/familie-web-2-1536x864.jpg 1536w, https:\/\/temporada-alta.com\/wp-content\/uploads\/familie-web-2.jpg 1920w\" sizes=\"auto, (max-width: 1200px) 100vw, 1200px\" \/><\/figure>\n<\/div>\n<\/div>\n\n\n\n<div class=\"wp-block-columns are-vertically-aligned-center is-layout-flex wp-container-core-columns-is-layout-28f84493 wp-block-columns-is-layout-flex\">\n<div class=\"wp-block-column is-vertically-aligned-center is-layout-flow wp-block-column-is-layout-flow\">\n<figure class=\"wp-block-image size-large\"><img loading=\"lazy\" decoding=\"async\" width=\"1200\" height=\"1768\" src=\"https:\/\/temporada-alta.com\/wp-content\/uploads\/\/cartell-ta23-web-1200x1768.jpg\" alt=\"\" class=\"wp-image-86964\" srcset=\"https:\/\/temporada-alta.com\/wp-content\/uploads\/cartell-ta23-web-1200x1768.jpg 1200w, https:\/\/temporada-alta.com\/wp-content\/uploads\/cartell-ta23-web-253x372.jpg 253w, https:\/\/temporada-alta.com\/wp-content\/uploads\/cartell-ta23-web-768x1131.jpg 768w, https:\/\/temporada-alta.com\/wp-content\/uploads\/cartell-ta23-web-1043x1536.jpg 1043w, https:\/\/temporada-alta.com\/wp-content\/uploads\/cartell-ta23-web-1390x2048.jpg 1390w, https:\/\/temporada-alta.com\/wp-content\/uploads\/cartell-ta23-web-scaled.jpg 1738w\" sizes=\"auto, (max-width: 1200px) 100vw, 1200px\" \/><\/figure>\n<\/div>\n\n\n\n<div class=\"wp-block-column is-vertically-aligned-center is-layout-flow wp-block-column-is-layout-flow\">\n<h3 class=\"wp-block-heading\"><strong>The poster:<br><em>Gest-batec<\/em> by Enric Pladevall<\/strong><\/h3>\n\n\n\n<p>\u201c<em>Gest-batec<\/em>. Compound word I just invented. It is partly the result of my trip to Japan in 2007 where I went to take a Japanese calligraphy course in Kyoto. Not for calligraphy, but to use the technique in my later work. Also to drink to the Shinto Temples I admired so much.<\/p>\n\n\n\n<p>I did this work in Kyoto in five seconds, but it\u2019s been in cave for fifty years, because what you say in any of the works you\u2019re doing is a cocktail of what you are: what you\u2019ve lived, what you\u2019ve read, what you\u2019ve seen and heard, what you\u2019ve walked, friends, conversations, thought, attitude to the world, nature, country\u2026, all of this is creating a cocktail that\u2019s passed on to the work. That would be the other part.<\/p>\n\n\n\n<p><strong>Is<em> Gest-batec<\/em>&nbsp;an act carried out by an impulse or a feeling?<\/strong><\/p>\n\n\n\n<p>Is it a gesture-battling of hand, arm, body, head, or emotion? Is it a dance of the word? A crook? The silent shout of an actor? A simple seed? Or simply a drum-headed gesture.<\/p>\n\n\n\n<p>I don\u2019t know if I\u2019ve explained exactly how inexplicable\u201d<\/p>\n\n\n\n<h3 class=\"wp-block-heading\"><strong>Enric Pladevall<br><\/strong><strong>1 de juliol 2023<\/strong><\/h3>\n<\/div>\n<\/div>\n\n\n\n<div class=\"wp-block-columns are-vertically-aligned-center is-layout-flex wp-container-core-columns-is-layout-28f84493 wp-block-columns-is-layout-flex\">\n<div class=\"wp-block-column is-vertically-aligned-center is-layout-flow wp-block-column-is-layout-flow\">\n<h3 class=\"wp-block-heading\"><strong>Albert Serra\u2019s TA23 Short Film<\/strong><\/h3>\n\n\n\n<p>\u201cWhat I like the most is when the artists improvise, but with a strong conceptual will behind them, when they cannot have fun, when there is still the spontaneity of life, but the truth of the scene and the accompanying pressure begin to emerge.\u201d<\/p>\n\n\n\n<p><strong>Albert Serra<\/strong><br><strong>Short Film TA23 Director<\/strong><\/p>\n\n\n\n<p><strong>A film by<\/strong> Albert Serra<br><strong>Music:<\/strong>&nbsp;Molforts<br><strong>Image:<\/strong>&nbsp;Artur Tort and Marc Cusc\u00f3<br><strong>Sound:&nbsp;<\/strong>Jordi Ribas<\/p>\n<\/div>\n\n\n\n<div class=\"wp-block-column is-vertically-aligned-center is-layout-flow wp-block-column-is-layout-flow\">\n<figure class=\"wp-block-image size-large\"><img loading=\"lazy\" decoding=\"async\" width=\"1200\" height=\"675\" src=\"https:\/\/temporada-alta.com\/wp-content\/uploads\/\/UIM-Molforts_05_fot_Dani-Canto-web-1200x675.jpg\" alt=\"\" class=\"wp-image-87701\" srcset=\"https:\/\/temporada-alta.com\/wp-content\/uploads\/UIM-Molforts_05_fot_Dani-Canto-web-1200x675.jpg 1200w, https:\/\/temporada-alta.com\/wp-content\/uploads\/UIM-Molforts_05_fot_Dani-Canto-web-630x354.jpg 630w, https:\/\/temporada-alta.com\/wp-content\/uploads\/UIM-Molforts_05_fot_Dani-Canto-web-768x432.jpg 768w, https:\/\/temporada-alta.com\/wp-content\/uploads\/UIM-Molforts_05_fot_Dani-Canto-web-1536x864.jpg 1536w, https:\/\/temporada-alta.com\/wp-content\/uploads\/UIM-Molforts_05_fot_Dani-Canto-web.jpg 1920w\" sizes=\"auto, (max-width: 1200px) 100vw, 1200px\" \/><\/figure>\n<\/div>\n<\/div>\n\n\n\n<h3 class=\"wp-block-heading\">About the director<\/h3>\n\n\n\n<p>Albert Serra (born in Banyoles in 1975) is a film director and producer. His first feature film was <em>Crespi\u00e0, the film not the village<\/em> (2003), which was not released commercially. <em>Honor de cavalleria<\/em> (2006), his second film, was featured at the 2006 Cannes International Film Festival and his wonderful reception made him a landmark in contemporary European author cinema. In 2008 he returned to Cannes to present <em>El cant dels ocells<\/em>, his third film. In 2012 she directed <em>Hist\u00f2ria de la meva mort<\/em>, a Spanish-French co-production in which he mixed the myth of Dracula with the figure of Casanova in the context of the transition from the 18th to the 19th century. It was this film that would earn him the Golden Leopard at the Locarno International Film Festival, a prize that made him jump into the world cinema as one of the most original directors. Four years later, in 2016, he presented <em>La mort de Louis XIV<\/em>, a success starring Jean-Pierre L\u00e9aud, who would make him the first director of Spain to win the Jean Vigo Prize. At first, the film was intended to be a museum facility, but due to various problems it was not. However, Serra resumed this idea in 2018 with <em>Roi Soleil<\/em>, a grotesque portrait of Louis XIV and his gradual decline until his death. A year later, in 2019, he returned to Cannes with <em>Libert\u00e9<\/em>, a play on libertinage in 18th-century France that won him the jury prize. In 2022, he directed his last film to date, <em>Pacifiction<\/em>. This is a satirical critique of today\u2019s nuclear crisis, with which he has won the Louis Delluc Award and has been chosen as the best film of the year by Cahiers Du Cin\u00e9ma magazine.<\/p>\n\n\n\n<figure class=\"wp-block-embed is-type-video is-provider-youtube wp-block-embed-youtube wp-embed-aspect-16-9 wp-has-aspect-ratio\"><div class=\"wp-block-embed__wrapper\">\n<iframe loading=\"lazy\" title=\"El curt de Temporada Alta 2023 - Albert Serra\" width=\"500\" height=\"281\" src=\"https:\/\/www.youtube.com\/embed\/J65urGjzTUg?feature=oembed\" frameborder=\"0\" allow=\"accelerometer; autoplay; clipboard-write; encrypted-media; gyroscope; picture-in-picture; web-share\" referrerpolicy=\"strict-origin-when-cross-origin\" allowfullscreen><\/iframe>\n<\/div><\/figure>\n\n\n\n<h3 class=\"wp-block-heading\"><strong>La Caverna, a new audiovisual projecte<\/strong><\/h3>\n\n\n\n<p>This year, we presented La Caverna, the new audiovisual project of the festival with the collaboration of Fundaci\u00f3 La Caixa. The proposal is a series of talks between great directors and creators of the European scene who have gone through the festival with self-elected personalities from the world of culture. Ang\u00e9lica Liddell, Romeo Castellucci, Christiane Jatahy, Declan Donnellan, Mar\u00eda Mu\u00f1oz (Mal Pelo) and Marcos Morau (La Veronal) are the guest artists of this first season that can be seen for free on the CaixaForum+ platform and in the festival\u2019s own channels.<\/p>\n\n\n\n<figure class=\"wp-block-embed is-type-video is-provider-youtube wp-block-embed-youtube wp-embed-aspect-16-9 wp-has-aspect-ratio\"><div class=\"wp-block-embed__wrapper\">\n<iframe loading=\"lazy\" title=\"Tr\u00e0iler de LA CAVERNA - Temporada 1\" width=\"500\" height=\"281\" src=\"https:\/\/www.youtube.com\/embed\/Sc2w3LGLmEs?feature=oembed\" frameborder=\"0\" allow=\"accelerometer; autoplay; clipboard-write; encrypted-media; gyroscope; picture-in-picture; web-share\" referrerpolicy=\"strict-origin-when-cross-origin\" allowfullscreen><\/iframe>\n<\/div><\/figure>\n\n\n\n<h3 class=\"wp-block-heading\"><strong>\u2018Aix\u00f2 no \u00e9s un c\u00e0sting\u2019, Temporada Alta\u2019s new podcast with Radio Primavera Sound<\/strong><\/h3>\n\n\n\n<p>After an early experience in the previous edition, in Temporada Alta 2023, we wanted to grow the initiative and create a new podcast with the collaboration of Radio Primavera Sound, which includes video recording of the episodes. The new podcast is called \u2018Aix\u00f2 no \u00e9s un c\u00e0sting\u2019 and is presented by Paula Carreras and Marc Tarrida Aribau. The first season has dealt with themes such as humor and theater, new companies, self-fiction, leaving the profession, adapting the classics or premature success, among many others.<\/p>\n<\/div>","protected":false},"excerpt":{"rendered":"<p>A festival to everybody We are making progress in our third decade of existence, with a edition featuring&#8230;<\/p>\n","protected":false},"author":35132,"featured_media":0,"parent":0,"menu_order":0,"comment_status":"closed","ping_status":"closed","template":"","meta":{"_acf_changed":false,"footnotes":""},"class_list":["post-98184","page","type-page","status-publish","hentry"],"acf":[],"yoast_head":"<!-- This site is optimized with the Yoast SEO plugin v27.0 - https:\/\/yoast.com\/product\/yoast-seo-wordpress\/ -->\n<title>2023 Edition - Temporada Alta<\/title>\n<meta name=\"robots\" content=\"index, follow, max-snippet:-1, max-image-preview:large, max-video-preview:-1\" \/>\n<link rel=\"canonical\" href=\"https:\/\/temporada-alta.com\/en\/2023-edition\/\" \/>\n<meta property=\"og:locale\" content=\"en_US\" \/>\n<meta property=\"og:type\" content=\"article\" \/>\n<meta property=\"og:title\" content=\"2023 Edition - Temporada Alta\" \/>\n<meta property=\"og:description\" content=\"A festival to everybody We are making progress in our third decade of existence, with a edition featuring...\" \/>\n<meta property=\"og:url\" content=\"https:\/\/temporada-alta.com\/en\/2023-edition\/\" \/>\n<meta property=\"og:site_name\" content=\"Temporada Alta\" \/>\n<meta property=\"article:modified_time\" content=\"2025-02-20T12:34:37+00:00\" \/>\n<meta property=\"og:image\" content=\"https:\/\/temporada-alta.com\/wp-content\/uploads\/DrivePloughBones-Bristol-we2-1.jpg\" \/>\n\t<meta property=\"og:image:width\" content=\"1920\" \/>\n\t<meta property=\"og:image:height\" content=\"1080\" \/>\n\t<meta property=\"og:image:type\" content=\"image\/jpeg\" \/>\n<meta name=\"twitter:card\" content=\"summary_large_image\" \/>\n<script type=\"application\/ld+json\" class=\"yoast-schema-graph\">{\"@context\":\"https:\/\/schema.org\",\"@graph\":[{\"@type\":\"WebPage\",\"@id\":\"https:\/\/temporada-alta.com\/en\/2023-edition\/\",\"url\":\"https:\/\/temporada-alta.com\/en\/2023-edition\/\",\"name\":\"2023 Edition - Temporada Alta\",\"isPartOf\":{\"@id\":\"https:\/\/temporada-alta.com\/en\/#website\"},\"primaryImageOfPage\":{\"@id\":\"https:\/\/temporada-alta.com\/en\/2023-edition\/#primaryimage\"},\"image\":{\"@id\":\"https:\/\/temporada-alta.com\/en\/2023-edition\/#primaryimage\"},\"thumbnailUrl\":\"https:\/\/temporada-alta.com\/wp-content\/uploads\/\/DrivePloughBones-Bristol-we2-1-1200x675.jpg\",\"datePublished\":\"2024-11-14T09:33:00+00:00\",\"dateModified\":\"2025-02-20T12:34:37+00:00\",\"breadcrumb\":{\"@id\":\"https:\/\/temporada-alta.com\/en\/2023-edition\/#breadcrumb\"},\"inLanguage\":\"en-US\",\"potentialAction\":[{\"@type\":\"ReadAction\",\"target\":[\"https:\/\/temporada-alta.com\/en\/2023-edition\/\"]}]},{\"@type\":\"ImageObject\",\"inLanguage\":\"en-US\",\"@id\":\"https:\/\/temporada-alta.com\/en\/2023-edition\/#primaryimage\",\"url\":\"https:\/\/temporada-alta.com\/wp-content\/uploads\/\/DrivePloughBones-Bristol-we2-1-1200x675.jpg\",\"contentUrl\":\"https:\/\/temporada-alta.com\/wp-content\/uploads\/\/DrivePloughBones-Bristol-we2-1-1200x675.jpg\"},{\"@type\":\"BreadcrumbList\",\"@id\":\"https:\/\/temporada-alta.com\/en\/2023-edition\/#breadcrumb\",\"itemListElement\":[{\"@type\":\"ListItem\",\"position\":1,\"name\":\"Inici\",\"item\":\"https:\/\/temporada-alta.com\/en\/\"},{\"@type\":\"ListItem\",\"position\":2,\"name\":\"2023 Edition\"}]},{\"@type\":\"WebSite\",\"@id\":\"https:\/\/temporada-alta.com\/en\/#website\",\"url\":\"https:\/\/temporada-alta.com\/en\/\",\"name\":\"Temporada Alta\",\"description\":\"Festival d&#039;Arts Esc\u00e8niques\",\"publisher\":{\"@id\":\"https:\/\/temporada-alta.com\/en\/#organization\"},\"potentialAction\":[{\"@type\":\"SearchAction\",\"target\":{\"@type\":\"EntryPoint\",\"urlTemplate\":\"https:\/\/temporada-alta.com\/en\/?s={search_term_string}\"},\"query-input\":{\"@type\":\"PropertyValueSpecification\",\"valueRequired\":true,\"valueName\":\"search_term_string\"}}],\"inLanguage\":\"en-US\"},{\"@type\":\"Organization\",\"@id\":\"https:\/\/temporada-alta.com\/en\/#organization\",\"name\":\"Temporada Alta\",\"url\":\"https:\/\/temporada-alta.com\/en\/\",\"logo\":{\"@type\":\"ImageObject\",\"inLanguage\":\"en-US\",\"@id\":\"https:\/\/temporada-alta.com\/en\/#\/schema\/logo\/image\/\",\"url\":\"https:\/\/temporada-alta.com\/wp-content\/uploads\/TA21-Logotip-pos.png\",\"contentUrl\":\"https:\/\/temporada-alta.com\/wp-content\/uploads\/TA21-Logotip-pos.png\",\"width\":800,\"height\":267,\"caption\":\"Temporada Alta\"},\"image\":{\"@id\":\"https:\/\/temporada-alta.com\/en\/#\/schema\/logo\/image\/\"}}]}<\/script>\n<!-- \/ Yoast SEO plugin. -->","yoast_head_json":{"title":"2023 Edition - Temporada Alta","robots":{"index":"index","follow":"follow","max-snippet":"max-snippet:-1","max-image-preview":"max-image-preview:large","max-video-preview":"max-video-preview:-1"},"canonical":"https:\/\/temporada-alta.com\/en\/2023-edition\/","og_locale":"en_US","og_type":"article","og_title":"2023 Edition - Temporada Alta","og_description":"A festival to everybody We are making progress in our third decade of existence, with a edition featuring...","og_url":"https:\/\/temporada-alta.com\/en\/2023-edition\/","og_site_name":"Temporada Alta","article_modified_time":"2025-02-20T12:34:37+00:00","og_image":[{"width":1920,"height":1080,"url":"https:\/\/temporada-alta.com\/wp-content\/uploads\/DrivePloughBones-Bristol-we2-1.jpg","type":"image\/jpeg"}],"twitter_card":"summary_large_image","schema":{"@context":"https:\/\/schema.org","@graph":[{"@type":"WebPage","@id":"https:\/\/temporada-alta.com\/en\/2023-edition\/","url":"https:\/\/temporada-alta.com\/en\/2023-edition\/","name":"2023 Edition - Temporada Alta","isPartOf":{"@id":"https:\/\/temporada-alta.com\/en\/#website"},"primaryImageOfPage":{"@id":"https:\/\/temporada-alta.com\/en\/2023-edition\/#primaryimage"},"image":{"@id":"https:\/\/temporada-alta.com\/en\/2023-edition\/#primaryimage"},"thumbnailUrl":"https:\/\/temporada-alta.com\/wp-content\/uploads\/\/DrivePloughBones-Bristol-we2-1-1200x675.jpg","datePublished":"2024-11-14T09:33:00+00:00","dateModified":"2025-02-20T12:34:37+00:00","breadcrumb":{"@id":"https:\/\/temporada-alta.com\/en\/2023-edition\/#breadcrumb"},"inLanguage":"en-US","potentialAction":[{"@type":"ReadAction","target":["https:\/\/temporada-alta.com\/en\/2023-edition\/"]}]},{"@type":"ImageObject","inLanguage":"en-US","@id":"https:\/\/temporada-alta.com\/en\/2023-edition\/#primaryimage","url":"https:\/\/temporada-alta.com\/wp-content\/uploads\/\/DrivePloughBones-Bristol-we2-1-1200x675.jpg","contentUrl":"https:\/\/temporada-alta.com\/wp-content\/uploads\/\/DrivePloughBones-Bristol-we2-1-1200x675.jpg"},{"@type":"BreadcrumbList","@id":"https:\/\/temporada-alta.com\/en\/2023-edition\/#breadcrumb","itemListElement":[{"@type":"ListItem","position":1,"name":"Inici","item":"https:\/\/temporada-alta.com\/en\/"},{"@type":"ListItem","position":2,"name":"2023 Edition"}]},{"@type":"WebSite","@id":"https:\/\/temporada-alta.com\/en\/#website","url":"https:\/\/temporada-alta.com\/en\/","name":"Temporada Alta","description":"Festival d&#039;Arts Esc\u00e8niques","publisher":{"@id":"https:\/\/temporada-alta.com\/en\/#organization"},"potentialAction":[{"@type":"SearchAction","target":{"@type":"EntryPoint","urlTemplate":"https:\/\/temporada-alta.com\/en\/?s={search_term_string}"},"query-input":{"@type":"PropertyValueSpecification","valueRequired":true,"valueName":"search_term_string"}}],"inLanguage":"en-US"},{"@type":"Organization","@id":"https:\/\/temporada-alta.com\/en\/#organization","name":"Temporada Alta","url":"https:\/\/temporada-alta.com\/en\/","logo":{"@type":"ImageObject","inLanguage":"en-US","@id":"https:\/\/temporada-alta.com\/en\/#\/schema\/logo\/image\/","url":"https:\/\/temporada-alta.com\/wp-content\/uploads\/TA21-Logotip-pos.png","contentUrl":"https:\/\/temporada-alta.com\/wp-content\/uploads\/TA21-Logotip-pos.png","width":800,"height":267,"caption":"Temporada Alta"},"image":{"@id":"https:\/\/temporada-alta.com\/en\/#\/schema\/logo\/image\/"}}]}},"_links":{"self":[{"href":"https:\/\/temporada-alta.com\/en\/wp-json\/wp\/v2\/pages\/98184","targetHints":{"allow":["GET"]}}],"collection":[{"href":"https:\/\/temporada-alta.com\/en\/wp-json\/wp\/v2\/pages"}],"about":[{"href":"https:\/\/temporada-alta.com\/en\/wp-json\/wp\/v2\/types\/page"}],"author":[{"embeddable":true,"href":"https:\/\/temporada-alta.com\/en\/wp-json\/wp\/v2\/users\/35132"}],"replies":[{"embeddable":true,"href":"https:\/\/temporada-alta.com\/en\/wp-json\/wp\/v2\/comments?post=98184"}],"version-history":[{"count":2,"href":"https:\/\/temporada-alta.com\/en\/wp-json\/wp\/v2\/pages\/98184\/revisions"}],"predecessor-version":[{"id":98189,"href":"https:\/\/temporada-alta.com\/en\/wp-json\/wp\/v2\/pages\/98184\/revisions\/98189"}],"wp:attachment":[{"href":"https:\/\/temporada-alta.com\/en\/wp-json\/wp\/v2\/media?parent=98184"}],"curies":[{"name":"wp","href":"https:\/\/api.w.org\/{rel}","templated":true}]}}